{"id":8441,"date":"2023-10-25T12:29:11","date_gmt":"2023-10-25T09:29:11","guid":{"rendered":"https:\/\/kulturhusetkarelia.nfsite.com\/?post_type=ajde_events&#038;p=8441"},"modified":"2023-10-25T12:29:16","modified_gmt":"2023-10-25T09:29:16","slug":"ar-livet-ett-skamt-en-liten-stand-up-forestallning-med-marta-westerlund","status":"publish","type":"ajde_events","link":"https:\/\/kulturhusetkarelia.fi\/fi\/evenemang\/ar-livet-ett-skamt-en-liten-stand-up-forestallning-med-marta-westerlund\/","title":{"rendered":"\u00c4r livet ett sk\u00e4mt? &#8211; En liten stand up f\u00f6rest\u00e4llning med M\u00e4rta Westerlund"},"content":{"rendered":"<p>V\u00e4lkommen p\u00e5 stand up f\u00f6rest\u00e4llning till Kulturhuset Karelia i Eken\u00e4s! M\u00e4rta Westerlund gjorde sin stand up debut f\u00f6r n\u00e5gra \u00e5r sedan och har sedan dess varit en av grundpelarna p\u00e5 Top floor Comedy tillsammans med Janne Gr\u00f6nroos.<\/p>\n\n\n\n<p>Den h\u00e4r h\u00f6sten har M\u00e4rta jobbat med att samla material om sitt eget liv, vem hon \u00e4r och varf\u00f6r hon har blivit som hon blivit. Det h\u00e4r vill du inte missa. F\u00f6r att kv\u00e4llen inte ska bli 20 minuter l\u00e5ng har M\u00e4rta bjudit med sina v\u00e4nner och stand up kollegor Janne Gr\u00f6nroos och David Fagerudd.<\/p>\n\n\n\n<p>Lipunmyynti on auki tunti ennen tapahtumaa. Lippuja voi ostaa osoitteesta netticket.fi, sek\u00e4 Motel Marinesta ja Luckan Raseborgilta.<\/p>","protected":false},"author":4,"featured_media":8442,"menu_order":0,"comment_status":"closed","ping_status":"closed","template":"","meta":{"_themeisle_gutenberg_block_has_review":false},"tags":[],"event_type":[],"event_type_2":[],"class_list":["post-8441","ajde_events","type-ajde_events","status-publish","has-post-thumbnail","hentry","event_location-kulturhuset-karelia","entry"],"yoast_head":"<!-- This site is optimized with the Yoast SEO plugin v24.9 - https:\/\/yoast.com\/wordpress\/plugins\/seo\/ -->\n<title>\u00c4r livet ett sk\u00e4mt? - En liten stand up f\u00f6rest\u00e4llning med M\u00e4rta Westerlund - Kulturhuset Karelia<\/title>\n<meta name=\"robots\" content=\"index, follow, max-snippet:-1, max-image-preview:large, max-video-preview:-1\" \/>\n<link rel=\"canonical\" href=\"https:\/\/kulturhusetkarelia.fi\/fi\/evenemang\/ar-livet-ett-skamt-en-liten-stand-up-forestallning-med-marta-westerlund\/\" \/>\n<meta property=\"og:locale\" content=\"fi_FI\" \/>\n<meta property=\"og:type\" content=\"article\" \/>\n<meta property=\"og:title\" content=\"\u00c4r livet ett sk\u00e4mt? - En liten stand up f\u00f6rest\u00e4llning med M\u00e4rta Westerlund - Kulturhuset Karelia\" \/>\n<meta property=\"og:description\" content=\"V\u00e4lkommen p\u00e5 stand up f\u00f6rest\u00e4llning till Kulturhuset Karelia i Eken\u00e4s! M\u00e4rta Westerlund gjorde sin stand up debut f\u00f6r n\u00e5gra \u00e5r sedan och har sedan dess varit en av grundpelarna p\u00e5 Top floor Comedy tillsammans med Janne Gr\u00f6nroos. Den h\u00e4r h\u00f6sten har M\u00e4rta jobbat med att samla material om sitt eget liv, vem hon \u00e4r och&hellip; Jatka lukemista \u00c4r livet ett sk\u00e4mt? &#8211; En liten stand up f\u00f6rest\u00e4llning med M\u00e4rta Westerlund\" \/>\n<meta property=\"og:url\" content=\"https:\/\/kulturhusetkarelia.fi\/fi\/evenemang\/ar-livet-ett-skamt-en-liten-stand-up-forestallning-med-marta-westerlund\/\" \/>\n<meta property=\"og:site_name\" content=\"Kulturhuset Karelia\" \/>\n<meta property=\"article:publisher\" content=\"https:\/\/www.facebook.com\/kulturhusetkarelia\/\" \/>\n<meta property=\"article:modified_time\" content=\"2023-10-25T09:29:16+00:00\" \/>\n<meta property=\"og:image\" content=\"https:\/\/kulturhusetkarelia.fi\/wp-content\/uploads\/2023\/10\/marta_netTicket_1200x800-jpg.webp\" \/>\n\t<meta property=\"og:image:width\" content=\"1200\" \/>\n\t<meta property=\"og:image:height\" content=\"800\" \/>\n\t<meta property=\"og:image:type\" content=\"image\/jpeg\" \/>\n<meta name=\"twitter:card\" content=\"summary_large_image\" \/>\n<meta name=\"twitter:label1\" content=\"Arvioitu lukuaika\" \/>\n\t<meta name=\"twitter:data1\" content=\"1 minuutti\" \/>\n<script type=\"application\/ld+json\" class=\"yoast-schema-graph\">{\"@context\":\"https:\/\/schema.org\",\"@graph\":[{\"@type\":\"WebPage\",\"@id\":\"https:\/\/kulturhusetkarelia.fi\/evenemang\/ar-livet-ett-skamt-en-liten-stand-up-forestallning-med-marta-westerlund\/\",\"url\":\"https:\/\/kulturhusetkarelia.fi\/evenemang\/ar-livet-ett-skamt-en-liten-stand-up-forestallning-med-marta-westerlund\/\",\"name\":\"\u00c4r livet ett sk\u00e4mt? - En liten stand up f\u00f6rest\u00e4llning med M\u00e4rta Westerlund - Kulturhuset Karelia\",\"isPartOf\":{\"@id\":\"https:\/\/kulturhusetkarelia.fi\/#website\"},\"primaryImageOfPage\":{\"@id\":\"https:\/\/kulturhusetkarelia.fi\/evenemang\/ar-livet-ett-skamt-en-liten-stand-up-forestallning-med-marta-westerlund\/#primaryimage\"},\"image\":{\"@id\":\"https:\/\/kulturhusetkarelia.fi\/evenemang\/ar-livet-ett-skamt-en-liten-stand-up-forestallning-med-marta-westerlund\/#primaryimage\"},\"thumbnailUrl\":\"https:\/\/kulturhusetkarelia.fi\/wp-content\/uploads\/2023\/10\/marta_netTicket_1200x800-jpg.webp\",\"datePublished\":\"2023-10-25T09:29:11+00:00\",\"dateModified\":\"2023-10-25T09:29:16+00:00\",\"breadcrumb\":{\"@id\":\"https:\/\/kulturhusetkarelia.fi\/evenemang\/ar-livet-ett-skamt-en-liten-stand-up-forestallning-med-marta-westerlund\/#breadcrumb\"},\"inLanguage\":\"fi\",\"potentialAction\":[{\"@type\":\"ReadAction\",\"target\":[\"https:\/\/kulturhusetkarelia.fi\/evenemang\/ar-livet-ett-skamt-en-liten-stand-up-forestallning-med-marta-westerlund\/\"]}]},{\"@type\":\"ImageObject\",\"inLanguage\":\"fi\",\"@id\":\"https:\/\/kulturhusetkarelia.fi\/evenemang\/ar-livet-ett-skamt-en-liten-stand-up-forestallning-med-marta-westerlund\/#primaryimage\",\"url\":\"https:\/\/kulturhusetkarelia.fi\/wp-content\/uploads\/2023\/10\/marta_netTicket_1200x800-jpg.webp\",\"contentUrl\":\"https:\/\/kulturhusetkarelia.fi\/wp-content\/uploads\/2023\/10\/marta_netTicket_1200x800-jpg.webp\",\"width\":1200,\"height\":800},{\"@type\":\"BreadcrumbList\",\"@id\":\"https:\/\/kulturhusetkarelia.fi\/evenemang\/ar-livet-ett-skamt-en-liten-stand-up-forestallning-med-marta-westerlund\/#breadcrumb\",\"itemListElement\":[{\"@type\":\"ListItem\",\"position\":1,\"name\":\"Home\",\"item\":\"https:\/\/kulturhusetkarelia.fi\/\"},{\"@type\":\"ListItem\",\"position\":2,\"name\":\"Events\",\"item\":\"https:\/\/kulturhusetkarelia.fi\/evenemang\/\"},{\"@type\":\"ListItem\",\"position\":3,\"name\":\"\u00c4r livet ett sk\u00e4mt? &#8211; En liten stand up f\u00f6rest\u00e4llning med M\u00e4rta Westerlund\"}]},{\"@type\":\"WebSite\",\"@id\":\"https:\/\/kulturhusetkarelia.fi\/#website\",\"url\":\"https:\/\/kulturhusetkarelia.fi\/\",\"name\":\"Kulturhuset Karelia\",\"description\":\"\",\"publisher\":{\"@id\":\"https:\/\/kulturhusetkarelia.fi\/#organization\"},\"potentialAction\":[{\"@type\":\"SearchAction\",\"target\":{\"@type\":\"EntryPoint\",\"urlTemplate\":\"https:\/\/kulturhusetkarelia.fi\/?s={search_term_string}\"},\"query-input\":{\"@type\":\"PropertyValueSpecification\",\"valueRequired\":true,\"valueName\":\"search_term_string\"}}],\"inLanguage\":\"fi\"},{\"@type\":\"Organization\",\"@id\":\"https:\/\/kulturhusetkarelia.fi\/#organization\",\"name\":\"Kulturhuset Karelia\",\"url\":\"https:\/\/kulturhusetkarelia.fi\/\",\"logo\":{\"@type\":\"ImageObject\",\"inLanguage\":\"fi\",\"@id\":\"https:\/\/kulturhusetkarelia.fi\/#\/schema\/logo\/image\/\",\"url\":\"https:\/\/kulturhusetkarelia.fi\/wp-content\/uploads\/2023\/01\/Stor-logo-rod.svg\",\"contentUrl\":\"https:\/\/kulturhusetkarelia.fi\/wp-content\/uploads\/2023\/01\/Stor-logo-rod.svg\",\"width\":1,\"height\":1,\"caption\":\"Kulturhuset Karelia\"},\"image\":{\"@id\":\"https:\/\/kulturhusetkarelia.fi\/#\/schema\/logo\/image\/\"},\"sameAs\":[\"https:\/\/www.facebook.com\/kulturhusetkarelia\/\",\"https:\/\/www.instagram.com\/kulturhusetkarelia\/\"]}]}<\/script>\n<!-- \/ Yoast SEO plugin. -->","yoast_head_json":{"title":"\u00c4r livet ett sk\u00e4mt? - En liten stand up f\u00f6rest\u00e4llning med M\u00e4rta Westerlund - Kulturhuset Karelia","robots":{"index":"index","follow":"follow","max-snippet":"max-snippet:-1","max-image-preview":"max-image-preview:large","max-video-preview":"max-video-preview:-1"},"canonical":"https:\/\/kulturhusetkarelia.fi\/fi\/evenemang\/ar-livet-ett-skamt-en-liten-stand-up-forestallning-med-marta-westerlund\/","og_locale":"fi_FI","og_type":"article","og_title":"\u00c4r livet ett sk\u00e4mt? - En liten stand up f\u00f6rest\u00e4llning med M\u00e4rta Westerlund - Kulturhuset Karelia","og_description":"V\u00e4lkommen p\u00e5 stand up f\u00f6rest\u00e4llning till Kulturhuset Karelia i Eken\u00e4s! M\u00e4rta Westerlund gjorde sin stand up debut f\u00f6r n\u00e5gra \u00e5r sedan och har sedan dess varit en av grundpelarna p\u00e5 Top floor Comedy tillsammans med Janne Gr\u00f6nroos. Den h\u00e4r h\u00f6sten har M\u00e4rta jobbat med att samla material om sitt eget liv, vem hon \u00e4r och&hellip; Jatka lukemista \u00c4r livet ett sk\u00e4mt? &#8211; En liten stand up f\u00f6rest\u00e4llning med M\u00e4rta Westerlund","og_url":"https:\/\/kulturhusetkarelia.fi\/fi\/evenemang\/ar-livet-ett-skamt-en-liten-stand-up-forestallning-med-marta-westerlund\/","og_site_name":"Kulturhuset Karelia","article_publisher":"https:\/\/www.facebook.com\/kulturhusetkarelia\/","article_modified_time":"2023-10-25T09:29:16+00:00","og_image":[{"width":1200,"height":800,"url":"https:\/\/kulturhusetkarelia.fi\/wp-content\/uploads\/2023\/10\/marta_netTicket_1200x800-jpg.webp","type":"image\/jpeg"}],"twitter_card":"summary_large_image","twitter_misc":{"Arvioitu lukuaika":"1 minuutti"},"schema":{"@context":"https:\/\/schema.org","@graph":[{"@type":"WebPage","@id":"https:\/\/kulturhusetkarelia.fi\/evenemang\/ar-livet-ett-skamt-en-liten-stand-up-forestallning-med-marta-westerlund\/","url":"https:\/\/kulturhusetkarelia.fi\/evenemang\/ar-livet-ett-skamt-en-liten-stand-up-forestallning-med-marta-westerlund\/","name":"\u00c4r livet ett sk\u00e4mt? - En liten stand up f\u00f6rest\u00e4llning med M\u00e4rta Westerlund - Kulturhuset Karelia","isPartOf":{"@id":"https:\/\/kulturhusetkarelia.fi\/#website"},"primaryImageOfPage":{"@id":"https:\/\/kulturhusetkarelia.fi\/evenemang\/ar-livet-ett-skamt-en-liten-stand-up-forestallning-med-marta-westerlund\/#primaryimage"},"image":{"@id":"https:\/\/kulturhusetkarelia.fi\/evenemang\/ar-livet-ett-skamt-en-liten-stand-up-forestallning-med-marta-westerlund\/#primaryimage"},"thumbnailUrl":"https:\/\/kulturhusetkarelia.fi\/wp-content\/uploads\/2023\/10\/marta_netTicket_1200x800-jpg.webp","datePublished":"2023-10-25T09:29:11+00:00","dateModified":"2023-10-25T09:29:16+00:00","breadcrumb":{"@id":"https:\/\/kulturhusetkarelia.fi\/evenemang\/ar-livet-ett-skamt-en-liten-stand-up-forestallning-med-marta-westerlund\/#breadcrumb"},"inLanguage":"fi","potentialAction":[{"@type":"ReadAction","target":["https:\/\/kulturhusetkarelia.fi\/evenemang\/ar-livet-ett-skamt-en-liten-stand-up-forestallning-med-marta-westerlund\/"]}]},{"@type":"ImageObject","inLanguage":"fi","@id":"https:\/\/kulturhusetkarelia.fi\/evenemang\/ar-livet-ett-skamt-en-liten-stand-up-forestallning-med-marta-westerlund\/#primaryimage","url":"https:\/\/kulturhusetkarelia.fi\/wp-content\/uploads\/2023\/10\/marta_netTicket_1200x800-jpg.webp","contentUrl":"https:\/\/kulturhusetkarelia.fi\/wp-content\/uploads\/2023\/10\/marta_netTicket_1200x800-jpg.webp","width":1200,"height":800},{"@type":"BreadcrumbList","@id":"https:\/\/kulturhusetkarelia.fi\/evenemang\/ar-livet-ett-skamt-en-liten-stand-up-forestallning-med-marta-westerlund\/#breadcrumb","itemListElement":[{"@type":"ListItem","position":1,"name":"Home","item":"https:\/\/kulturhusetkarelia.fi\/"},{"@type":"ListItem","position":2,"name":"Events","item":"https:\/\/kulturhusetkarelia.fi\/evenemang\/"},{"@type":"ListItem","position":3,"name":"\u00c4r livet ett sk\u00e4mt? &#8211; En liten stand up f\u00f6rest\u00e4llning med M\u00e4rta Westerlund"}]},{"@type":"WebSite","@id":"https:\/\/kulturhusetkarelia.fi\/#website","url":"https:\/\/kulturhusetkarelia.fi\/","name":"Kulturhuset Karelia","description":"","publisher":{"@id":"https:\/\/kulturhusetkarelia.fi\/#organization"},"potentialAction":[{"@type":"SearchAction","target":{"@type":"EntryPoint","urlTemplate":"https:\/\/kulturhusetkarelia.fi\/?s={search_term_string}"},"query-input":{"@type":"PropertyValueSpecification","valueRequired":true,"valueName":"search_term_string"}}],"inLanguage":"fi"},{"@type":"Organization","@id":"https:\/\/kulturhusetkarelia.fi\/#organization","name":"Kulturhuset Karelia","url":"https:\/\/kulturhusetkarelia.fi\/","logo":{"@type":"ImageObject","inLanguage":"fi","@id":"https:\/\/kulturhusetkarelia.fi\/#\/schema\/logo\/image\/","url":"https:\/\/kulturhusetkarelia.fi\/wp-content\/uploads\/2023\/01\/Stor-logo-rod.svg","contentUrl":"https:\/\/kulturhusetkarelia.fi\/wp-content\/uploads\/2023\/01\/Stor-logo-rod.svg","width":1,"height":1,"caption":"Kulturhuset Karelia"},"image":{"@id":"https:\/\/kulturhusetkarelia.fi\/#\/schema\/logo\/image\/"},"sameAs":["https:\/\/www.facebook.com\/kulturhusetkarelia\/","https:\/\/www.instagram.com\/kulturhusetkarelia\/"]}]}},"jetpack_sharing_enabled":true,"_links":{"self":[{"href":"https:\/\/kulturhusetkarelia.fi\/fi\/wp-json\/wp\/v2\/ajde_events\/8441","targetHints":{"allow":["GET"]}}],"collection":[{"href":"https:\/\/kulturhusetkarelia.fi\/fi\/wp-json\/wp\/v2\/ajde_events"}],"about":[{"href":"https:\/\/kulturhusetkarelia.fi\/fi\/wp-json\/wp\/v2\/types\/ajde_events"}],"author":[{"embeddable":true,"href":"https:\/\/kulturhusetkarelia.fi\/fi\/wp-json\/wp\/v2\/users\/4"}],"replies":[{"embeddable":true,"href":"https:\/\/kulturhusetkarelia.fi\/fi\/wp-json\/wp\/v2\/comments?post=8441"}],"wp:featuredmedia":[{"embeddable":true,"href":"https:\/\/kulturhusetkarelia.fi\/fi\/wp-json\/wp\/v2\/media\/8442"}],"wp:attachment":[{"href":"https:\/\/kulturhusetkarelia.fi\/fi\/wp-json\/wp\/v2\/media?parent=8441"}],"wp:term":[{"taxonomy":"post_tag","embeddable":true,"href":"https:\/\/kulturhusetkarelia.fi\/fi\/wp-json\/wp\/v2\/tags?post=8441"},{"taxonomy":"event_type","embeddable":true,"href":"https:\/\/kulturhusetkarelia.fi\/fi\/wp-json\/wp\/v2\/event_type?post=8441"},{"taxonomy":"event_type_2","embeddable":true,"href":"https:\/\/kulturhusetkarelia.fi\/fi\/wp-json\/wp\/v2\/event_type_2?post=8441"}],"curies":[{"name":"wp","href":"https:\/\/api.w.org\/{rel}","templated":true}]}}