{"id":8114,"date":"2023-10-18T13:22:51","date_gmt":"2023-10-18T10:22:51","guid":{"rendered":""},"modified":"2023-10-18T13:23:21","modified_gmt":"2023-10-18T10:23:21","slug":"tva-ganger-till-med-uffe-enberg-och-vanner","status":"publish","type":"ajde_events","link":"https:\/\/kulturhusetkarelia.fi\/fi\/evenemang\/tva-ganger-till-med-uffe-enberg-och-vanner\/","title":{"rendered":"Tv\u00e5 g\u00e5nger till med Uffe Enberg och v\u00e4nner"},"content":{"rendered":"<p>28.10 kl. 19 | Kulturhuset Karelia<br>29.10 kl. 15 | Kulturhuset Karelia<br><br>Gitarren och Uffe har varit oskiljaktliga allt sedan han b\u00f6rjade karri\u00e4ren med att sjunga visor d\u00e5 han var 10 \u00e5r gammal. Och under de \u00e5r som g\u00e5tt har har hunnit medverka i ett otal v\u00e4stnyl\u00e4ndska band. Han har spelat det mesta fr\u00e5n punk till country och som en musikalisk kameleont har han alltid lyckats sm\u00e4lta in i de olika grupperna.<br><br>\u00c5r 1980 blev han medlem i Paul Oxley\u00b4s Unit och den resan gav honom b\u00e5de en guld- och diamantskiva och m\u00e5nga och l\u00e5nga turn\u00e9er i v\u00e5rt avl\u00e5nga land.<br>Under \u00e5ren har han samlat p\u00e5 sig en massa h\u00e4rliga historier fr\u00e5n musik\u00e5ren och under rubriken En till kv\u00e4ll med Uffe Enberg kommer han att bjuda p\u00e5 anekdoter fr\u00e5n sin musikaliska resa.<br><br>P\u00e5 scenen kommer det ocks\u00e5 att finnas v\u00e4nner som han har spelat med under \u00e5ren och det blir l\u00e5tar som betytt n\u00e5got f\u00f6r honom.<br>Det blir en kv\u00e4ll som liknar Uffe. Musikaliska p\u00e4rlor och h\u00e4rliga minnen fr\u00e5n livet som musiker i \u00f6ver 50 \u00e5r.<\/p>","protected":false},"author":4,"featured_media":8112,"menu_order":0,"comment_status":"closed","ping_status":"closed","template":"","meta":{"_themeisle_gutenberg_block_has_review":false},"tags":[],"event_type":[],"event_type_2":[],"class_list":["post-8114","ajde_events","type-ajde_events","status-publish","has-post-thumbnail","hentry","event_location-kulturhuset-karelia","event_organizer-kulturhuset-karelia","entry"],"yoast_head":"<!-- This site is optimized with the Yoast SEO plugin v24.9 - https:\/\/yoast.com\/wordpress\/plugins\/seo\/ -->\n<title>Tv\u00e5 g\u00e5nger till med Uffe Enberg och v\u00e4nner - Kulturhuset Karelia<\/title>\n<meta name=\"robots\" content=\"index, follow, max-snippet:-1, max-image-preview:large, max-video-preview:-1\" \/>\n<link rel=\"canonical\" href=\"https:\/\/kulturhusetkarelia.fi\/fi\/evenemang\/tva-ganger-till-med-uffe-enberg-och-vanner\/\" \/>\n<meta property=\"og:locale\" content=\"fi_FI\" \/>\n<meta property=\"og:type\" content=\"article\" \/>\n<meta property=\"og:title\" content=\"Tv\u00e5 g\u00e5nger till med Uffe Enberg och v\u00e4nner - Kulturhuset Karelia\" \/>\n<meta property=\"og:description\" content=\"28.10 kl. 19 | Kulturhuset Karelia29.10 kl. 15 | Kulturhuset Karelia Gitarren och Uffe har varit oskiljaktliga allt sedan han b\u00f6rjade karri\u00e4ren med att sjunga visor d\u00e5 han var 10 \u00e5r gammal. Och under de \u00e5r som g\u00e5tt har har hunnit medverka i ett otal v\u00e4stnyl\u00e4ndska band. Han har spelat det mesta fr\u00e5n punk till&hellip; Jatka lukemista Tv\u00e5 g\u00e5nger till med Uffe Enberg och v\u00e4nner\" \/>\n<meta property=\"og:url\" content=\"https:\/\/kulturhusetkarelia.fi\/fi\/evenemang\/tva-ganger-till-med-uffe-enberg-och-vanner\/\" \/>\n<meta property=\"og:site_name\" content=\"Kulturhuset Karelia\" \/>\n<meta property=\"article:publisher\" content=\"https:\/\/www.facebook.com\/kulturhusetkarelia\/\" \/>\n<meta property=\"article:modified_time\" content=\"2023-10-18T10:23:21+00:00\" \/>\n<meta property=\"og:image\" content=\"https:\/\/kulturhusetkarelia.fi\/wp-content\/uploads\/2023\/09\/uffe2ny-1024x836.png\" \/>\n\t<meta property=\"og:image:width\" content=\"1024\" \/>\n\t<meta property=\"og:image:height\" content=\"836\" \/>\n\t<meta property=\"og:image:type\" content=\"image\/png\" \/>\n<meta name=\"twitter:card\" content=\"summary_large_image\" \/>\n<meta name=\"twitter:label1\" content=\"Arvioitu lukuaika\" \/>\n\t<meta name=\"twitter:data1\" content=\"1 minuutti\" \/>\n<script type=\"application\/ld+json\" class=\"yoast-schema-graph\">{\"@context\":\"https:\/\/schema.org\",\"@graph\":[{\"@type\":\"WebPage\",\"@id\":\"https:\/\/kulturhusetkarelia.fi\/evenemang\/tva-ganger-till-med-uffe-enberg-och-vanner\/\",\"url\":\"https:\/\/kulturhusetkarelia.fi\/evenemang\/tva-ganger-till-med-uffe-enberg-och-vanner\/\",\"name\":\"Tv\u00e5 g\u00e5nger till med Uffe Enberg och v\u00e4nner - Kulturhuset Karelia\",\"isPartOf\":{\"@id\":\"https:\/\/kulturhusetkarelia.fi\/#website\"},\"primaryImageOfPage\":{\"@id\":\"https:\/\/kulturhusetkarelia.fi\/evenemang\/tva-ganger-till-med-uffe-enberg-och-vanner\/#primaryimage\"},\"image\":{\"@id\":\"https:\/\/kulturhusetkarelia.fi\/evenemang\/tva-ganger-till-med-uffe-enberg-och-vanner\/#primaryimage\"},\"thumbnailUrl\":\"https:\/\/kulturhusetkarelia.fi\/wp-content\/uploads\/2023\/09\/uffe2ny.png\",\"datePublished\":\"2023-10-18T10:22:51+00:00\",\"dateModified\":\"2023-10-18T10:23:21+00:00\",\"breadcrumb\":{\"@id\":\"https:\/\/kulturhusetkarelia.fi\/evenemang\/tva-ganger-till-med-uffe-enberg-och-vanner\/#breadcrumb\"},\"inLanguage\":\"fi\",\"potentialAction\":[{\"@type\":\"ReadAction\",\"target\":[\"https:\/\/kulturhusetkarelia.fi\/evenemang\/tva-ganger-till-med-uffe-enberg-och-vanner\/\"]}]},{\"@type\":\"ImageObject\",\"inLanguage\":\"fi\",\"@id\":\"https:\/\/kulturhusetkarelia.fi\/evenemang\/tva-ganger-till-med-uffe-enberg-och-vanner\/#primaryimage\",\"url\":\"https:\/\/kulturhusetkarelia.fi\/wp-content\/uploads\/2023\/09\/uffe2ny.png\",\"contentUrl\":\"https:\/\/kulturhusetkarelia.fi\/wp-content\/uploads\/2023\/09\/uffe2ny.png\",\"width\":4322,\"height\":3528},{\"@type\":\"BreadcrumbList\",\"@id\":\"https:\/\/kulturhusetkarelia.fi\/evenemang\/tva-ganger-till-med-uffe-enberg-och-vanner\/#breadcrumb\",\"itemListElement\":[{\"@type\":\"ListItem\",\"position\":1,\"name\":\"Home\",\"item\":\"https:\/\/kulturhusetkarelia.fi\/\"},{\"@type\":\"ListItem\",\"position\":2,\"name\":\"Events\",\"item\":\"https:\/\/kulturhusetkarelia.fi\/evenemang\/\"},{\"@type\":\"ListItem\",\"position\":3,\"name\":\"Tv\u00e5 g\u00e5nger till med Uffe Enberg och v\u00e4nner\"}]},{\"@type\":\"WebSite\",\"@id\":\"https:\/\/kulturhusetkarelia.fi\/#website\",\"url\":\"https:\/\/kulturhusetkarelia.fi\/\",\"name\":\"Kulturhuset Karelia\",\"description\":\"\",\"publisher\":{\"@id\":\"https:\/\/kulturhusetkarelia.fi\/#organization\"},\"potentialAction\":[{\"@type\":\"SearchAction\",\"target\":{\"@type\":\"EntryPoint\",\"urlTemplate\":\"https:\/\/kulturhusetkarelia.fi\/?s={search_term_string}\"},\"query-input\":{\"@type\":\"PropertyValueSpecification\",\"valueRequired\":true,\"valueName\":\"search_term_string\"}}],\"inLanguage\":\"fi\"},{\"@type\":\"Organization\",\"@id\":\"https:\/\/kulturhusetkarelia.fi\/#organization\",\"name\":\"Kulturhuset Karelia\",\"url\":\"https:\/\/kulturhusetkarelia.fi\/\",\"logo\":{\"@type\":\"ImageObject\",\"inLanguage\":\"fi\",\"@id\":\"https:\/\/kulturhusetkarelia.fi\/#\/schema\/logo\/image\/\",\"url\":\"https:\/\/kulturhusetkarelia.fi\/wp-content\/uploads\/2023\/01\/Stor-logo-rod.svg\",\"contentUrl\":\"https:\/\/kulturhusetkarelia.fi\/wp-content\/uploads\/2023\/01\/Stor-logo-rod.svg\",\"width\":1,\"height\":1,\"caption\":\"Kulturhuset Karelia\"},\"image\":{\"@id\":\"https:\/\/kulturhusetkarelia.fi\/#\/schema\/logo\/image\/\"},\"sameAs\":[\"https:\/\/www.facebook.com\/kulturhusetkarelia\/\",\"https:\/\/www.instagram.com\/kulturhusetkarelia\/\"]}]}<\/script>\n<!-- \/ Yoast SEO plugin. -->","yoast_head_json":{"title":"Tv\u00e5 g\u00e5nger till med Uffe Enberg och v\u00e4nner - Kulturhuset Karelia","robots":{"index":"index","follow":"follow","max-snippet":"max-snippet:-1","max-image-preview":"max-image-preview:large","max-video-preview":"max-video-preview:-1"},"canonical":"https:\/\/kulturhusetkarelia.fi\/fi\/evenemang\/tva-ganger-till-med-uffe-enberg-och-vanner\/","og_locale":"fi_FI","og_type":"article","og_title":"Tv\u00e5 g\u00e5nger till med Uffe Enberg och v\u00e4nner - Kulturhuset Karelia","og_description":"28.10 kl. 19 | Kulturhuset Karelia29.10 kl. 15 | Kulturhuset Karelia Gitarren och Uffe har varit oskiljaktliga allt sedan han b\u00f6rjade karri\u00e4ren med att sjunga visor d\u00e5 han var 10 \u00e5r gammal. Och under de \u00e5r som g\u00e5tt har har hunnit medverka i ett otal v\u00e4stnyl\u00e4ndska band. Han har spelat det mesta fr\u00e5n punk till&hellip; Jatka lukemista Tv\u00e5 g\u00e5nger till med Uffe Enberg och v\u00e4nner","og_url":"https:\/\/kulturhusetkarelia.fi\/fi\/evenemang\/tva-ganger-till-med-uffe-enberg-och-vanner\/","og_site_name":"Kulturhuset Karelia","article_publisher":"https:\/\/www.facebook.com\/kulturhusetkarelia\/","article_modified_time":"2023-10-18T10:23:21+00:00","og_image":[{"width":1024,"height":836,"url":"https:\/\/kulturhusetkarelia.fi\/wp-content\/uploads\/2023\/09\/uffe2ny-1024x836.png","type":"image\/png"}],"twitter_card":"summary_large_image","twitter_misc":{"Arvioitu lukuaika":"1 minuutti"},"schema":{"@context":"https:\/\/schema.org","@graph":[{"@type":"WebPage","@id":"https:\/\/kulturhusetkarelia.fi\/evenemang\/tva-ganger-till-med-uffe-enberg-och-vanner\/","url":"https:\/\/kulturhusetkarelia.fi\/evenemang\/tva-ganger-till-med-uffe-enberg-och-vanner\/","name":"Tv\u00e5 g\u00e5nger till med Uffe Enberg och v\u00e4nner - Kulturhuset Karelia","isPartOf":{"@id":"https:\/\/kulturhusetkarelia.fi\/#website"},"primaryImageOfPage":{"@id":"https:\/\/kulturhusetkarelia.fi\/evenemang\/tva-ganger-till-med-uffe-enberg-och-vanner\/#primaryimage"},"image":{"@id":"https:\/\/kulturhusetkarelia.fi\/evenemang\/tva-ganger-till-med-uffe-enberg-och-vanner\/#primaryimage"},"thumbnailUrl":"https:\/\/kulturhusetkarelia.fi\/wp-content\/uploads\/2023\/09\/uffe2ny.png","datePublished":"2023-10-18T10:22:51+00:00","dateModified":"2023-10-18T10:23:21+00:00","breadcrumb":{"@id":"https:\/\/kulturhusetkarelia.fi\/evenemang\/tva-ganger-till-med-uffe-enberg-och-vanner\/#breadcrumb"},"inLanguage":"fi","potentialAction":[{"@type":"ReadAction","target":["https:\/\/kulturhusetkarelia.fi\/evenemang\/tva-ganger-till-med-uffe-enberg-och-vanner\/"]}]},{"@type":"ImageObject","inLanguage":"fi","@id":"https:\/\/kulturhusetkarelia.fi\/evenemang\/tva-ganger-till-med-uffe-enberg-och-vanner\/#primaryimage","url":"https:\/\/kulturhusetkarelia.fi\/wp-content\/uploads\/2023\/09\/uffe2ny.png","contentUrl":"https:\/\/kulturhusetkarelia.fi\/wp-content\/uploads\/2023\/09\/uffe2ny.png","width":4322,"height":3528},{"@type":"BreadcrumbList","@id":"https:\/\/kulturhusetkarelia.fi\/evenemang\/tva-ganger-till-med-uffe-enberg-och-vanner\/#breadcrumb","itemListElement":[{"@type":"ListItem","position":1,"name":"Home","item":"https:\/\/kulturhusetkarelia.fi\/"},{"@type":"ListItem","position":2,"name":"Events","item":"https:\/\/kulturhusetkarelia.fi\/evenemang\/"},{"@type":"ListItem","position":3,"name":"Tv\u00e5 g\u00e5nger till med Uffe Enberg och v\u00e4nner"}]},{"@type":"WebSite","@id":"https:\/\/kulturhusetkarelia.fi\/#website","url":"https:\/\/kulturhusetkarelia.fi\/","name":"Kulturhuset Karelia","description":"","publisher":{"@id":"https:\/\/kulturhusetkarelia.fi\/#organization"},"potentialAction":[{"@type":"SearchAction","target":{"@type":"EntryPoint","urlTemplate":"https:\/\/kulturhusetkarelia.fi\/?s={search_term_string}"},"query-input":{"@type":"PropertyValueSpecification","valueRequired":true,"valueName":"search_term_string"}}],"inLanguage":"fi"},{"@type":"Organization","@id":"https:\/\/kulturhusetkarelia.fi\/#organization","name":"Kulturhuset Karelia","url":"https:\/\/kulturhusetkarelia.fi\/","logo":{"@type":"ImageObject","inLanguage":"fi","@id":"https:\/\/kulturhusetkarelia.fi\/#\/schema\/logo\/image\/","url":"https:\/\/kulturhusetkarelia.fi\/wp-content\/uploads\/2023\/01\/Stor-logo-rod.svg","contentUrl":"https:\/\/kulturhusetkarelia.fi\/wp-content\/uploads\/2023\/01\/Stor-logo-rod.svg","width":1,"height":1,"caption":"Kulturhuset Karelia"},"image":{"@id":"https:\/\/kulturhusetkarelia.fi\/#\/schema\/logo\/image\/"},"sameAs":["https:\/\/www.facebook.com\/kulturhusetkarelia\/","https:\/\/www.instagram.com\/kulturhusetkarelia\/"]}]}},"jetpack_sharing_enabled":true,"_links":{"self":[{"href":"https:\/\/kulturhusetkarelia.fi\/fi\/wp-json\/wp\/v2\/ajde_events\/8114","targetHints":{"allow":["GET"]}}],"collection":[{"href":"https:\/\/kulturhusetkarelia.fi\/fi\/wp-json\/wp\/v2\/ajde_events"}],"about":[{"href":"https:\/\/kulturhusetkarelia.fi\/fi\/wp-json\/wp\/v2\/types\/ajde_events"}],"author":[{"embeddable":true,"href":"https:\/\/kulturhusetkarelia.fi\/fi\/wp-json\/wp\/v2\/users\/4"}],"replies":[{"embeddable":true,"href":"https:\/\/kulturhusetkarelia.fi\/fi\/wp-json\/wp\/v2\/comments?post=8114"}],"wp:featuredmedia":[{"embeddable":true,"href":"https:\/\/kulturhusetkarelia.fi\/fi\/wp-json\/wp\/v2\/media\/8112"}],"wp:attachment":[{"href":"https:\/\/kulturhusetkarelia.fi\/fi\/wp-json\/wp\/v2\/media?parent=8114"}],"wp:term":[{"taxonomy":"post_tag","embeddable":true,"href":"https:\/\/kulturhusetkarelia.fi\/fi\/wp-json\/wp\/v2\/tags?post=8114"},{"taxonomy":"event_type","embeddable":true,"href":"https:\/\/kulturhusetkarelia.fi\/fi\/wp-json\/wp\/v2\/event_type?post=8114"},{"taxonomy":"event_type_2","embeddable":true,"href":"https:\/\/kulturhusetkarelia.fi\/fi\/wp-json\/wp\/v2\/event_type_2?post=8114"}],"curies":[{"name":"wp","href":"https:\/\/api.w.org\/{rel}","templated":true}]}}