{"id":7399,"date":"2023-10-03T16:16:25","date_gmt":"2023-10-03T13:16:25","guid":{"rendered":"https:\/\/kulturhusetkarelia.nfsite.com\/?post_type=ajde_events&#038;p=7399"},"modified":"2023-10-03T16:16:30","modified_gmt":"2023-10-03T13:16:30","slug":"julfest-med-krista-och-mark-en-julshow-i-vantan-pa-jul","status":"publish","type":"ajde_events","link":"https:\/\/kulturhusetkarelia.fi\/fi\/evenemang\/julfest-med-krista-och-mark-en-julshow-i-vantan-pa-jul\/","title":{"rendered":"Julfest med Krista och Mark &#8211; En julshow i v\u00e4ntan p\u00e5 jul"},"content":{"rendered":"<p><strong>Med Krista Siegfrids och Mark Levengood<\/strong><\/p>\n\n\n\n<p>Sluta stressa \u00f6ver julst\u00e4dningen och h\u00e4ng med p\u00e5 en rolig och st\u00e4mningsfull kv\u00e4ll med Krista och Mark! L\u00e5t \u00e5rets m\u00f6rkaste tid lysas upp av musikalisk gl\u00e4dje och humor. Vad h\u00e4nde n\u00e4r Marks pappa p\u00e5 julafton reste sig och sade \u201dNej, nu ska jag g\u00e5 och k\u00f6pa tidningen\u201d? Och vilka ov\u00e4ntade favoriter kastar Krista in bland de \u00e4lskade juls\u00e5ngerna? Och kan bara blonda bli valda till Lucia? Varf\u00f6r inte en utan h\u00e5r? Ackompanjerade av trion \u201dMandeln i gr\u00f6ten\u201d rumlar Krista och Mark runt bland minnen av lyckliga och katastrofala jular och guidar publiken genom bj\u00e4llerklang och sjungande pepparkaksgubbar.<br><br>Fr\u00e5n stallet i Betlehem till en teater n\u00e4ra dig &#8211; en kv\u00e4ll av musik, gemenskap och v\u00e4rme.<br>L\u00e5t kv\u00e4llen med Krista och Mark \u00f6ppna upp f\u00f6r en fin och stressfri jul 2023. F\u00f6r, som Marks mamma s\u00e5 riktigt konstaterade: \u201dSluta st\u00e4da. T\u00e4nd ett ljus. D\u00e5 ser ingen att det \u00e4r skitigt\u201d.<\/p>\n\n\n\n<p>Under kv\u00e4llens g\u00e5ng kommer ni att f\u00e5 h\u00f6ra roliga anekdoter samt trevliga och mindre trevliga julminnen fr\u00e5n Marks och Kristas liv. Det blir helt enkelt julst\u00e4mning i sann Mark och Krista anda\u2026 Mysigt, roligt och lite sm\u00e5tt kaotiskt. Det bjuds \u00e4ven p\u00e5 st\u00e4mningsfull julmusik med v\u00e4lk\u00e4nda klassikers\u2026 men ni kommer \u00e4ven att f\u00e5 h\u00f6ra Marks och Kristas unika och lite sm\u00e5tt otippade favoritl\u00e5tar. S\u00e5 strunta i julstressen f\u00f6r en stund och h\u00e4ng med p\u00e5 en rolig kv\u00e4ll med Mark &amp; Krista! Vi garanterar julfeeling!<br><br>I salen finns \u00e5tta tillg\u00e4ngliga platser som \u00e4r anpassade f\u00f6r rullstol och specialarrangemang. Om du vill reservera en tillg\u00e4nglig plats, kontakta oss p\u00e5 <a href=\"mailto:info@kulturhusetkarelia.fi\" target=\"_blank\" rel=\"noreferrer noopener\">info@kulttuuritalokarelia.fi<\/a>.<br><\/p>","protected":false},"author":4,"featured_media":7400,"menu_order":0,"comment_status":"closed","ping_status":"closed","template":"","meta":{"_themeisle_gutenberg_block_has_review":false},"tags":[],"event_type":[],"event_type_2":[],"class_list":["post-7399","ajde_events","type-ajde_events","status-publish","has-post-thumbnail","hentry","event_location-kulturhuset-karelia","entry"],"yoast_head":"<!-- This site is optimized with the Yoast SEO plugin v24.9 - https:\/\/yoast.com\/wordpress\/plugins\/seo\/ -->\n<title>Julfest med Krista och Mark - En julshow i v\u00e4ntan p\u00e5 jul - Kulturhuset Karelia<\/title>\n<meta name=\"robots\" content=\"index, follow, max-snippet:-1, max-image-preview:large, max-video-preview:-1\" \/>\n<link rel=\"canonical\" href=\"https:\/\/kulturhusetkarelia.fi\/fi\/evenemang\/julfest-med-krista-och-mark-en-julshow-i-vantan-pa-jul\/\" \/>\n<meta property=\"og:locale\" content=\"fi_FI\" \/>\n<meta property=\"og:type\" content=\"article\" \/>\n<meta property=\"og:title\" content=\"Julfest med Krista och Mark - En julshow i v\u00e4ntan p\u00e5 jul - Kulturhuset Karelia\" \/>\n<meta property=\"og:description\" content=\"Med Krista Siegfrids och Mark Levengood Sluta stressa \u00f6ver julst\u00e4dningen och h\u00e4ng med p\u00e5 en rolig och st\u00e4mningsfull kv\u00e4ll med Krista och Mark! L\u00e5t \u00e5rets m\u00f6rkaste tid lysas upp av musikalisk gl\u00e4dje och humor. Vad h\u00e4nde n\u00e4r Marks pappa p\u00e5 julafton reste sig och sade \u201dNej, nu ska jag g\u00e5 och k\u00f6pa tidningen\u201d? Och vilka&hellip; Jatka lukemista Julfest med Krista och Mark &#8211; En julshow i v\u00e4ntan p\u00e5 jul\" \/>\n<meta property=\"og:url\" content=\"https:\/\/kulturhusetkarelia.fi\/fi\/evenemang\/julfest-med-krista-och-mark-en-julshow-i-vantan-pa-jul\/\" \/>\n<meta property=\"og:site_name\" content=\"Kulturhuset Karelia\" \/>\n<meta property=\"article:publisher\" content=\"https:\/\/www.facebook.com\/kulturhusetkarelia\/\" \/>\n<meta property=\"article:modified_time\" content=\"2023-10-03T13:16:30+00:00\" \/>\n<meta property=\"og:image\" content=\"https:\/\/kulturhusetkarelia.fi\/wp-content\/uploads\/2023\/10\/Krista_och_Marks_jul_Banner-jpg.webp\" \/>\n\t<meta property=\"og:image:width\" content=\"1910\" \/>\n\t<meta property=\"og:image:height\" content=\"1005\" \/>\n\t<meta property=\"og:image:type\" content=\"image\/jpeg\" \/>\n<meta name=\"twitter:card\" content=\"summary_large_image\" \/>\n<meta name=\"twitter:label1\" content=\"Arvioitu lukuaika\" \/>\n\t<meta name=\"twitter:data1\" content=\"2 minuuttia\" \/>\n<script type=\"application\/ld+json\" class=\"yoast-schema-graph\">{\"@context\":\"https:\/\/schema.org\",\"@graph\":[{\"@type\":\"WebPage\",\"@id\":\"https:\/\/kulturhusetkarelia.fi\/evenemang\/julfest-med-krista-och-mark-en-julshow-i-vantan-pa-jul\/\",\"url\":\"https:\/\/kulturhusetkarelia.fi\/evenemang\/julfest-med-krista-och-mark-en-julshow-i-vantan-pa-jul\/\",\"name\":\"Julfest med Krista och Mark - En julshow i v\u00e4ntan p\u00e5 jul - Kulturhuset Karelia\",\"isPartOf\":{\"@id\":\"https:\/\/kulturhusetkarelia.fi\/#website\"},\"primaryImageOfPage\":{\"@id\":\"https:\/\/kulturhusetkarelia.fi\/evenemang\/julfest-med-krista-och-mark-en-julshow-i-vantan-pa-jul\/#primaryimage\"},\"image\":{\"@id\":\"https:\/\/kulturhusetkarelia.fi\/evenemang\/julfest-med-krista-och-mark-en-julshow-i-vantan-pa-jul\/#primaryimage\"},\"thumbnailUrl\":\"https:\/\/kulturhusetkarelia.fi\/wp-content\/uploads\/2023\/10\/Krista_och_Marks_jul_Banner-jpg.webp\",\"datePublished\":\"2023-10-03T13:16:25+00:00\",\"dateModified\":\"2023-10-03T13:16:30+00:00\",\"breadcrumb\":{\"@id\":\"https:\/\/kulturhusetkarelia.fi\/evenemang\/julfest-med-krista-och-mark-en-julshow-i-vantan-pa-jul\/#breadcrumb\"},\"inLanguage\":\"fi\",\"potentialAction\":[{\"@type\":\"ReadAction\",\"target\":[\"https:\/\/kulturhusetkarelia.fi\/evenemang\/julfest-med-krista-och-mark-en-julshow-i-vantan-pa-jul\/\"]}]},{\"@type\":\"ImageObject\",\"inLanguage\":\"fi\",\"@id\":\"https:\/\/kulturhusetkarelia.fi\/evenemang\/julfest-med-krista-och-mark-en-julshow-i-vantan-pa-jul\/#primaryimage\",\"url\":\"https:\/\/kulturhusetkarelia.fi\/wp-content\/uploads\/2023\/10\/Krista_och_Marks_jul_Banner-jpg.webp\",\"contentUrl\":\"https:\/\/kulturhusetkarelia.fi\/wp-content\/uploads\/2023\/10\/Krista_och_Marks_jul_Banner-jpg.webp\",\"width\":1910,\"height\":1005},{\"@type\":\"BreadcrumbList\",\"@id\":\"https:\/\/kulturhusetkarelia.fi\/evenemang\/julfest-med-krista-och-mark-en-julshow-i-vantan-pa-jul\/#breadcrumb\",\"itemListElement\":[{\"@type\":\"ListItem\",\"position\":1,\"name\":\"Home\",\"item\":\"https:\/\/kulturhusetkarelia.fi\/\"},{\"@type\":\"ListItem\",\"position\":2,\"name\":\"Events\",\"item\":\"https:\/\/kulturhusetkarelia.fi\/evenemang\/\"},{\"@type\":\"ListItem\",\"position\":3,\"name\":\"Julfest med Krista och Mark &#8211; En julshow i v\u00e4ntan p\u00e5 jul\"}]},{\"@type\":\"WebSite\",\"@id\":\"https:\/\/kulturhusetkarelia.fi\/#website\",\"url\":\"https:\/\/kulturhusetkarelia.fi\/\",\"name\":\"Kulturhuset Karelia\",\"description\":\"\",\"publisher\":{\"@id\":\"https:\/\/kulturhusetkarelia.fi\/#organization\"},\"potentialAction\":[{\"@type\":\"SearchAction\",\"target\":{\"@type\":\"EntryPoint\",\"urlTemplate\":\"https:\/\/kulturhusetkarelia.fi\/?s={search_term_string}\"},\"query-input\":{\"@type\":\"PropertyValueSpecification\",\"valueRequired\":true,\"valueName\":\"search_term_string\"}}],\"inLanguage\":\"fi\"},{\"@type\":\"Organization\",\"@id\":\"https:\/\/kulturhusetkarelia.fi\/#organization\",\"name\":\"Kulturhuset Karelia\",\"url\":\"https:\/\/kulturhusetkarelia.fi\/\",\"logo\":{\"@type\":\"ImageObject\",\"inLanguage\":\"fi\",\"@id\":\"https:\/\/kulturhusetkarelia.fi\/#\/schema\/logo\/image\/\",\"url\":\"https:\/\/kulturhusetkarelia.fi\/wp-content\/uploads\/2023\/01\/Stor-logo-rod.svg\",\"contentUrl\":\"https:\/\/kulturhusetkarelia.fi\/wp-content\/uploads\/2023\/01\/Stor-logo-rod.svg\",\"width\":1,\"height\":1,\"caption\":\"Kulturhuset Karelia\"},\"image\":{\"@id\":\"https:\/\/kulturhusetkarelia.fi\/#\/schema\/logo\/image\/\"},\"sameAs\":[\"https:\/\/www.facebook.com\/kulturhusetkarelia\/\",\"https:\/\/www.instagram.com\/kulturhusetkarelia\/\"]}]}<\/script>\n<!-- \/ Yoast SEO plugin. -->","yoast_head_json":{"title":"Julfest med Krista och Mark - En julshow i v\u00e4ntan p\u00e5 jul - Kulturhuset Karelia","robots":{"index":"index","follow":"follow","max-snippet":"max-snippet:-1","max-image-preview":"max-image-preview:large","max-video-preview":"max-video-preview:-1"},"canonical":"https:\/\/kulturhusetkarelia.fi\/fi\/evenemang\/julfest-med-krista-och-mark-en-julshow-i-vantan-pa-jul\/","og_locale":"fi_FI","og_type":"article","og_title":"Julfest med Krista och Mark - En julshow i v\u00e4ntan p\u00e5 jul - Kulturhuset Karelia","og_description":"Med Krista Siegfrids och Mark Levengood Sluta stressa \u00f6ver julst\u00e4dningen och h\u00e4ng med p\u00e5 en rolig och st\u00e4mningsfull kv\u00e4ll med Krista och Mark! L\u00e5t \u00e5rets m\u00f6rkaste tid lysas upp av musikalisk gl\u00e4dje och humor. Vad h\u00e4nde n\u00e4r Marks pappa p\u00e5 julafton reste sig och sade \u201dNej, nu ska jag g\u00e5 och k\u00f6pa tidningen\u201d? Och vilka&hellip; Jatka lukemista Julfest med Krista och Mark &#8211; En julshow i v\u00e4ntan p\u00e5 jul","og_url":"https:\/\/kulturhusetkarelia.fi\/fi\/evenemang\/julfest-med-krista-och-mark-en-julshow-i-vantan-pa-jul\/","og_site_name":"Kulturhuset Karelia","article_publisher":"https:\/\/www.facebook.com\/kulturhusetkarelia\/","article_modified_time":"2023-10-03T13:16:30+00:00","og_image":[{"width":1910,"height":1005,"url":"https:\/\/kulturhusetkarelia.fi\/wp-content\/uploads\/2023\/10\/Krista_och_Marks_jul_Banner-jpg.webp","type":"image\/jpeg"}],"twitter_card":"summary_large_image","twitter_misc":{"Arvioitu lukuaika":"2 minuuttia"},"schema":{"@context":"https:\/\/schema.org","@graph":[{"@type":"WebPage","@id":"https:\/\/kulturhusetkarelia.fi\/evenemang\/julfest-med-krista-och-mark-en-julshow-i-vantan-pa-jul\/","url":"https:\/\/kulturhusetkarelia.fi\/evenemang\/julfest-med-krista-och-mark-en-julshow-i-vantan-pa-jul\/","name":"Julfest med Krista och Mark - En julshow i v\u00e4ntan p\u00e5 jul - Kulturhuset Karelia","isPartOf":{"@id":"https:\/\/kulturhusetkarelia.fi\/#website"},"primaryImageOfPage":{"@id":"https:\/\/kulturhusetkarelia.fi\/evenemang\/julfest-med-krista-och-mark-en-julshow-i-vantan-pa-jul\/#primaryimage"},"image":{"@id":"https:\/\/kulturhusetkarelia.fi\/evenemang\/julfest-med-krista-och-mark-en-julshow-i-vantan-pa-jul\/#primaryimage"},"thumbnailUrl":"https:\/\/kulturhusetkarelia.fi\/wp-content\/uploads\/2023\/10\/Krista_och_Marks_jul_Banner-jpg.webp","datePublished":"2023-10-03T13:16:25+00:00","dateModified":"2023-10-03T13:16:30+00:00","breadcrumb":{"@id":"https:\/\/kulturhusetkarelia.fi\/evenemang\/julfest-med-krista-och-mark-en-julshow-i-vantan-pa-jul\/#breadcrumb"},"inLanguage":"fi","potentialAction":[{"@type":"ReadAction","target":["https:\/\/kulturhusetkarelia.fi\/evenemang\/julfest-med-krista-och-mark-en-julshow-i-vantan-pa-jul\/"]}]},{"@type":"ImageObject","inLanguage":"fi","@id":"https:\/\/kulturhusetkarelia.fi\/evenemang\/julfest-med-krista-och-mark-en-julshow-i-vantan-pa-jul\/#primaryimage","url":"https:\/\/kulturhusetkarelia.fi\/wp-content\/uploads\/2023\/10\/Krista_och_Marks_jul_Banner-jpg.webp","contentUrl":"https:\/\/kulturhusetkarelia.fi\/wp-content\/uploads\/2023\/10\/Krista_och_Marks_jul_Banner-jpg.webp","width":1910,"height":1005},{"@type":"BreadcrumbList","@id":"https:\/\/kulturhusetkarelia.fi\/evenemang\/julfest-med-krista-och-mark-en-julshow-i-vantan-pa-jul\/#breadcrumb","itemListElement":[{"@type":"ListItem","position":1,"name":"Home","item":"https:\/\/kulturhusetkarelia.fi\/"},{"@type":"ListItem","position":2,"name":"Events","item":"https:\/\/kulturhusetkarelia.fi\/evenemang\/"},{"@type":"ListItem","position":3,"name":"Julfest med Krista och Mark &#8211; En julshow i v\u00e4ntan p\u00e5 jul"}]},{"@type":"WebSite","@id":"https:\/\/kulturhusetkarelia.fi\/#website","url":"https:\/\/kulturhusetkarelia.fi\/","name":"Kulturhuset Karelia","description":"","publisher":{"@id":"https:\/\/kulturhusetkarelia.fi\/#organization"},"potentialAction":[{"@type":"SearchAction","target":{"@type":"EntryPoint","urlTemplate":"https:\/\/kulturhusetkarelia.fi\/?s={search_term_string}"},"query-input":{"@type":"PropertyValueSpecification","valueRequired":true,"valueName":"search_term_string"}}],"inLanguage":"fi"},{"@type":"Organization","@id":"https:\/\/kulturhusetkarelia.fi\/#organization","name":"Kulturhuset Karelia","url":"https:\/\/kulturhusetkarelia.fi\/","logo":{"@type":"ImageObject","inLanguage":"fi","@id":"https:\/\/kulturhusetkarelia.fi\/#\/schema\/logo\/image\/","url":"https:\/\/kulturhusetkarelia.fi\/wp-content\/uploads\/2023\/01\/Stor-logo-rod.svg","contentUrl":"https:\/\/kulturhusetkarelia.fi\/wp-content\/uploads\/2023\/01\/Stor-logo-rod.svg","width":1,"height":1,"caption":"Kulturhuset Karelia"},"image":{"@id":"https:\/\/kulturhusetkarelia.fi\/#\/schema\/logo\/image\/"},"sameAs":["https:\/\/www.facebook.com\/kulturhusetkarelia\/","https:\/\/www.instagram.com\/kulturhusetkarelia\/"]}]}},"jetpack_sharing_enabled":true,"_links":{"self":[{"href":"https:\/\/kulturhusetkarelia.fi\/fi\/wp-json\/wp\/v2\/ajde_events\/7399","targetHints":{"allow":["GET"]}}],"collection":[{"href":"https:\/\/kulturhusetkarelia.fi\/fi\/wp-json\/wp\/v2\/ajde_events"}],"about":[{"href":"https:\/\/kulturhusetkarelia.fi\/fi\/wp-json\/wp\/v2\/types\/ajde_events"}],"author":[{"embeddable":true,"href":"https:\/\/kulturhusetkarelia.fi\/fi\/wp-json\/wp\/v2\/users\/4"}],"replies":[{"embeddable":true,"href":"https:\/\/kulturhusetkarelia.fi\/fi\/wp-json\/wp\/v2\/comments?post=7399"}],"wp:featuredmedia":[{"embeddable":true,"href":"https:\/\/kulturhusetkarelia.fi\/fi\/wp-json\/wp\/v2\/media\/7400"}],"wp:attachment":[{"href":"https:\/\/kulturhusetkarelia.fi\/fi\/wp-json\/wp\/v2\/media?parent=7399"}],"wp:term":[{"taxonomy":"post_tag","embeddable":true,"href":"https:\/\/kulturhusetkarelia.fi\/fi\/wp-json\/wp\/v2\/tags?post=7399"},{"taxonomy":"event_type","embeddable":true,"href":"https:\/\/kulturhusetkarelia.fi\/fi\/wp-json\/wp\/v2\/event_type?post=7399"},{"taxonomy":"event_type_2","embeddable":true,"href":"https:\/\/kulturhusetkarelia.fi\/fi\/wp-json\/wp\/v2\/event_type_2?post=7399"}],"curies":[{"name":"wp","href":"https:\/\/api.w.org\/{rel}","templated":true}]}}