{"id":5822,"date":"2023-09-01T14:40:06","date_gmt":"2023-09-01T11:40:06","guid":{"rendered":"https:\/\/kulturhusetkarelia.nfsite.com\/?post_type=ajde_events&#038;p=5822"},"modified":"2023-09-03T09:27:59","modified_gmt":"2023-09-03T06:27:59","slug":"trio-saludos-50-ars-jubileums-och-avskedsturne","status":"publish","type":"ajde_events","link":"https:\/\/kulturhusetkarelia.fi\/fi\/evenemang\/trio-saludos-50-ars-jubileums-och-avskedsturne\/","title":{"rendered":"Trio Saludos 50-\u00e5rs jubileums-och avskedsturn\u00e9"},"content":{"rendered":"<p>S\u00e5nggruppen Trio Saludo firar i \u00e5r sitt 50-\u00e5rs jubileum med 11 konserter runtom i Svenskfinland. F\u00f6rutom Trio Saludos medlemmar H\u00e5kan Streng, Peter och Reigin Ingo medverkar ocks\u00e5 Pentti Hild\u00e9n p\u00e5 gitarr. Programmet bjuder p\u00e5 k\u00e4nda p\u00e4rlor ur den 50-\u00e5riga repertoaren plus en och annan ny p\u00e4rla.<br><br>Med konsertturn\u00e9n tar Trio Saludo avsked och vill tacka sin trogna publik f\u00f6r alla \u00e5r av otroliga musikaliska upplevelser.<br><br>L\u00e4ngd ca 2 timmar med 30 min. paus<br><br>S\u00e5nggruppen kom till under studietiden i \u00c5bo i slutet p\u00e5 60-talet. Med Peter Ingo som initiativtagare startades gruppen &#8221;Fyra p\u00e5 spanska&#8221; med H\u00e5kan Streng, Kristian Gr\u00f6nqvist och Bjarne Sj\u00f6blom. . &#8221;Fyra p\u00e5 Spanska&#8221;, &#8221;Los Caballeros&#8221;\u2026 k\u00e4rt barn har m\u00e5nga namn.<br><br>1973 bildades Trio Saludo med H\u00e5kan Streng, Peter Ingo och Arto Rintam\u00e4ki. Och som man s\u00e4ger resten \u00e4r historia. Gruppen har under \u00e5ren haft lite olika sammans\u00e4ttning men H\u00e5kan Streng och Peter Ingo har varit med under hela 50 \u00e5r. I dag best\u00e5r gruppen av H\u00e5kan Streng, Peter och Reigin Ingo. Reigin var ocks\u00e5 med p\u00e5 inspelningar i b\u00f6rjan av 70-talet.<br><br>Trio Saludos specialgebit \u00e4r skr\u00e4ddarsydda shower f\u00f6r de mest varierande tillst\u00e4llningar. P\u00e5 repertoiren finns s\u00e5nger p\u00e5 ett tiotal olika spr\u00e5k och mellansnacket kan vi sk\u00f6ta p\u00e5 \u00e5tta olika spr\u00e5k men mest \u00e4r gruppen k\u00e4nd f\u00f6r sina sydamerikanska och spanska l\u00e5tar. Trio Saludo har sl\u00e4ppt 10 album och 3 singlar under de g\u00e5ngna 50 \u00e5ren.<\/p>","protected":false},"author":4,"featured_media":5823,"menu_order":0,"comment_status":"closed","ping_status":"closed","template":"","meta":{"_themeisle_gutenberg_block_has_review":false},"tags":[],"event_type":[],"event_type_2":[],"class_list":["post-5822","ajde_events","type-ajde_events","status-publish","has-post-thumbnail","hentry","event_location-kulturhuset-karelia","event_organizer-trio-saludo","entry"],"yoast_head":"<!-- This site is optimized with the Yoast SEO plugin v24.9 - https:\/\/yoast.com\/wordpress\/plugins\/seo\/ -->\n<title>Trio Saludos 50-\u00e5rs jubileums-och avskedsturn\u00e9 - Kulturhuset Karelia<\/title>\n<meta name=\"robots\" content=\"index, follow, max-snippet:-1, max-image-preview:large, max-video-preview:-1\" \/>\n<link rel=\"canonical\" href=\"https:\/\/kulturhusetkarelia.fi\/fi\/evenemang\/trio-saludos-50-ars-jubileums-och-avskedsturne\/\" \/>\n<meta property=\"og:locale\" content=\"fi_FI\" \/>\n<meta property=\"og:type\" content=\"article\" \/>\n<meta property=\"og:title\" content=\"Trio Saludos 50-\u00e5rs jubileums-och avskedsturn\u00e9 - Kulturhuset Karelia\" \/>\n<meta property=\"og:description\" content=\"S\u00e5nggruppen Trio Saludo firar i \u00e5r sitt 50-\u00e5rs jubileum med 11 konserter runtom i Svenskfinland. F\u00f6rutom Trio Saludos medlemmar H\u00e5kan Streng, Peter och Reigin Ingo medverkar ocks\u00e5 Pentti Hild\u00e9n p\u00e5 gitarr. Programmet bjuder p\u00e5 k\u00e4nda p\u00e4rlor ur den 50-\u00e5riga repertoaren plus en och annan ny p\u00e4rla. Med konsertturn\u00e9n tar Trio Saludo avsked och vill tacka&hellip; Jatka lukemista Trio Saludos 50-\u00e5rs jubileums-och avskedsturn\u00e9\" \/>\n<meta property=\"og:url\" content=\"https:\/\/kulturhusetkarelia.fi\/fi\/evenemang\/trio-saludos-50-ars-jubileums-och-avskedsturne\/\" \/>\n<meta property=\"og:site_name\" content=\"Kulturhuset Karelia\" \/>\n<meta property=\"article:publisher\" content=\"https:\/\/www.facebook.com\/kulturhusetkarelia\/\" \/>\n<meta property=\"article:modified_time\" content=\"2023-09-03T06:27:59+00:00\" \/>\n<meta property=\"og:image\" content=\"https:\/\/kulturhusetkarelia.fi\/wp-content\/uploads\/2023\/09\/Trio-Saludo-A-jpg.webp\" \/>\n\t<meta property=\"og:image:width\" content=\"1280\" \/>\n\t<meta property=\"og:image:height\" content=\"985\" \/>\n\t<meta property=\"og:image:type\" content=\"image\/jpeg\" \/>\n<meta name=\"twitter:card\" content=\"summary_large_image\" \/>\n<meta name=\"twitter:label1\" content=\"Arvioitu lukuaika\" \/>\n\t<meta name=\"twitter:data1\" content=\"2 minuuttia\" \/>\n<script type=\"application\/ld+json\" class=\"yoast-schema-graph\">{\"@context\":\"https:\/\/schema.org\",\"@graph\":[{\"@type\":\"WebPage\",\"@id\":\"https:\/\/kulturhusetkarelia.fi\/evenemang\/trio-saludos-50-ars-jubileums-och-avskedsturne\/\",\"url\":\"https:\/\/kulturhusetkarelia.fi\/evenemang\/trio-saludos-50-ars-jubileums-och-avskedsturne\/\",\"name\":\"Trio Saludos 50-\u00e5rs jubileums-och avskedsturn\u00e9 - Kulturhuset Karelia\",\"isPartOf\":{\"@id\":\"https:\/\/kulturhusetkarelia.fi\/#website\"},\"primaryImageOfPage\":{\"@id\":\"https:\/\/kulturhusetkarelia.fi\/evenemang\/trio-saludos-50-ars-jubileums-och-avskedsturne\/#primaryimage\"},\"image\":{\"@id\":\"https:\/\/kulturhusetkarelia.fi\/evenemang\/trio-saludos-50-ars-jubileums-och-avskedsturne\/#primaryimage\"},\"thumbnailUrl\":\"https:\/\/kulturhusetkarelia.fi\/wp-content\/uploads\/2023\/09\/Trio-Saludo-A-jpg.webp\",\"datePublished\":\"2023-09-01T11:40:06+00:00\",\"dateModified\":\"2023-09-03T06:27:59+00:00\",\"breadcrumb\":{\"@id\":\"https:\/\/kulturhusetkarelia.fi\/evenemang\/trio-saludos-50-ars-jubileums-och-avskedsturne\/#breadcrumb\"},\"inLanguage\":\"fi\",\"potentialAction\":[{\"@type\":\"ReadAction\",\"target\":[\"https:\/\/kulturhusetkarelia.fi\/evenemang\/trio-saludos-50-ars-jubileums-och-avskedsturne\/\"]}]},{\"@type\":\"ImageObject\",\"inLanguage\":\"fi\",\"@id\":\"https:\/\/kulturhusetkarelia.fi\/evenemang\/trio-saludos-50-ars-jubileums-och-avskedsturne\/#primaryimage\",\"url\":\"https:\/\/kulturhusetkarelia.fi\/wp-content\/uploads\/2023\/09\/Trio-Saludo-A-jpg.webp\",\"contentUrl\":\"https:\/\/kulturhusetkarelia.fi\/wp-content\/uploads\/2023\/09\/Trio-Saludo-A-jpg.webp\",\"width\":1280,\"height\":985},{\"@type\":\"BreadcrumbList\",\"@id\":\"https:\/\/kulturhusetkarelia.fi\/evenemang\/trio-saludos-50-ars-jubileums-och-avskedsturne\/#breadcrumb\",\"itemListElement\":[{\"@type\":\"ListItem\",\"position\":1,\"name\":\"Home\",\"item\":\"https:\/\/kulturhusetkarelia.fi\/\"},{\"@type\":\"ListItem\",\"position\":2,\"name\":\"Events\",\"item\":\"https:\/\/kulturhusetkarelia.fi\/evenemang\/\"},{\"@type\":\"ListItem\",\"position\":3,\"name\":\"Trio Saludos 50-\u00e5rs jubileums-och avskedsturn\u00e9\"}]},{\"@type\":\"WebSite\",\"@id\":\"https:\/\/kulturhusetkarelia.fi\/#website\",\"url\":\"https:\/\/kulturhusetkarelia.fi\/\",\"name\":\"Kulturhuset Karelia\",\"description\":\"\",\"publisher\":{\"@id\":\"https:\/\/kulturhusetkarelia.fi\/#organization\"},\"potentialAction\":[{\"@type\":\"SearchAction\",\"target\":{\"@type\":\"EntryPoint\",\"urlTemplate\":\"https:\/\/kulturhusetkarelia.fi\/?s={search_term_string}\"},\"query-input\":{\"@type\":\"PropertyValueSpecification\",\"valueRequired\":true,\"valueName\":\"search_term_string\"}}],\"inLanguage\":\"fi\"},{\"@type\":\"Organization\",\"@id\":\"https:\/\/kulturhusetkarelia.fi\/#organization\",\"name\":\"Kulturhuset Karelia\",\"url\":\"https:\/\/kulturhusetkarelia.fi\/\",\"logo\":{\"@type\":\"ImageObject\",\"inLanguage\":\"fi\",\"@id\":\"https:\/\/kulturhusetkarelia.fi\/#\/schema\/logo\/image\/\",\"url\":\"https:\/\/kulturhusetkarelia.fi\/wp-content\/uploads\/2023\/01\/Stor-logo-rod.svg\",\"contentUrl\":\"https:\/\/kulturhusetkarelia.fi\/wp-content\/uploads\/2023\/01\/Stor-logo-rod.svg\",\"width\":1,\"height\":1,\"caption\":\"Kulturhuset Karelia\"},\"image\":{\"@id\":\"https:\/\/kulturhusetkarelia.fi\/#\/schema\/logo\/image\/\"},\"sameAs\":[\"https:\/\/www.facebook.com\/kulturhusetkarelia\/\",\"https:\/\/www.instagram.com\/kulturhusetkarelia\/\"]}]}<\/script>\n<!-- \/ Yoast SEO plugin. -->","yoast_head_json":{"title":"Trio Saludos 50-\u00e5rs jubileums-och avskedsturn\u00e9 - Kulturhuset Karelia","robots":{"index":"index","follow":"follow","max-snippet":"max-snippet:-1","max-image-preview":"max-image-preview:large","max-video-preview":"max-video-preview:-1"},"canonical":"https:\/\/kulturhusetkarelia.fi\/fi\/evenemang\/trio-saludos-50-ars-jubileums-och-avskedsturne\/","og_locale":"fi_FI","og_type":"article","og_title":"Trio Saludos 50-\u00e5rs jubileums-och avskedsturn\u00e9 - Kulturhuset Karelia","og_description":"S\u00e5nggruppen Trio Saludo firar i \u00e5r sitt 50-\u00e5rs jubileum med 11 konserter runtom i Svenskfinland. F\u00f6rutom Trio Saludos medlemmar H\u00e5kan Streng, Peter och Reigin Ingo medverkar ocks\u00e5 Pentti Hild\u00e9n p\u00e5 gitarr. Programmet bjuder p\u00e5 k\u00e4nda p\u00e4rlor ur den 50-\u00e5riga repertoaren plus en och annan ny p\u00e4rla. Med konsertturn\u00e9n tar Trio Saludo avsked och vill tacka&hellip; Jatka lukemista Trio Saludos 50-\u00e5rs jubileums-och avskedsturn\u00e9","og_url":"https:\/\/kulturhusetkarelia.fi\/fi\/evenemang\/trio-saludos-50-ars-jubileums-och-avskedsturne\/","og_site_name":"Kulturhuset Karelia","article_publisher":"https:\/\/www.facebook.com\/kulturhusetkarelia\/","article_modified_time":"2023-09-03T06:27:59+00:00","og_image":[{"width":1280,"height":985,"url":"https:\/\/kulturhusetkarelia.fi\/wp-content\/uploads\/2023\/09\/Trio-Saludo-A-jpg.webp","type":"image\/jpeg"}],"twitter_card":"summary_large_image","twitter_misc":{"Arvioitu lukuaika":"2 minuuttia"},"schema":{"@context":"https:\/\/schema.org","@graph":[{"@type":"WebPage","@id":"https:\/\/kulturhusetkarelia.fi\/evenemang\/trio-saludos-50-ars-jubileums-och-avskedsturne\/","url":"https:\/\/kulturhusetkarelia.fi\/evenemang\/trio-saludos-50-ars-jubileums-och-avskedsturne\/","name":"Trio Saludos 50-\u00e5rs jubileums-och avskedsturn\u00e9 - Kulturhuset Karelia","isPartOf":{"@id":"https:\/\/kulturhusetkarelia.fi\/#website"},"primaryImageOfPage":{"@id":"https:\/\/kulturhusetkarelia.fi\/evenemang\/trio-saludos-50-ars-jubileums-och-avskedsturne\/#primaryimage"},"image":{"@id":"https:\/\/kulturhusetkarelia.fi\/evenemang\/trio-saludos-50-ars-jubileums-och-avskedsturne\/#primaryimage"},"thumbnailUrl":"https:\/\/kulturhusetkarelia.fi\/wp-content\/uploads\/2023\/09\/Trio-Saludo-A-jpg.webp","datePublished":"2023-09-01T11:40:06+00:00","dateModified":"2023-09-03T06:27:59+00:00","breadcrumb":{"@id":"https:\/\/kulturhusetkarelia.fi\/evenemang\/trio-saludos-50-ars-jubileums-och-avskedsturne\/#breadcrumb"},"inLanguage":"fi","potentialAction":[{"@type":"ReadAction","target":["https:\/\/kulturhusetkarelia.fi\/evenemang\/trio-saludos-50-ars-jubileums-och-avskedsturne\/"]}]},{"@type":"ImageObject","inLanguage":"fi","@id":"https:\/\/kulturhusetkarelia.fi\/evenemang\/trio-saludos-50-ars-jubileums-och-avskedsturne\/#primaryimage","url":"https:\/\/kulturhusetkarelia.fi\/wp-content\/uploads\/2023\/09\/Trio-Saludo-A-jpg.webp","contentUrl":"https:\/\/kulturhusetkarelia.fi\/wp-content\/uploads\/2023\/09\/Trio-Saludo-A-jpg.webp","width":1280,"height":985},{"@type":"BreadcrumbList","@id":"https:\/\/kulturhusetkarelia.fi\/evenemang\/trio-saludos-50-ars-jubileums-och-avskedsturne\/#breadcrumb","itemListElement":[{"@type":"ListItem","position":1,"name":"Home","item":"https:\/\/kulturhusetkarelia.fi\/"},{"@type":"ListItem","position":2,"name":"Events","item":"https:\/\/kulturhusetkarelia.fi\/evenemang\/"},{"@type":"ListItem","position":3,"name":"Trio Saludos 50-\u00e5rs jubileums-och avskedsturn\u00e9"}]},{"@type":"WebSite","@id":"https:\/\/kulturhusetkarelia.fi\/#website","url":"https:\/\/kulturhusetkarelia.fi\/","name":"Kulturhuset Karelia","description":"","publisher":{"@id":"https:\/\/kulturhusetkarelia.fi\/#organization"},"potentialAction":[{"@type":"SearchAction","target":{"@type":"EntryPoint","urlTemplate":"https:\/\/kulturhusetkarelia.fi\/?s={search_term_string}"},"query-input":{"@type":"PropertyValueSpecification","valueRequired":true,"valueName":"search_term_string"}}],"inLanguage":"fi"},{"@type":"Organization","@id":"https:\/\/kulturhusetkarelia.fi\/#organization","name":"Kulturhuset Karelia","url":"https:\/\/kulturhusetkarelia.fi\/","logo":{"@type":"ImageObject","inLanguage":"fi","@id":"https:\/\/kulturhusetkarelia.fi\/#\/schema\/logo\/image\/","url":"https:\/\/kulturhusetkarelia.fi\/wp-content\/uploads\/2023\/01\/Stor-logo-rod.svg","contentUrl":"https:\/\/kulturhusetkarelia.fi\/wp-content\/uploads\/2023\/01\/Stor-logo-rod.svg","width":1,"height":1,"caption":"Kulturhuset Karelia"},"image":{"@id":"https:\/\/kulturhusetkarelia.fi\/#\/schema\/logo\/image\/"},"sameAs":["https:\/\/www.facebook.com\/kulturhusetkarelia\/","https:\/\/www.instagram.com\/kulturhusetkarelia\/"]}]}},"jetpack_sharing_enabled":true,"_links":{"self":[{"href":"https:\/\/kulturhusetkarelia.fi\/fi\/wp-json\/wp\/v2\/ajde_events\/5822","targetHints":{"allow":["GET"]}}],"collection":[{"href":"https:\/\/kulturhusetkarelia.fi\/fi\/wp-json\/wp\/v2\/ajde_events"}],"about":[{"href":"https:\/\/kulturhusetkarelia.fi\/fi\/wp-json\/wp\/v2\/types\/ajde_events"}],"author":[{"embeddable":true,"href":"https:\/\/kulturhusetkarelia.fi\/fi\/wp-json\/wp\/v2\/users\/4"}],"replies":[{"embeddable":true,"href":"https:\/\/kulturhusetkarelia.fi\/fi\/wp-json\/wp\/v2\/comments?post=5822"}],"wp:featuredmedia":[{"embeddable":true,"href":"https:\/\/kulturhusetkarelia.fi\/fi\/wp-json\/wp\/v2\/media\/5823"}],"wp:attachment":[{"href":"https:\/\/kulturhusetkarelia.fi\/fi\/wp-json\/wp\/v2\/media?parent=5822"}],"wp:term":[{"taxonomy":"post_tag","embeddable":true,"href":"https:\/\/kulturhusetkarelia.fi\/fi\/wp-json\/wp\/v2\/tags?post=5822"},{"taxonomy":"event_type","embeddable":true,"href":"https:\/\/kulturhusetkarelia.fi\/fi\/wp-json\/wp\/v2\/event_type?post=5822"},{"taxonomy":"event_type_2","embeddable":true,"href":"https:\/\/kulturhusetkarelia.fi\/fi\/wp-json\/wp\/v2\/event_type_2?post=5822"}],"curies":[{"name":"wp","href":"https:\/\/api.w.org\/{rel}","templated":true}]}}