{"id":551,"date":"2022-11-20T20:39:43","date_gmt":"2022-11-20T18:39:43","guid":{"rendered":"https:\/\/kulturhusetkarelia.nfsite.com\/?post_type=ajde_events&#038;p=551"},"modified":"2023-01-18T15:20:21","modified_gmt":"2023-01-18T13:20:21","slug":"manskensprinsen","status":"publish","type":"ajde_events","link":"https:\/\/kulturhusetkarelia.fi\/fi\/evenemang\/manskensprinsen\/","title":{"rendered":"M\u00e5nskensprinsen"},"content":{"rendered":"<p>I vinter f\u00e5r det nyskrivna familje\u00e4ventyret M\u00e5nskensprinsen premi\u00e4r p\u00e5 Kulturhuset Karelia.  Pj\u00e4sen \u00e4r en fantasiber\u00e4ttlese som lyfter fram sp\u00e4nning, magi, v\u00e4nskap och mod.<br><br>Sadunomainen tarina kertoo prinssi Aurelianista, joka kasvaa linnassa yhdess\u00e4 kuningatar\u00e4idin ja kolmen keijun kanssa. Auringon laskiessa h\u00e4n her\u00e4\u00e4 ja auringonlaskun aikaan h\u00e4n k\u00e4y lep\u00e4\u00e4m\u00e4\u00e4n. Prinssi ei milloinkaan ole k\u00e4ynyt linnan muurien ulkopuolella, mutta er\u00e4\u00e4n\u00e4 p\u00e4iv\u00e4n\u00e4 h\u00e4n j\u00e4tt\u00e4\u00e4 linnan tutustuakseen maailmaan yhdess\u00e4 uteliaan Tea-tyt\u00f6n kanssa. Prinssi Aurelian kokee ensimm\u00e4ist\u00e4 kertaa p\u00e4iv\u00e4nvalon, kaupungin h\u00e4lin\u00e4n ja tapaa muita ihmisi\u00e4.<br><br>\u00c5ldersrekommendationen \u00e4r fr\u00e5n l\u00e5gstadiet upp\u00e5t. <br>F\u00f6rest\u00e4llningen \u00e4r omkring 2 timmar l\u00e5ng inklusive paus.<br><br>L\u00e4s mer om produktionen h\u00e4r. <\/p>\n\n\n\n<p><strong>Premi\u00e4r l\u00f6rdag 4.2 klockan 17<\/strong><\/p>\n\n\n\n<p>14 f\u00f6rest\u00e4llningar 4.2 &#8211; 12.3.2023<br>Syntolkning arrangeras den 1.3.2023<\/p>\n\n\n\n<p>Biljett: 22 \u20ac<br>Pension\u00e4r och studerande: 18 \u20ac<br>Barn 5-15 \u00e5r: 15 \u20ac<\/p>\n\n\n\n<p>Rabatt med S-F\u00f6rm\u00e5nskortet till f\u00f6rest\u00e4llningen s\u00f6ndag 5.2 kl. 17. F\u00f6rm\u00e5nen g\u00e4ller 2 vuxna\/kort och alla barn i familjen.<\/p>\n\n\n\n<p>Vuxna: 19 \u20ac<br>Pension\u00e4rer och studerande: 16 \u20ac<br>Barn 5-15 \u00e5r: 14 \u20ac<\/p>","protected":false},"author":2,"featured_media":352,"menu_order":0,"comment_status":"closed","ping_status":"closed","template":"","meta":{"_themeisle_gutenberg_block_has_review":false},"tags":[],"event_type":[],"event_type_2":[],"class_list":["post-551","ajde_events","type-ajde_events","status-publish","has-post-thumbnail","hentry","event_organizer-kulturhuset-karelia","entry"],"yoast_head":"<!-- This site is optimized with the Yoast SEO plugin v24.9 - https:\/\/yoast.com\/wordpress\/plugins\/seo\/ -->\n<title>M\u00e5nskensprinsen - Kulturhuset Karelia<\/title>\n<meta name=\"robots\" content=\"index, follow, max-snippet:-1, max-image-preview:large, max-video-preview:-1\" \/>\n<link rel=\"canonical\" href=\"https:\/\/kulturhusetkarelia.fi\/fi\/evenemang\/manskensprinsen\/\" \/>\n<meta property=\"og:locale\" content=\"fi_FI\" \/>\n<meta property=\"og:type\" content=\"article\" \/>\n<meta property=\"og:title\" content=\"M\u00e5nskensprinsen - Kulturhuset Karelia\" \/>\n<meta property=\"og:description\" content=\"I vinter f\u00e5r det nyskrivna familje\u00e4ventyret M\u00e5nskensprinsen premi\u00e4r p\u00e5 Kulturhuset Karelia. Pj\u00e4sen \u00e4r en fantasiber\u00e4ttlese som lyfter fram sp\u00e4nning, magi, v\u00e4nskap och mod. Den sagoaktiga ber\u00e4ttelsen handlar om prins Aurelian som v\u00e4xer upp i ett slott med sin mor drottningen och tre \u00e4lvor. N\u00e4r solen g\u00e5r ner vaknar han, och vid gryningen g\u00e5r han och&hellip; Jatka lukemista M\u00e5nskensprinsen\" \/>\n<meta property=\"og:url\" content=\"https:\/\/kulturhusetkarelia.fi\/fi\/evenemang\/manskensprinsen\/\" \/>\n<meta property=\"og:site_name\" content=\"Kulturhuset Karelia\" \/>\n<meta property=\"article:publisher\" content=\"https:\/\/www.facebook.com\/kulturhusetkarelia\/\" \/>\n<meta property=\"article:modified_time\" content=\"2023-01-18T13:20:21+00:00\" \/>\n<meta property=\"og:image\" content=\"https:\/\/kulturhusetkarelia.fi\/wp-content\/uploads\/2022\/10\/Manskensprinsen1200x630-jpg.webp\" \/>\n\t<meta property=\"og:image:width\" content=\"630\" \/>\n\t<meta property=\"og:image:height\" content=\"630\" \/>\n\t<meta property=\"og:image:type\" content=\"image\/jpeg\" \/>\n<meta name=\"twitter:card\" content=\"summary_large_image\" \/>\n<meta name=\"twitter:label1\" content=\"Arvioitu lukuaika\" \/>\n\t<meta name=\"twitter:data1\" content=\"1 minuutti\" \/>\n<script type=\"application\/ld+json\" class=\"yoast-schema-graph\">{\"@context\":\"https:\/\/schema.org\",\"@graph\":[{\"@type\":\"WebPage\",\"@id\":\"https:\/\/kulturhusetkarelia.fi\/evenemang\/manskensprinsen\/\",\"url\":\"https:\/\/kulturhusetkarelia.fi\/evenemang\/manskensprinsen\/\",\"name\":\"M\u00e5nskensprinsen - Kulturhuset Karelia\",\"isPartOf\":{\"@id\":\"https:\/\/kulturhusetkarelia.fi\/#website\"},\"primaryImageOfPage\":{\"@id\":\"https:\/\/kulturhusetkarelia.fi\/evenemang\/manskensprinsen\/#primaryimage\"},\"image\":{\"@id\":\"https:\/\/kulturhusetkarelia.fi\/evenemang\/manskensprinsen\/#primaryimage\"},\"thumbnailUrl\":\"https:\/\/kulturhusetkarelia.fi\/wp-content\/uploads\/2022\/10\/Manskensprinsen1200x630-jpg.webp\",\"datePublished\":\"2022-11-20T18:39:43+00:00\",\"dateModified\":\"2023-01-18T13:20:21+00:00\",\"breadcrumb\":{\"@id\":\"https:\/\/kulturhusetkarelia.fi\/evenemang\/manskensprinsen\/#breadcrumb\"},\"inLanguage\":\"fi\",\"potentialAction\":[{\"@type\":\"ReadAction\",\"target\":[\"https:\/\/kulturhusetkarelia.fi\/evenemang\/manskensprinsen\/\"]}]},{\"@type\":\"ImageObject\",\"inLanguage\":\"fi\",\"@id\":\"https:\/\/kulturhusetkarelia.fi\/evenemang\/manskensprinsen\/#primaryimage\",\"url\":\"https:\/\/kulturhusetkarelia.fi\/wp-content\/uploads\/2022\/10\/Manskensprinsen1200x630-jpg.webp\",\"contentUrl\":\"https:\/\/kulturhusetkarelia.fi\/wp-content\/uploads\/2022\/10\/Manskensprinsen1200x630-jpg.webp\",\"width\":630,\"height\":630},{\"@type\":\"BreadcrumbList\",\"@id\":\"https:\/\/kulturhusetkarelia.fi\/evenemang\/manskensprinsen\/#breadcrumb\",\"itemListElement\":[{\"@type\":\"ListItem\",\"position\":1,\"name\":\"Home\",\"item\":\"https:\/\/kulturhusetkarelia.fi\/\"},{\"@type\":\"ListItem\",\"position\":2,\"name\":\"Events\",\"item\":\"https:\/\/kulturhusetkarelia.fi\/evenemang\/\"},{\"@type\":\"ListItem\",\"position\":3,\"name\":\"M\u00e5nskensprinsen\"}]},{\"@type\":\"WebSite\",\"@id\":\"https:\/\/kulturhusetkarelia.fi\/#website\",\"url\":\"https:\/\/kulturhusetkarelia.fi\/\",\"name\":\"Kulturhuset Karelia\",\"description\":\"\",\"publisher\":{\"@id\":\"https:\/\/kulturhusetkarelia.fi\/#organization\"},\"potentialAction\":[{\"@type\":\"SearchAction\",\"target\":{\"@type\":\"EntryPoint\",\"urlTemplate\":\"https:\/\/kulturhusetkarelia.fi\/?s={search_term_string}\"},\"query-input\":{\"@type\":\"PropertyValueSpecification\",\"valueRequired\":true,\"valueName\":\"search_term_string\"}}],\"inLanguage\":\"fi\"},{\"@type\":\"Organization\",\"@id\":\"https:\/\/kulturhusetkarelia.fi\/#organization\",\"name\":\"Kulturhuset Karelia\",\"url\":\"https:\/\/kulturhusetkarelia.fi\/\",\"logo\":{\"@type\":\"ImageObject\",\"inLanguage\":\"fi\",\"@id\":\"https:\/\/kulturhusetkarelia.fi\/#\/schema\/logo\/image\/\",\"url\":\"https:\/\/kulturhusetkarelia.fi\/wp-content\/uploads\/2023\/01\/Stor-logo-rod.svg\",\"contentUrl\":\"https:\/\/kulturhusetkarelia.fi\/wp-content\/uploads\/2023\/01\/Stor-logo-rod.svg\",\"width\":1,\"height\":1,\"caption\":\"Kulturhuset Karelia\"},\"image\":{\"@id\":\"https:\/\/kulturhusetkarelia.fi\/#\/schema\/logo\/image\/\"},\"sameAs\":[\"https:\/\/www.facebook.com\/kulturhusetkarelia\/\",\"https:\/\/www.instagram.com\/kulturhusetkarelia\/\"]}]}<\/script>\n<!-- \/ Yoast SEO plugin. -->","yoast_head_json":{"title":"M\u00e5nskensprinsen - Kulturhuset Karelia","robots":{"index":"index","follow":"follow","max-snippet":"max-snippet:-1","max-image-preview":"max-image-preview:large","max-video-preview":"max-video-preview:-1"},"canonical":"https:\/\/kulturhusetkarelia.fi\/fi\/evenemang\/manskensprinsen\/","og_locale":"fi_FI","og_type":"article","og_title":"M\u00e5nskensprinsen - Kulturhuset Karelia","og_description":"I vinter f\u00e5r det nyskrivna familje\u00e4ventyret M\u00e5nskensprinsen premi\u00e4r p\u00e5 Kulturhuset Karelia. Pj\u00e4sen \u00e4r en fantasiber\u00e4ttlese som lyfter fram sp\u00e4nning, magi, v\u00e4nskap och mod. Den sagoaktiga ber\u00e4ttelsen handlar om prins Aurelian som v\u00e4xer upp i ett slott med sin mor drottningen och tre \u00e4lvor. N\u00e4r solen g\u00e5r ner vaknar han, och vid gryningen g\u00e5r han och&hellip; Jatka lukemista M\u00e5nskensprinsen","og_url":"https:\/\/kulturhusetkarelia.fi\/fi\/evenemang\/manskensprinsen\/","og_site_name":"Kulturhuset Karelia","article_publisher":"https:\/\/www.facebook.com\/kulturhusetkarelia\/","article_modified_time":"2023-01-18T13:20:21+00:00","og_image":[{"width":630,"height":630,"url":"https:\/\/kulturhusetkarelia.fi\/wp-content\/uploads\/2022\/10\/Manskensprinsen1200x630-jpg.webp","type":"image\/jpeg"}],"twitter_card":"summary_large_image","twitter_misc":{"Arvioitu lukuaika":"1 minuutti"},"schema":{"@context":"https:\/\/schema.org","@graph":[{"@type":"WebPage","@id":"https:\/\/kulturhusetkarelia.fi\/evenemang\/manskensprinsen\/","url":"https:\/\/kulturhusetkarelia.fi\/evenemang\/manskensprinsen\/","name":"M\u00e5nskensprinsen - Kulturhuset Karelia","isPartOf":{"@id":"https:\/\/kulturhusetkarelia.fi\/#website"},"primaryImageOfPage":{"@id":"https:\/\/kulturhusetkarelia.fi\/evenemang\/manskensprinsen\/#primaryimage"},"image":{"@id":"https:\/\/kulturhusetkarelia.fi\/evenemang\/manskensprinsen\/#primaryimage"},"thumbnailUrl":"https:\/\/kulturhusetkarelia.fi\/wp-content\/uploads\/2022\/10\/Manskensprinsen1200x630-jpg.webp","datePublished":"2022-11-20T18:39:43+00:00","dateModified":"2023-01-18T13:20:21+00:00","breadcrumb":{"@id":"https:\/\/kulturhusetkarelia.fi\/evenemang\/manskensprinsen\/#breadcrumb"},"inLanguage":"fi","potentialAction":[{"@type":"ReadAction","target":["https:\/\/kulturhusetkarelia.fi\/evenemang\/manskensprinsen\/"]}]},{"@type":"ImageObject","inLanguage":"fi","@id":"https:\/\/kulturhusetkarelia.fi\/evenemang\/manskensprinsen\/#primaryimage","url":"https:\/\/kulturhusetkarelia.fi\/wp-content\/uploads\/2022\/10\/Manskensprinsen1200x630-jpg.webp","contentUrl":"https:\/\/kulturhusetkarelia.fi\/wp-content\/uploads\/2022\/10\/Manskensprinsen1200x630-jpg.webp","width":630,"height":630},{"@type":"BreadcrumbList","@id":"https:\/\/kulturhusetkarelia.fi\/evenemang\/manskensprinsen\/#breadcrumb","itemListElement":[{"@type":"ListItem","position":1,"name":"Home","item":"https:\/\/kulturhusetkarelia.fi\/"},{"@type":"ListItem","position":2,"name":"Events","item":"https:\/\/kulturhusetkarelia.fi\/evenemang\/"},{"@type":"ListItem","position":3,"name":"M\u00e5nskensprinsen"}]},{"@type":"WebSite","@id":"https:\/\/kulturhusetkarelia.fi\/#website","url":"https:\/\/kulturhusetkarelia.fi\/","name":"Kulturhuset Karelia","description":"","publisher":{"@id":"https:\/\/kulturhusetkarelia.fi\/#organization"},"potentialAction":[{"@type":"SearchAction","target":{"@type":"EntryPoint","urlTemplate":"https:\/\/kulturhusetkarelia.fi\/?s={search_term_string}"},"query-input":{"@type":"PropertyValueSpecification","valueRequired":true,"valueName":"search_term_string"}}],"inLanguage":"fi"},{"@type":"Organization","@id":"https:\/\/kulturhusetkarelia.fi\/#organization","name":"Kulturhuset Karelia","url":"https:\/\/kulturhusetkarelia.fi\/","logo":{"@type":"ImageObject","inLanguage":"fi","@id":"https:\/\/kulturhusetkarelia.fi\/#\/schema\/logo\/image\/","url":"https:\/\/kulturhusetkarelia.fi\/wp-content\/uploads\/2023\/01\/Stor-logo-rod.svg","contentUrl":"https:\/\/kulturhusetkarelia.fi\/wp-content\/uploads\/2023\/01\/Stor-logo-rod.svg","width":1,"height":1,"caption":"Kulturhuset Karelia"},"image":{"@id":"https:\/\/kulturhusetkarelia.fi\/#\/schema\/logo\/image\/"},"sameAs":["https:\/\/www.facebook.com\/kulturhusetkarelia\/","https:\/\/www.instagram.com\/kulturhusetkarelia\/"]}]}},"jetpack_sharing_enabled":true,"_links":{"self":[{"href":"https:\/\/kulturhusetkarelia.fi\/fi\/wp-json\/wp\/v2\/ajde_events\/551","targetHints":{"allow":["GET"]}}],"collection":[{"href":"https:\/\/kulturhusetkarelia.fi\/fi\/wp-json\/wp\/v2\/ajde_events"}],"about":[{"href":"https:\/\/kulturhusetkarelia.fi\/fi\/wp-json\/wp\/v2\/types\/ajde_events"}],"author":[{"embeddable":true,"href":"https:\/\/kulturhusetkarelia.fi\/fi\/wp-json\/wp\/v2\/users\/2"}],"replies":[{"embeddable":true,"href":"https:\/\/kulturhusetkarelia.fi\/fi\/wp-json\/wp\/v2\/comments?post=551"}],"wp:featuredmedia":[{"embeddable":true,"href":"https:\/\/kulturhusetkarelia.fi\/fi\/wp-json\/wp\/v2\/media\/352"}],"wp:attachment":[{"href":"https:\/\/kulturhusetkarelia.fi\/fi\/wp-json\/wp\/v2\/media?parent=551"}],"wp:term":[{"taxonomy":"post_tag","embeddable":true,"href":"https:\/\/kulturhusetkarelia.fi\/fi\/wp-json\/wp\/v2\/tags?post=551"},{"taxonomy":"event_type","embeddable":true,"href":"https:\/\/kulturhusetkarelia.fi\/fi\/wp-json\/wp\/v2\/event_type?post=551"},{"taxonomy":"event_type_2","embeddable":true,"href":"https:\/\/kulturhusetkarelia.fi\/fi\/wp-json\/wp\/v2\/event_type_2?post=551"}],"curies":[{"name":"wp","href":"https:\/\/api.w.org\/{rel}","templated":true}]}}