{"id":18047,"date":"2026-09-03T15:53:20","date_gmt":"2026-09-03T12:53:20","guid":{"rendered":"https:\/\/kulturhusetkarelia.fi\/?post_type=ajde_events&#038;p=18047"},"modified":"2026-09-03T15:53:20","modified_gmt":"2026-09-03T12:53:20","slug":"magnus-betner-mellan-oss","status":"publish","type":"ajde_events","link":"https:\/\/kulturhusetkarelia.fi\/fi\/evenemang\/magnus-betner-mellan-oss\/","title":{"rendered":"Magnus Betn\u00e9r &#8211; Mellan oss"},"content":{"rendered":"<p class=\"wp-block-paragraph\">&#8221;Mellan oss&#8221; &#8211; det \u00e4r p\u00e5 fler \u00e4n ett s\u00e4tt man kan blicka tillbaka p\u00e5 Magnus Betn\u00e9rs karri\u00e4r. O ena sidan en sanningss\u00e4gare, en voice of reason och provocerande \u00e4rlig &#8211; enligt m\u00e5nga. O andra sidan r\u00e5, sj\u00e4lvutl\u00e4mnande och enligt vissa &#8211; \u00e4rligt talat provocerande. F\u00e5 har r\u00f6rt upp fler k\u00e4nslor \u00e4n vad Magnus Betn\u00e9r har gjort under sina m\u00e5nga varv runt b\u00e5de Sverige och Svenskfinland.<\/p>\n\n\n\n<p class=\"wp-block-paragraph\"><br><strong>L\u00f6rdag 13.2.2027 kl. 19:00<\/strong><br><strong>L\u00e4ngd: <\/strong>ca 75 min utan paus<br><strong>\u00c5ldersgr\u00e4ns:<\/strong> Rekommenderad \u00e5ldersgr\u00e4ns 13 \u00e5r, i m\u00e5lsmans s\u00e4llskap.<br>Det \u00e4r f\u00f6rbjudet att filma under f\u00f6rest\u00e4llningen!<br><\/p>\n\n\n\n<p class=\"wp-block-paragraph\"><br>Om det var \u201dInget \u00e4r heligt\u201d, \u201dTal till nationen\u201d och \u201dLivets ord\u201d som skapade personan Magnus Betn\u00e9r s\u00e5 \u00e4r det 2027 dags att f\u00e5 l\u00e4ra k\u00e4nna Magnus. Allt i en rolig, utl\u00e4mnande standupshow d\u00e4r en (trots alla bevis p\u00e5 motsatsen) \u00e5ldrande komiker vill visa en ny sida av sig sj\u00e4lv. Eller kanske mer ett foto med fler f\u00e4rger \u00e4n den svartvita bilden m\u00e5nga har.<\/p>\n\n\n\n<p class=\"wp-block-paragraph\">\u201cMellan oss\u201d \u00e4r mer \u00e4n en titel p\u00e5 en show &#8211; det \u00e4r ett osynligt kontrakt som signerats mellan Magnus Betn\u00e9r och hans publik sedan mer \u00e4n 20 \u00e5r tillbaka. Inte f\u00f6r att det som s\u00e4gs n\u00f6dv\u00e4ndigtvis \u00e4r n\u00e5gra hemligheter, men det \u00e4r en utstr\u00e4ckt hand och ett \u00e4kthetsbevis p\u00e5 att det vi upplever h\u00e4r ikv\u00e4ll, det \u00e4r bara f\u00f6r oss. F\u00f6r n\u00e4r Magnus f\u00f6r f\u00f6rsta g\u00e5ngen p\u00e5 \u00f6ver ett decennium g\u00f6r en stor turn\u00e9 \u2013 ensam p\u00e5 affischen \u2013 d\u00e5 kommer det bli speciellt.<\/p>\n\n\n\n<p class=\"wp-block-paragraph\">Det \u00e4r ber\u00e4ttelsen om diagnosbarnet Magnus och om livspusselsl\u00f6sande tv\u00e5barnspappan Betn\u00e9r samt allt det han runt femtio h\u00e5ller k\u00e4rt. Och s\u00e5 lite om det han f\u00f6rundras \u00f6ver. De senaste dryga tio \u00e5ren har Magnus Betn\u00e9r turnerat som en del av olika konstellationer och d\u00e4r emellan tr\u00f6skat runt med den st\u00e4ndigt levande Work in progress-turn\u00e9n. D\u00e4r vissa kanske skulle k\u00e4nt att varf\u00f6r \u00e4ndra p\u00e5 ett vinnande koncept vill Magnus gr\u00e4va djupare f\u00f6r att f\u00f6rs\u00f6ka hitta den ber\u00f6mda k\u00e4rnan. Det kommer finnas sp\u00e5r av adhd, det kan f\u00f6rekomma fragment av samh\u00e4llsanalys. En och annan k\u00e4ndis kanske m\u00e5ste avhandlas. Fans kommer k\u00e4nna igen sig, fans kommer att bli \u00f6verraskade. V\u00e4lkommen till en lika delar obekv\u00e4m som inkluderande och en, mellan oss, v\u00e4ldigt rolig standupshow.<\/p>","protected":false},"author":4,"featured_media":18049,"menu_order":0,"comment_status":"closed","ping_status":"closed","template":"","meta":{"_themeisle_gutenberg_block_has_review":false},"tags":[],"event_type":[],"event_type_2":[],"class_list":["post-18047","ajde_events","type-ajde_events","status-publish","has-post-thumbnail","hentry","event_location-kulturhuset-karelia","event_organizer-eventland-live","entry"],"yoast_head":"<!-- This site is optimized with the Yoast SEO plugin v28.2 - https:\/\/yoast.com\/product\/yoast-seo-wordpress\/ -->\n<title>Magnus Betn\u00e9r - Mellan oss - Kulturhuset Karelia<\/title>\n<meta name=\"robots\" content=\"index, follow, max-snippet:-1, max-image-preview:large, max-video-preview:-1\" \/>\n<link rel=\"canonical\" href=\"https:\/\/kulturhusetkarelia.fi\/fi\/evenemang\/magnus-betner-mellan-oss\/\" \/>\n<meta property=\"og:locale\" content=\"fi_FI\" \/>\n<meta property=\"og:type\" content=\"article\" \/>\n<meta property=\"og:title\" content=\"Magnus Betn\u00e9r - Mellan oss - Kulturhuset Karelia\" \/>\n<meta property=\"og:description\" content=\"&#8221;Mellan oss&#8221; &#8211; det \u00e4r p\u00e5 fler \u00e4n ett s\u00e4tt man kan blicka tillbaka p\u00e5 Magnus Betn\u00e9rs karri\u00e4r. O ena sidan en sanningss\u00e4gare, en voice of reason och provocerande \u00e4rlig &#8211; enligt m\u00e5nga. O andra sidan r\u00e5, sj\u00e4lvutl\u00e4mnande och enligt vissa &#8211; \u00e4rligt talat provocerande. F\u00e5 har r\u00f6rt upp fler k\u00e4nslor \u00e4n vad Magnus Betn\u00e9r&hellip; Jatka lukemista Magnus Betn\u00e9r &#8211; Mellan oss\" \/>\n<meta property=\"og:url\" content=\"https:\/\/kulturhusetkarelia.fi\/fi\/evenemang\/magnus-betner-mellan-oss\/\" \/>\n<meta property=\"og:site_name\" content=\"Kulturhuset Karelia\" \/>\n<meta property=\"article:publisher\" content=\"https:\/\/www.facebook.com\/kulturhusetkarelia\/\" \/>\n<meta property=\"og:image\" content=\"https:\/\/kulturhusetkarelia.fi\/wp-content\/uploads\/2026\/09\/MB-\u2013-Mellan-oss-svartvit-2880x1680-HERO-scaled.avif\" \/>\n\t<meta property=\"og:image:width\" content=\"2560\" \/>\n\t<meta property=\"og:image:height\" content=\"1493\" \/>\n\t<meta property=\"og:image:type\" content=\"image\/png\" \/>\n<meta name=\"twitter:card\" content=\"summary_large_image\" \/>\n<meta name=\"twitter:label1\" content=\"Arvioitu lukuaika\" \/>\n\t<meta name=\"twitter:data1\" content=\"2 minuuttia\" \/>\n<script type=\"application\/ld+json\" class=\"yoast-schema-graph\">{\"@context\":\"https:\\\/\\\/schema.org\",\"@graph\":[{\"@type\":\"WebPage\",\"@id\":\"https:\\\/\\\/kulturhusetkarelia.fi\\\/evenemang\\\/magnus-betner-mellan-oss\\\/\",\"url\":\"https:\\\/\\\/kulturhusetkarelia.fi\\\/evenemang\\\/magnus-betner-mellan-oss\\\/\",\"name\":\"Magnus Betn\u00e9r - Mellan oss - Kulturhuset Karelia\",\"isPartOf\":{\"@id\":\"https:\\\/\\\/kulturhusetkarelia.fi\\\/#website\"},\"primaryImageOfPage\":{\"@id\":\"https:\\\/\\\/kulturhusetkarelia.fi\\\/evenemang\\\/magnus-betner-mellan-oss\\\/#primaryimage\"},\"image\":{\"@id\":\"https:\\\/\\\/kulturhusetkarelia.fi\\\/evenemang\\\/magnus-betner-mellan-oss\\\/#primaryimage\"},\"thumbnailUrl\":\"https:\\\/\\\/kulturhusetkarelia.fi\\\/wp-content\\\/uploads\\\/2026\\\/09\\\/MB-\u2013-Mellan-oss-svartvit-2880x1680-HERO-scaled.avif\",\"datePublished\":\"2026-09-03T12:53:20+00:00\",\"breadcrumb\":{\"@id\":\"https:\\\/\\\/kulturhusetkarelia.fi\\\/evenemang\\\/magnus-betner-mellan-oss\\\/#breadcrumb\"},\"inLanguage\":\"fi\",\"potentialAction\":[{\"@type\":\"ReadAction\",\"target\":[\"https:\\\/\\\/kulturhusetkarelia.fi\\\/evenemang\\\/magnus-betner-mellan-oss\\\/\"]}]},{\"@type\":\"ImageObject\",\"inLanguage\":\"fi\",\"@id\":\"https:\\\/\\\/kulturhusetkarelia.fi\\\/evenemang\\\/magnus-betner-mellan-oss\\\/#primaryimage\",\"url\":\"https:\\\/\\\/kulturhusetkarelia.fi\\\/wp-content\\\/uploads\\\/2026\\\/09\\\/MB-\u2013-Mellan-oss-svartvit-2880x1680-HERO-scaled.avif\",\"contentUrl\":\"https:\\\/\\\/kulturhusetkarelia.fi\\\/wp-content\\\/uploads\\\/2026\\\/09\\\/MB-\u2013-Mellan-oss-svartvit-2880x1680-HERO-scaled.avif\",\"width\":2560,\"height\":1493},{\"@type\":\"BreadcrumbList\",\"@id\":\"https:\\\/\\\/kulturhusetkarelia.fi\\\/evenemang\\\/magnus-betner-mellan-oss\\\/#breadcrumb\",\"itemListElement\":[{\"@type\":\"ListItem\",\"position\":1,\"name\":\"Home\",\"item\":\"https:\\\/\\\/kulturhusetkarelia.fi\\\/\"},{\"@type\":\"ListItem\",\"position\":2,\"name\":\"Events\",\"item\":\"https:\\\/\\\/kulturhusetkarelia.fi\\\/evenemang\\\/\"},{\"@type\":\"ListItem\",\"position\":3,\"name\":\"Magnus Betn\u00e9r &#8211; Mellan oss\"}]},{\"@type\":\"WebSite\",\"@id\":\"https:\\\/\\\/kulturhusetkarelia.fi\\\/#website\",\"url\":\"https:\\\/\\\/kulturhusetkarelia.fi\\\/\",\"name\":\"Kulturhuset Karelia\",\"description\":\"\",\"publisher\":{\"@id\":\"https:\\\/\\\/kulturhusetkarelia.fi\\\/#organization\"},\"potentialAction\":[{\"@type\":\"SearchAction\",\"target\":{\"@type\":\"EntryPoint\",\"urlTemplate\":\"https:\\\/\\\/kulturhusetkarelia.fi\\\/?s={search_term_string}\"},\"query-input\":{\"@type\":\"PropertyValueSpecification\",\"valueRequired\":true,\"valueName\":\"search_term_string\"}}],\"inLanguage\":\"fi\"},{\"@type\":\"Organization\",\"@id\":\"https:\\\/\\\/kulturhusetkarelia.fi\\\/#organization\",\"name\":\"Kulturhuset Karelia\",\"url\":\"https:\\\/\\\/kulturhusetkarelia.fi\\\/\",\"logo\":{\"@type\":\"ImageObject\",\"inLanguage\":\"fi\",\"@id\":\"https:\\\/\\\/kulturhusetkarelia.fi\\\/#\\\/schema\\\/logo\\\/image\\\/\",\"url\":\"https:\\\/\\\/kulturhusetkarelia.fi\\\/wp-content\\\/uploads\\\/2023\\\/01\\\/Stor-logo-rod.svg\",\"contentUrl\":\"https:\\\/\\\/kulturhusetkarelia.fi\\\/wp-content\\\/uploads\\\/2023\\\/01\\\/Stor-logo-rod.svg\",\"width\":1,\"height\":1,\"caption\":\"Kulturhuset Karelia\"},\"image\":{\"@id\":\"https:\\\/\\\/kulturhusetkarelia.fi\\\/#\\\/schema\\\/logo\\\/image\\\/\"},\"sameAs\":[\"https:\\\/\\\/www.facebook.com\\\/kulturhusetkarelia\\\/\",\"https:\\\/\\\/www.instagram.com\\\/kulturhusetkarelia\\\/\"]}]}<\/script>\n<!-- \/ Yoast SEO plugin. -->","yoast_head_json":{"title":"Magnus Betn\u00e9r - Mellan oss - Kulturhuset Karelia","robots":{"index":"index","follow":"follow","max-snippet":"max-snippet:-1","max-image-preview":"max-image-preview:large","max-video-preview":"max-video-preview:-1"},"canonical":"https:\/\/kulturhusetkarelia.fi\/fi\/evenemang\/magnus-betner-mellan-oss\/","og_locale":"fi_FI","og_type":"article","og_title":"Magnus Betn\u00e9r - Mellan oss - Kulturhuset Karelia","og_description":"&#8221;Mellan oss&#8221; &#8211; det \u00e4r p\u00e5 fler \u00e4n ett s\u00e4tt man kan blicka tillbaka p\u00e5 Magnus Betn\u00e9rs karri\u00e4r. O ena sidan en sanningss\u00e4gare, en voice of reason och provocerande \u00e4rlig &#8211; enligt m\u00e5nga. O andra sidan r\u00e5, sj\u00e4lvutl\u00e4mnande och enligt vissa &#8211; \u00e4rligt talat provocerande. F\u00e5 har r\u00f6rt upp fler k\u00e4nslor \u00e4n vad Magnus Betn\u00e9r&hellip; Jatka lukemista Magnus Betn\u00e9r &#8211; Mellan oss","og_url":"https:\/\/kulturhusetkarelia.fi\/fi\/evenemang\/magnus-betner-mellan-oss\/","og_site_name":"Kulturhuset Karelia","article_publisher":"https:\/\/www.facebook.com\/kulturhusetkarelia\/","og_image":[{"width":2560,"height":1493,"url":"https:\/\/kulturhusetkarelia.fi\/wp-content\/uploads\/2026\/09\/MB-\u2013-Mellan-oss-svartvit-2880x1680-HERO-scaled.avif","type":"image\/png"}],"twitter_card":"summary_large_image","twitter_misc":{"Arvioitu lukuaika":"2 minuuttia"},"schema":{"@context":"https:\/\/schema.org","@graph":[{"@type":"WebPage","@id":"https:\/\/kulturhusetkarelia.fi\/evenemang\/magnus-betner-mellan-oss\/","url":"https:\/\/kulturhusetkarelia.fi\/evenemang\/magnus-betner-mellan-oss\/","name":"Magnus Betn\u00e9r - Mellan oss - Kulturhuset Karelia","isPartOf":{"@id":"https:\/\/kulturhusetkarelia.fi\/#website"},"primaryImageOfPage":{"@id":"https:\/\/kulturhusetkarelia.fi\/evenemang\/magnus-betner-mellan-oss\/#primaryimage"},"image":{"@id":"https:\/\/kulturhusetkarelia.fi\/evenemang\/magnus-betner-mellan-oss\/#primaryimage"},"thumbnailUrl":"https:\/\/kulturhusetkarelia.fi\/wp-content\/uploads\/2026\/09\/MB-\u2013-Mellan-oss-svartvit-2880x1680-HERO-scaled.avif","datePublished":"2026-09-03T12:53:20+00:00","breadcrumb":{"@id":"https:\/\/kulturhusetkarelia.fi\/evenemang\/magnus-betner-mellan-oss\/#breadcrumb"},"inLanguage":"fi","potentialAction":[{"@type":"ReadAction","target":["https:\/\/kulturhusetkarelia.fi\/evenemang\/magnus-betner-mellan-oss\/"]}]},{"@type":"ImageObject","inLanguage":"fi","@id":"https:\/\/kulturhusetkarelia.fi\/evenemang\/magnus-betner-mellan-oss\/#primaryimage","url":"https:\/\/kulturhusetkarelia.fi\/wp-content\/uploads\/2026\/09\/MB-\u2013-Mellan-oss-svartvit-2880x1680-HERO-scaled.avif","contentUrl":"https:\/\/kulturhusetkarelia.fi\/wp-content\/uploads\/2026\/09\/MB-\u2013-Mellan-oss-svartvit-2880x1680-HERO-scaled.avif","width":2560,"height":1493},{"@type":"BreadcrumbList","@id":"https:\/\/kulturhusetkarelia.fi\/evenemang\/magnus-betner-mellan-oss\/#breadcrumb","itemListElement":[{"@type":"ListItem","position":1,"name":"Home","item":"https:\/\/kulturhusetkarelia.fi\/"},{"@type":"ListItem","position":2,"name":"Events","item":"https:\/\/kulturhusetkarelia.fi\/evenemang\/"},{"@type":"ListItem","position":3,"name":"Magnus Betn\u00e9r &#8211; Mellan oss"}]},{"@type":"WebSite","@id":"https:\/\/kulturhusetkarelia.fi\/#website","url":"https:\/\/kulturhusetkarelia.fi\/","name":"Kulttuuritalo Karelia","description":"","publisher":{"@id":"https:\/\/kulturhusetkarelia.fi\/#organization"},"potentialAction":[{"@type":"SearchAction","target":{"@type":"EntryPoint","urlTemplate":"https:\/\/kulturhusetkarelia.fi\/?s={search_term_string}"},"query-input":{"@type":"PropertyValueSpecification","valueRequired":true,"valueName":"search_term_string"}}],"inLanguage":"fi"},{"@type":"Organization","@id":"https:\/\/kulturhusetkarelia.fi\/#organization","name":"Kulttuuritalo Karelia","url":"https:\/\/kulturhusetkarelia.fi\/","logo":{"@type":"ImageObject","inLanguage":"fi","@id":"https:\/\/kulturhusetkarelia.fi\/#\/schema\/logo\/image\/","url":"https:\/\/kulturhusetkarelia.fi\/wp-content\/uploads\/2023\/01\/Stor-logo-rod.svg","contentUrl":"https:\/\/kulturhusetkarelia.fi\/wp-content\/uploads\/2023\/01\/Stor-logo-rod.svg","width":1,"height":1,"caption":"Kulturhuset Karelia"},"image":{"@id":"https:\/\/kulturhusetkarelia.fi\/#\/schema\/logo\/image\/"},"sameAs":["https:\/\/www.facebook.com\/kulturhusetkarelia\/","https:\/\/www.instagram.com\/kulturhusetkarelia\/"]}]}},"jetpack_sharing_enabled":true,"_links":{"self":[{"href":"https:\/\/kulturhusetkarelia.fi\/fi\/wp-json\/wp\/v2\/ajde_events\/18047","targetHints":{"allow":["GET"]}}],"collection":[{"href":"https:\/\/kulturhusetkarelia.fi\/fi\/wp-json\/wp\/v2\/ajde_events"}],"about":[{"href":"https:\/\/kulturhusetkarelia.fi\/fi\/wp-json\/wp\/v2\/types\/ajde_events"}],"author":[{"embeddable":true,"href":"https:\/\/kulturhusetkarelia.fi\/fi\/wp-json\/wp\/v2\/users\/4"}],"replies":[{"embeddable":true,"href":"https:\/\/kulturhusetkarelia.fi\/fi\/wp-json\/wp\/v2\/comments?post=18047"}],"wp:featuredmedia":[{"embeddable":true,"href":"https:\/\/kulturhusetkarelia.fi\/fi\/wp-json\/wp\/v2\/media\/18049"}],"wp:attachment":[{"href":"https:\/\/kulturhusetkarelia.fi\/fi\/wp-json\/wp\/v2\/media?parent=18047"}],"wp:term":[{"taxonomy":"post_tag","embeddable":true,"href":"https:\/\/kulturhusetkarelia.fi\/fi\/wp-json\/wp\/v2\/tags?post=18047"},{"taxonomy":"event_type","embeddable":true,"href":"https:\/\/kulturhusetkarelia.fi\/fi\/wp-json\/wp\/v2\/event_type?post=18047"},{"taxonomy":"event_type_2","embeddable":true,"href":"https:\/\/kulturhusetkarelia.fi\/fi\/wp-json\/wp\/v2\/event_type_2?post=18047"}],"curies":[{"name":"wp","href":"https:\/\/api.w.org\/{rel}","templated":true}]}}