{"id":17882,"date":"2026-03-05T11:01:16","date_gmt":"2026-03-05T09:01:16","guid":{"rendered":"https:\/\/kulturhusetkarelia.fi\/?post_type=ajde_events&#038;p=17882"},"modified":"2026-03-05T11:01:17","modified_gmt":"2026-03-05T09:01:17","slug":"klockriketeatern-syrenvagen","status":"publish","type":"ajde_events","link":"https:\/\/kulturhusetkarelia.fi\/fi\/evenemang\/klockriketeatern-syrenvagen\/","title":{"rendered":"Klockriketeatern: SYRENV\u00c4GEN"},"content":{"rendered":"<p><strong>L\u00e4ngtar du till ett sommarparadis? Bakom Syrenv\u00e4gens ansade odlingar kan vi ana sprickor i idyllen \u2013 eller \u00e4r det rent av en fr\u00e4mmande art som sticker upp i rabatten?&nbsp;<\/strong><\/p>\n\n\n\n<p>Klockriketeatern presenterar en dramatiserad l\u00e4sning av <em>Syrenv\u00e4gen,<\/em> av den uppm\u00e4rksammade svenska dramatikern Anders Duus. Fyra sk\u00e5despelare spelar femton f\u00e4rgstarka roller \u2013 karakt\u00e4rer som alla med erfarenhet av ett mindre samh\u00e4lle omedelbart kan k\u00e4nna igen.<\/p>\n\n\n\n<p>Vad \u00e4r en dramatiserad l\u00e4sning? Det betyder att sk\u00e5despelarna l\u00e4ser texten som den \u00e4r skriven, ur ett manuskript, inf\u00f6r publik. L\u00e4sningen \u00e4r regisserad och inneh\u00e5ller teaterns element s\u00e5som ljud och visuell design.<\/p>\n\n\n\n<p>Torsdag 26.3 klockan 18.30<\/p>\n\n\n\n<p>Text:<strong> Anders Duus<\/strong><strong><br><\/strong>Regi: <strong>Kaisa-Liisa Logren<\/strong><strong><br><\/strong>Visuell design:<strong> Paula Koivunen<\/strong><strong><br><\/strong>Tons\u00e4ttning och ljuddesign:<strong> Kristian Ekholm<\/strong><strong><br><\/strong>P\u00e5 scenen:<strong> Carl Alm, Anja Bargum, Peter Kanerva, Soila Shah<\/strong><strong><br><\/strong>Produktion: <strong>Klockriketeatern<\/strong><\/p>\n\n\n\n<p>F\u00f6rest\u00e4llningens spr\u00e5k: svenska<br>F\u00f6rest\u00e4llningens l\u00e4ngd: 2 h 15 min inklusive paus<br>Mer info: <a href=\"http:\/\/klockrike.fi\/\">klockrike.fi<\/a><br><\/p>\n\n\n\n<p><strong>Konstn\u00e4rssamtal med f\u00f6rfattare Monika Fagerholm f\u00f6re f\u00f6rest\u00e4llningen kl 17:45<\/strong><br><br><strong>Monika Fagerholm<\/strong> har i \u00e5r bel\u00f6nats med b\u00e5de Finlandiapriset och Runebergspriset. I sitt f\u00f6rfattarskap har hon \u00e5terkommande skildrat livet i sm\u00e5, slutna samh\u00e4llen och beskrivit de dynamiker som kan uppst\u00e5 bland folk med mycket gemensam historia \u2013 motiv som ocks\u00e5 ligger som grund till Anders Duus pj\u00e4s <em>Syrenv\u00e4gen<\/em>. Under det h\u00e4r samtalet ber\u00e4ttar Fagerholm om hur hon har arbetat med fr\u00e5gor om samh\u00f6righet och utanf\u00f6rskap och hur de har format hennes romaner och gestalter. Vi f\u00e5r en f\u00f6rdjupad inblick i Fagerholms egna skrivprocesser och en ink\u00f6rsport ocks\u00e5 till f\u00f6rest\u00e4llningens tematik.<\/p>\n\n\n\n<p>Publiken har m\u00f6jlighet att st\u00e4lla fr\u00e5gor.<br>Samtalet \u00e4r kostnadsfritt f\u00f6r alla som har k\u00f6pt biljett till <em>Syrenv\u00e4gen<\/em>.<\/p>","protected":false},"author":4,"featured_media":17883,"menu_order":0,"comment_status":"closed","ping_status":"closed","template":"","meta":{"_themeisle_gutenberg_block_has_review":false},"tags":[],"event_type":[],"event_type_2":[],"class_list":["post-17882","ajde_events","type-ajde_events","status-publish","has-post-thumbnail","hentry","event_location-kulturhuset-karelia","event_organizer-klockriketeatern","entry"],"yoast_head":"<!-- This site is optimized with the Yoast SEO plugin v24.9 - https:\/\/yoast.com\/wordpress\/plugins\/seo\/ -->\n<title>Klockriketeatern: SYRENV\u00c4GEN - Kulturhuset Karelia<\/title>\n<meta name=\"robots\" content=\"index, follow, max-snippet:-1, max-image-preview:large, max-video-preview:-1\" \/>\n<link rel=\"canonical\" href=\"https:\/\/kulturhusetkarelia.fi\/fi\/evenemang\/klockriketeatern-syrenvagen\/\" \/>\n<meta property=\"og:locale\" content=\"fi_FI\" \/>\n<meta property=\"og:type\" content=\"article\" \/>\n<meta property=\"og:title\" content=\"Klockriketeatern: SYRENV\u00c4GEN - Kulturhuset Karelia\" \/>\n<meta property=\"og:description\" content=\"L\u00e4ngtar du till ett sommarparadis? Bakom Syrenv\u00e4gens ansade odlingar kan vi ana sprickor i idyllen \u2013 eller \u00e4r det rent av en fr\u00e4mmande art som sticker upp i rabatten?&nbsp; Klockriketeatern presenterar en dramatiserad l\u00e4sning av Syrenv\u00e4gen, av den uppm\u00e4rksammade svenska dramatikern Anders Duus. Fyra sk\u00e5despelare spelar femton f\u00e4rgstarka roller \u2013 karakt\u00e4rer som alla med erfarenhet&hellip; Jatka lukemista Klockriketeatern: SYRENV\u00c4GEN\" \/>\n<meta property=\"og:url\" content=\"https:\/\/kulturhusetkarelia.fi\/fi\/evenemang\/klockriketeatern-syrenvagen\/\" \/>\n<meta property=\"og:site_name\" content=\"Kulturhuset Karelia\" \/>\n<meta property=\"article:publisher\" content=\"https:\/\/www.facebook.com\/kulturhusetkarelia\/\" \/>\n<meta property=\"article:modified_time\" content=\"2026-03-05T09:01:17+00:00\" \/>\n<meta property=\"og:image\" content=\"https:\/\/kulturhusetkarelia.fi\/wp-content\/uploads\/2026\/03\/Fienta-2400x1350_2.avif\" \/>\n\t<meta property=\"og:image:width\" content=\"2400\" \/>\n\t<meta property=\"og:image:height\" content=\"1350\" \/>\n\t<meta property=\"og:image:type\" content=\"image\/jpeg\" \/>\n<meta name=\"twitter:card\" content=\"summary_large_image\" \/>\n<meta name=\"twitter:label1\" content=\"Arvioitu lukuaika\" \/>\n\t<meta name=\"twitter:data1\" content=\"2 minuuttia\" \/>\n<script type=\"application\/ld+json\" class=\"yoast-schema-graph\">{\"@context\":\"https:\/\/schema.org\",\"@graph\":[{\"@type\":\"WebPage\",\"@id\":\"https:\/\/kulturhusetkarelia.fi\/evenemang\/klockriketeatern-syrenvagen\/\",\"url\":\"https:\/\/kulturhusetkarelia.fi\/evenemang\/klockriketeatern-syrenvagen\/\",\"name\":\"Klockriketeatern: SYRENV\u00c4GEN - Kulturhuset Karelia\",\"isPartOf\":{\"@id\":\"https:\/\/kulturhusetkarelia.fi\/#website\"},\"primaryImageOfPage\":{\"@id\":\"https:\/\/kulturhusetkarelia.fi\/evenemang\/klockriketeatern-syrenvagen\/#primaryimage\"},\"image\":{\"@id\":\"https:\/\/kulturhusetkarelia.fi\/evenemang\/klockriketeatern-syrenvagen\/#primaryimage\"},\"thumbnailUrl\":\"https:\/\/kulturhusetkarelia.fi\/wp-content\/uploads\/2026\/03\/Fienta-2400x1350_2.avif\",\"datePublished\":\"2026-03-05T09:01:16+00:00\",\"dateModified\":\"2026-03-05T09:01:17+00:00\",\"breadcrumb\":{\"@id\":\"https:\/\/kulturhusetkarelia.fi\/evenemang\/klockriketeatern-syrenvagen\/#breadcrumb\"},\"inLanguage\":\"fi\",\"potentialAction\":[{\"@type\":\"ReadAction\",\"target\":[\"https:\/\/kulturhusetkarelia.fi\/evenemang\/klockriketeatern-syrenvagen\/\"]}]},{\"@type\":\"ImageObject\",\"inLanguage\":\"fi\",\"@id\":\"https:\/\/kulturhusetkarelia.fi\/evenemang\/klockriketeatern-syrenvagen\/#primaryimage\",\"url\":\"https:\/\/kulturhusetkarelia.fi\/wp-content\/uploads\/2026\/03\/Fienta-2400x1350_2.avif\",\"contentUrl\":\"https:\/\/kulturhusetkarelia.fi\/wp-content\/uploads\/2026\/03\/Fienta-2400x1350_2.avif\",\"width\":2400,\"height\":1350,\"caption\":\"Gruppfoto av Carl Alm, Anja Bargum, Peter Kanerva och Soila Shah utomhus p\u00e5 sommaren.\"},{\"@type\":\"BreadcrumbList\",\"@id\":\"https:\/\/kulturhusetkarelia.fi\/evenemang\/klockriketeatern-syrenvagen\/#breadcrumb\",\"itemListElement\":[{\"@type\":\"ListItem\",\"position\":1,\"name\":\"Home\",\"item\":\"https:\/\/kulturhusetkarelia.fi\/\"},{\"@type\":\"ListItem\",\"position\":2,\"name\":\"Events\",\"item\":\"https:\/\/kulturhusetkarelia.fi\/evenemang\/\"},{\"@type\":\"ListItem\",\"position\":3,\"name\":\"Klockriketeatern: SYRENV\u00c4GEN\"}]},{\"@type\":\"WebSite\",\"@id\":\"https:\/\/kulturhusetkarelia.fi\/#website\",\"url\":\"https:\/\/kulturhusetkarelia.fi\/\",\"name\":\"Kulturhuset Karelia\",\"description\":\"\",\"publisher\":{\"@id\":\"https:\/\/kulturhusetkarelia.fi\/#organization\"},\"potentialAction\":[{\"@type\":\"SearchAction\",\"target\":{\"@type\":\"EntryPoint\",\"urlTemplate\":\"https:\/\/kulturhusetkarelia.fi\/?s={search_term_string}\"},\"query-input\":{\"@type\":\"PropertyValueSpecification\",\"valueRequired\":true,\"valueName\":\"search_term_string\"}}],\"inLanguage\":\"fi\"},{\"@type\":\"Organization\",\"@id\":\"https:\/\/kulturhusetkarelia.fi\/#organization\",\"name\":\"Kulturhuset Karelia\",\"url\":\"https:\/\/kulturhusetkarelia.fi\/\",\"logo\":{\"@type\":\"ImageObject\",\"inLanguage\":\"fi\",\"@id\":\"https:\/\/kulturhusetkarelia.fi\/#\/schema\/logo\/image\/\",\"url\":\"https:\/\/kulturhusetkarelia.fi\/wp-content\/uploads\/2023\/01\/Stor-logo-rod.svg\",\"contentUrl\":\"https:\/\/kulturhusetkarelia.fi\/wp-content\/uploads\/2023\/01\/Stor-logo-rod.svg\",\"width\":1,\"height\":1,\"caption\":\"Kulturhuset Karelia\"},\"image\":{\"@id\":\"https:\/\/kulturhusetkarelia.fi\/#\/schema\/logo\/image\/\"},\"sameAs\":[\"https:\/\/www.facebook.com\/kulturhusetkarelia\/\",\"https:\/\/www.instagram.com\/kulturhusetkarelia\/\"]}]}<\/script>\n<!-- \/ Yoast SEO plugin. -->","yoast_head_json":{"title":"Klockriketeatern: SYRENV\u00c4GEN - Kulturhuset Karelia","robots":{"index":"index","follow":"follow","max-snippet":"max-snippet:-1","max-image-preview":"max-image-preview:large","max-video-preview":"max-video-preview:-1"},"canonical":"https:\/\/kulturhusetkarelia.fi\/fi\/evenemang\/klockriketeatern-syrenvagen\/","og_locale":"fi_FI","og_type":"article","og_title":"Klockriketeatern: SYRENV\u00c4GEN - Kulturhuset Karelia","og_description":"L\u00e4ngtar du till ett sommarparadis? Bakom Syrenv\u00e4gens ansade odlingar kan vi ana sprickor i idyllen \u2013 eller \u00e4r det rent av en fr\u00e4mmande art som sticker upp i rabatten?&nbsp; Klockriketeatern presenterar en dramatiserad l\u00e4sning av Syrenv\u00e4gen, av den uppm\u00e4rksammade svenska dramatikern Anders Duus. Fyra sk\u00e5despelare spelar femton f\u00e4rgstarka roller \u2013 karakt\u00e4rer som alla med erfarenhet&hellip; Jatka lukemista Klockriketeatern: SYRENV\u00c4GEN","og_url":"https:\/\/kulturhusetkarelia.fi\/fi\/evenemang\/klockriketeatern-syrenvagen\/","og_site_name":"Kulturhuset Karelia","article_publisher":"https:\/\/www.facebook.com\/kulturhusetkarelia\/","article_modified_time":"2026-03-05T09:01:17+00:00","og_image":[{"width":2400,"height":1350,"url":"https:\/\/kulturhusetkarelia.fi\/wp-content\/uploads\/2026\/03\/Fienta-2400x1350_2.avif","type":"image\/jpeg"}],"twitter_card":"summary_large_image","twitter_misc":{"Arvioitu lukuaika":"2 minuuttia"},"schema":{"@context":"https:\/\/schema.org","@graph":[{"@type":"WebPage","@id":"https:\/\/kulturhusetkarelia.fi\/evenemang\/klockriketeatern-syrenvagen\/","url":"https:\/\/kulturhusetkarelia.fi\/evenemang\/klockriketeatern-syrenvagen\/","name":"Klockriketeatern: SYRENV\u00c4GEN - Kulturhuset Karelia","isPartOf":{"@id":"https:\/\/kulturhusetkarelia.fi\/#website"},"primaryImageOfPage":{"@id":"https:\/\/kulturhusetkarelia.fi\/evenemang\/klockriketeatern-syrenvagen\/#primaryimage"},"image":{"@id":"https:\/\/kulturhusetkarelia.fi\/evenemang\/klockriketeatern-syrenvagen\/#primaryimage"},"thumbnailUrl":"https:\/\/kulturhusetkarelia.fi\/wp-content\/uploads\/2026\/03\/Fienta-2400x1350_2.avif","datePublished":"2026-03-05T09:01:16+00:00","dateModified":"2026-03-05T09:01:17+00:00","breadcrumb":{"@id":"https:\/\/kulturhusetkarelia.fi\/evenemang\/klockriketeatern-syrenvagen\/#breadcrumb"},"inLanguage":"fi","potentialAction":[{"@type":"ReadAction","target":["https:\/\/kulturhusetkarelia.fi\/evenemang\/klockriketeatern-syrenvagen\/"]}]},{"@type":"ImageObject","inLanguage":"fi","@id":"https:\/\/kulturhusetkarelia.fi\/evenemang\/klockriketeatern-syrenvagen\/#primaryimage","url":"https:\/\/kulturhusetkarelia.fi\/wp-content\/uploads\/2026\/03\/Fienta-2400x1350_2.avif","contentUrl":"https:\/\/kulturhusetkarelia.fi\/wp-content\/uploads\/2026\/03\/Fienta-2400x1350_2.avif","width":2400,"height":1350,"caption":"Gruppfoto av Carl Alm, Anja Bargum, Peter Kanerva och Soila Shah utomhus p\u00e5 sommaren."},{"@type":"BreadcrumbList","@id":"https:\/\/kulturhusetkarelia.fi\/evenemang\/klockriketeatern-syrenvagen\/#breadcrumb","itemListElement":[{"@type":"ListItem","position":1,"name":"Home","item":"https:\/\/kulturhusetkarelia.fi\/"},{"@type":"ListItem","position":2,"name":"Events","item":"https:\/\/kulturhusetkarelia.fi\/evenemang\/"},{"@type":"ListItem","position":3,"name":"Klockriketeatern: SYRENV\u00c4GEN"}]},{"@type":"WebSite","@id":"https:\/\/kulturhusetkarelia.fi\/#website","url":"https:\/\/kulturhusetkarelia.fi\/","name":"Kulturhuset Karelia","description":"","publisher":{"@id":"https:\/\/kulturhusetkarelia.fi\/#organization"},"potentialAction":[{"@type":"SearchAction","target":{"@type":"EntryPoint","urlTemplate":"https:\/\/kulturhusetkarelia.fi\/?s={search_term_string}"},"query-input":{"@type":"PropertyValueSpecification","valueRequired":true,"valueName":"search_term_string"}}],"inLanguage":"fi"},{"@type":"Organization","@id":"https:\/\/kulturhusetkarelia.fi\/#organization","name":"Kulturhuset Karelia","url":"https:\/\/kulturhusetkarelia.fi\/","logo":{"@type":"ImageObject","inLanguage":"fi","@id":"https:\/\/kulturhusetkarelia.fi\/#\/schema\/logo\/image\/","url":"https:\/\/kulturhusetkarelia.fi\/wp-content\/uploads\/2023\/01\/Stor-logo-rod.svg","contentUrl":"https:\/\/kulturhusetkarelia.fi\/wp-content\/uploads\/2023\/01\/Stor-logo-rod.svg","width":1,"height":1,"caption":"Kulturhuset Karelia"},"image":{"@id":"https:\/\/kulturhusetkarelia.fi\/#\/schema\/logo\/image\/"},"sameAs":["https:\/\/www.facebook.com\/kulturhusetkarelia\/","https:\/\/www.instagram.com\/kulturhusetkarelia\/"]}]}},"jetpack_sharing_enabled":true,"_links":{"self":[{"href":"https:\/\/kulturhusetkarelia.fi\/fi\/wp-json\/wp\/v2\/ajde_events\/17882","targetHints":{"allow":["GET"]}}],"collection":[{"href":"https:\/\/kulturhusetkarelia.fi\/fi\/wp-json\/wp\/v2\/ajde_events"}],"about":[{"href":"https:\/\/kulturhusetkarelia.fi\/fi\/wp-json\/wp\/v2\/types\/ajde_events"}],"author":[{"embeddable":true,"href":"https:\/\/kulturhusetkarelia.fi\/fi\/wp-json\/wp\/v2\/users\/4"}],"replies":[{"embeddable":true,"href":"https:\/\/kulturhusetkarelia.fi\/fi\/wp-json\/wp\/v2\/comments?post=17882"}],"wp:featuredmedia":[{"embeddable":true,"href":"https:\/\/kulturhusetkarelia.fi\/fi\/wp-json\/wp\/v2\/media\/17883"}],"wp:attachment":[{"href":"https:\/\/kulturhusetkarelia.fi\/fi\/wp-json\/wp\/v2\/media?parent=17882"}],"wp:term":[{"taxonomy":"post_tag","embeddable":true,"href":"https:\/\/kulturhusetkarelia.fi\/fi\/wp-json\/wp\/v2\/tags?post=17882"},{"taxonomy":"event_type","embeddable":true,"href":"https:\/\/kulturhusetkarelia.fi\/fi\/wp-json\/wp\/v2\/event_type?post=17882"},{"taxonomy":"event_type_2","embeddable":true,"href":"https:\/\/kulturhusetkarelia.fi\/fi\/wp-json\/wp\/v2\/event_type_2?post=17882"}],"curies":[{"name":"wp","href":"https:\/\/api.w.org\/{rel}","templated":true}]}}