{"id":17820,"date":"2025-12-10T14:33:26","date_gmt":"2025-12-10T12:33:26","guid":{"rendered":"https:\/\/kulturhusetkarelia.fi\/?post_type=ajde_events&#038;p=17820"},"modified":"2025-12-10T14:33:27","modified_gmt":"2025-12-10T12:33:27","slug":"vi-ska-ju-bara-cykla-forbi-abo-svenska-teater","status":"publish","type":"ajde_events","link":"https:\/\/kulturhusetkarelia.fi\/fi\/evenemang\/vi-ska-ju-bara-cykla-forbi-abo-svenska-teater\/","title":{"rendered":"Vi ska ju bara cykla f\u00f6rbi &#8211; \u00c5bo Svenska Teater"},"content":{"rendered":"<p>Yst\u00e4vyytt\u00e4, mielikuvitusta ja anarkiaa leikkipuistossa.<\/p>\n\n\n\n<p>Vi ska ju bara cykla f\u00f6rbi (suom. Meh\u00e4n vaan menn\u00e4\u00e4n siit\u00e4 ohi) on esitys yst\u00e4vyydest\u00e4, rakkaudesta ja ahdistuksesta. On ysiluokan viimeinen lukukausi, ja Malin ja Manda ovat kasvamassa ulos leikkipuistosta, jossa he ovat viett\u00e4neet aikaa aina. He oppivat toisiltaan ja el\u00e4m\u00e4st\u00e4 t\u00e4ss\u00e4 l\u00e4mpim\u00e4ss\u00e4 esityksess\u00e4, joka kuvaa v\u00e4risev\u00e4\u00e4 teinikev\u00e4tt\u00e4.<\/p>\n\n\n\n<p>Se on totta: kivulla puhkeevat nuput, mutta voihan sit\u00e4 silti pit\u00e4\u00e4 hauskaa. Tarkoittaako aikuiseksi kasvaminen aina my\u00f6s erilleen kasvamista? Ja mik\u00e4 on sopiva vastaus dick piciin?<\/p>\n\n\n\n<p>Humoristisessa ja l\u00e4mminhenkisess\u00e4 esityksess\u00e4 Manda ja Malin ottavat oppia toisiltaan ja el\u00e4m\u00e4st\u00e4 sin\u00e4 nuoruuden kev\u00e4\u00e4n\u00e4, jolloin kaikki tapahtuu samalla kun odotellaan, ett\u00e4 yht\u00e4\u00e4n mit\u00e4\u00e4n tapahtuisi.<\/p>\n\n\n\n<p>Perustuu Ellen Str\u00f6mbergin romaaniin Vi ska ju bara cykla f\u00f6rbi, joka voitti August-palkinnon vuonna 2022 Vuoden lasten- ja nuortenkirja -kategoriassa.<\/p>\n\n\n\n<p class=\"translation-block\"><em>\u201cEllen och jag ville skriva ett kammarspel, ett relationsdrama, baserat p\u00e5 hennes roman Vi ska ju bara cykla f\u00f6rbi. I pj\u00e4sen m\u00f6ter vi b\u00e4stisarna Manda och Malin i deras urtr\u00e5kiga lekpark, medan de navigerar k\u00e4rlek, otrygghet, v\u00e4nskap och \u00f6vergrepp, hela tiden i v\u00e4ntan p\u00e5 att n\u00e5t ska h\u00e4nda.\u201d <\/em>\u2013 <strong>regiss\u00f6r Ida Kronholm<\/strong><\/p>\n\n\n\n<p>Torstai 12.3 klo. 18:30 <br>n. 2 h sis. v\u00e4liaika<\/p>\n\n\n\n<p><strong>KIELI<\/strong><\/p>\n\n\n\n<p>Ruotsi, tekstitetty suomeksi ja ruotsiksi&nbsp;<\/p>\n\n\n\n<p><strong>N\u00c4YTT\u00c4M\u00d6LL\u00c4<\/strong><\/p>\n\n\n\n<p>Daniela Franzell, Mathilda Kruse<\/p>\n\n\n\n<p><\/p>","protected":false},"author":4,"featured_media":17823,"menu_order":0,"comment_status":"closed","ping_status":"closed","template":"","meta":{"_themeisle_gutenberg_block_has_review":false},"tags":[],"event_type":[],"event_type_2":[],"class_list":["post-17820","ajde_events","type-ajde_events","status-publish","has-post-thumbnail","hentry","event_location-kulturhuset-karelia","event_organizer-abo-svenska-teater","entry"],"yoast_head":"<!-- This site is optimized with the Yoast SEO plugin v24.9 - https:\/\/yoast.com\/wordpress\/plugins\/seo\/ -->\n<title>Vi ska ju bara cykla f\u00f6rbi - \u00c5bo Svenska Teater - Kulturhuset Karelia<\/title>\n<meta name=\"robots\" content=\"index, follow, max-snippet:-1, max-image-preview:large, max-video-preview:-1\" \/>\n<link rel=\"canonical\" href=\"https:\/\/kulturhusetkarelia.fi\/fi\/evenemang\/vi-ska-ju-bara-cykla-forbi-abo-svenska-teater\/\" \/>\n<meta property=\"og:locale\" content=\"fi_FI\" \/>\n<meta property=\"og:type\" content=\"article\" \/>\n<meta property=\"og:title\" content=\"Vi ska ju bara cykla f\u00f6rbi - \u00c5bo Svenska Teater - Kulturhuset Karelia\" \/>\n<meta property=\"og:description\" content=\"V\u00e4nskap, fantasi och anarki i en lekpark. Vi ska ju bara cykla f\u00f6rbi \u00e4r en f\u00f6rest\u00e4llning om v\u00e4nskap, k\u00e4rlek och \u00e5ngest. Det \u00e4r sista terminen p\u00e5 nian och Malin och Manda h\u00e5ller p\u00e5 att v\u00e4xa ur lekparken de alltid h\u00e4ngt i, \u00e4n finns det rum f\u00f6r dem i sandl\u00e5dan. Tillsammans och var f\u00f6r sig s\u00f6ker&hellip; Jatka lukemista Vi ska ju bara cykla f\u00f6rbi &#8211; \u00c5bo Svenska Teater\" \/>\n<meta property=\"og:url\" content=\"https:\/\/kulturhusetkarelia.fi\/fi\/evenemang\/vi-ska-ju-bara-cykla-forbi-abo-svenska-teater\/\" \/>\n<meta property=\"og:site_name\" content=\"Kulturhuset Karelia\" \/>\n<meta property=\"article:publisher\" content=\"https:\/\/www.facebook.com\/kulturhusetkarelia\/\" \/>\n<meta property=\"article:modified_time\" content=\"2025-12-10T12:33:27+00:00\" \/>\n<meta property=\"og:image\" content=\"https:\/\/kulturhusetkarelia.fi\/wp-content\/uploads\/2025\/12\/VSJBCF_main-1536x722-1.avif\" \/>\n\t<meta property=\"og:image:width\" content=\"1536\" \/>\n\t<meta property=\"og:image:height\" content=\"722\" \/>\n\t<meta property=\"og:image:type\" content=\"image\/webp\" \/>\n<meta name=\"twitter:card\" content=\"summary_large_image\" \/>\n<meta name=\"twitter:label1\" content=\"Arvioitu lukuaika\" \/>\n\t<meta name=\"twitter:data1\" content=\"2 minuuttia\" \/>\n<script type=\"application\/ld+json\" class=\"yoast-schema-graph\">{\"@context\":\"https:\/\/schema.org\",\"@graph\":[{\"@type\":\"WebPage\",\"@id\":\"https:\/\/kulturhusetkarelia.fi\/evenemang\/vi-ska-ju-bara-cykla-forbi-abo-svenska-teater\/\",\"url\":\"https:\/\/kulturhusetkarelia.fi\/evenemang\/vi-ska-ju-bara-cykla-forbi-abo-svenska-teater\/\",\"name\":\"Vi ska ju bara cykla f\u00f6rbi - \u00c5bo Svenska Teater - Kulturhuset Karelia\",\"isPartOf\":{\"@id\":\"https:\/\/kulturhusetkarelia.fi\/#website\"},\"primaryImageOfPage\":{\"@id\":\"https:\/\/kulturhusetkarelia.fi\/evenemang\/vi-ska-ju-bara-cykla-forbi-abo-svenska-teater\/#primaryimage\"},\"image\":{\"@id\":\"https:\/\/kulturhusetkarelia.fi\/evenemang\/vi-ska-ju-bara-cykla-forbi-abo-svenska-teater\/#primaryimage\"},\"thumbnailUrl\":\"https:\/\/kulturhusetkarelia.fi\/wp-content\/uploads\/2025\/12\/VSJBCF_main-1536x722-1.avif\",\"datePublished\":\"2025-12-10T12:33:26+00:00\",\"dateModified\":\"2025-12-10T12:33:27+00:00\",\"breadcrumb\":{\"@id\":\"https:\/\/kulturhusetkarelia.fi\/evenemang\/vi-ska-ju-bara-cykla-forbi-abo-svenska-teater\/#breadcrumb\"},\"inLanguage\":\"fi\",\"potentialAction\":[{\"@type\":\"ReadAction\",\"target\":[\"https:\/\/kulturhusetkarelia.fi\/evenemang\/vi-ska-ju-bara-cykla-forbi-abo-svenska-teater\/\"]}]},{\"@type\":\"ImageObject\",\"inLanguage\":\"fi\",\"@id\":\"https:\/\/kulturhusetkarelia.fi\/evenemang\/vi-ska-ju-bara-cykla-forbi-abo-svenska-teater\/#primaryimage\",\"url\":\"https:\/\/kulturhusetkarelia.fi\/wp-content\/uploads\/2025\/12\/VSJBCF_main-1536x722-1.avif\",\"contentUrl\":\"https:\/\/kulturhusetkarelia.fi\/wp-content\/uploads\/2025\/12\/VSJBCF_main-1536x722-1.avif\",\"width\":1536,\"height\":722,\"caption\":\"Ett kollage med fyra selfieportr\u00e4tt av Daniela Franzell och Mathilda Kruse utomhus. \u00d6ver bilderna st\u00e5r texten: Vi ska ju bara cykla f\u00f6rbi.\"},{\"@type\":\"BreadcrumbList\",\"@id\":\"https:\/\/kulturhusetkarelia.fi\/evenemang\/vi-ska-ju-bara-cykla-forbi-abo-svenska-teater\/#breadcrumb\",\"itemListElement\":[{\"@type\":\"ListItem\",\"position\":1,\"name\":\"Home\",\"item\":\"https:\/\/kulturhusetkarelia.fi\/\"},{\"@type\":\"ListItem\",\"position\":2,\"name\":\"Events\",\"item\":\"https:\/\/kulturhusetkarelia.fi\/evenemang\/\"},{\"@type\":\"ListItem\",\"position\":3,\"name\":\"Vi ska ju bara cykla f\u00f6rbi &#8211; \u00c5bo Svenska Teater\"}]},{\"@type\":\"WebSite\",\"@id\":\"https:\/\/kulturhusetkarelia.fi\/#website\",\"url\":\"https:\/\/kulturhusetkarelia.fi\/\",\"name\":\"Kulturhuset Karelia\",\"description\":\"\",\"publisher\":{\"@id\":\"https:\/\/kulturhusetkarelia.fi\/#organization\"},\"potentialAction\":[{\"@type\":\"SearchAction\",\"target\":{\"@type\":\"EntryPoint\",\"urlTemplate\":\"https:\/\/kulturhusetkarelia.fi\/?s={search_term_string}\"},\"query-input\":{\"@type\":\"PropertyValueSpecification\",\"valueRequired\":true,\"valueName\":\"search_term_string\"}}],\"inLanguage\":\"fi\"},{\"@type\":\"Organization\",\"@id\":\"https:\/\/kulturhusetkarelia.fi\/#organization\",\"name\":\"Kulturhuset Karelia\",\"url\":\"https:\/\/kulturhusetkarelia.fi\/\",\"logo\":{\"@type\":\"ImageObject\",\"inLanguage\":\"fi\",\"@id\":\"https:\/\/kulturhusetkarelia.fi\/#\/schema\/logo\/image\/\",\"url\":\"https:\/\/kulturhusetkarelia.fi\/wp-content\/uploads\/2023\/01\/Stor-logo-rod.svg\",\"contentUrl\":\"https:\/\/kulturhusetkarelia.fi\/wp-content\/uploads\/2023\/01\/Stor-logo-rod.svg\",\"width\":1,\"height\":1,\"caption\":\"Kulturhuset Karelia\"},\"image\":{\"@id\":\"https:\/\/kulturhusetkarelia.fi\/#\/schema\/logo\/image\/\"},\"sameAs\":[\"https:\/\/www.facebook.com\/kulturhusetkarelia\/\",\"https:\/\/www.instagram.com\/kulturhusetkarelia\/\"]}]}<\/script>\n<!-- \/ Yoast SEO plugin. -->","yoast_head_json":{"title":"Vi ska ju bara cykla f\u00f6rbi - \u00c5bo Svenska Teater - Kulturhuset Karelia","robots":{"index":"index","follow":"follow","max-snippet":"max-snippet:-1","max-image-preview":"max-image-preview:large","max-video-preview":"max-video-preview:-1"},"canonical":"https:\/\/kulturhusetkarelia.fi\/fi\/evenemang\/vi-ska-ju-bara-cykla-forbi-abo-svenska-teater\/","og_locale":"fi_FI","og_type":"article","og_title":"Vi ska ju bara cykla f\u00f6rbi - \u00c5bo Svenska Teater - Kulturhuset Karelia","og_description":"V\u00e4nskap, fantasi och anarki i en lekpark. Vi ska ju bara cykla f\u00f6rbi \u00e4r en f\u00f6rest\u00e4llning om v\u00e4nskap, k\u00e4rlek och \u00e5ngest. Det \u00e4r sista terminen p\u00e5 nian och Malin och Manda h\u00e5ller p\u00e5 att v\u00e4xa ur lekparken de alltid h\u00e4ngt i, \u00e4n finns det rum f\u00f6r dem i sandl\u00e5dan. Tillsammans och var f\u00f6r sig s\u00f6ker&hellip; Jatka lukemista Vi ska ju bara cykla f\u00f6rbi &#8211; \u00c5bo Svenska Teater","og_url":"https:\/\/kulturhusetkarelia.fi\/fi\/evenemang\/vi-ska-ju-bara-cykla-forbi-abo-svenska-teater\/","og_site_name":"Kulturhuset Karelia","article_publisher":"https:\/\/www.facebook.com\/kulturhusetkarelia\/","article_modified_time":"2025-12-10T12:33:27+00:00","og_image":[{"width":1536,"height":722,"url":"https:\/\/kulturhusetkarelia.fi\/wp-content\/uploads\/2025\/12\/VSJBCF_main-1536x722-1.avif","type":"image\/webp"}],"twitter_card":"summary_large_image","twitter_misc":{"Arvioitu lukuaika":"2 minuuttia"},"schema":{"@context":"https:\/\/schema.org","@graph":[{"@type":"WebPage","@id":"https:\/\/kulturhusetkarelia.fi\/evenemang\/vi-ska-ju-bara-cykla-forbi-abo-svenska-teater\/","url":"https:\/\/kulturhusetkarelia.fi\/evenemang\/vi-ska-ju-bara-cykla-forbi-abo-svenska-teater\/","name":"Vi ska ju bara cykla f\u00f6rbi - \u00c5bo Svenska Teater - Kulturhuset Karelia","isPartOf":{"@id":"https:\/\/kulturhusetkarelia.fi\/#website"},"primaryImageOfPage":{"@id":"https:\/\/kulturhusetkarelia.fi\/evenemang\/vi-ska-ju-bara-cykla-forbi-abo-svenska-teater\/#primaryimage"},"image":{"@id":"https:\/\/kulturhusetkarelia.fi\/evenemang\/vi-ska-ju-bara-cykla-forbi-abo-svenska-teater\/#primaryimage"},"thumbnailUrl":"https:\/\/kulturhusetkarelia.fi\/wp-content\/uploads\/2025\/12\/VSJBCF_main-1536x722-1.avif","datePublished":"2025-12-10T12:33:26+00:00","dateModified":"2025-12-10T12:33:27+00:00","breadcrumb":{"@id":"https:\/\/kulturhusetkarelia.fi\/evenemang\/vi-ska-ju-bara-cykla-forbi-abo-svenska-teater\/#breadcrumb"},"inLanguage":"fi","potentialAction":[{"@type":"ReadAction","target":["https:\/\/kulturhusetkarelia.fi\/evenemang\/vi-ska-ju-bara-cykla-forbi-abo-svenska-teater\/"]}]},{"@type":"ImageObject","inLanguage":"fi","@id":"https:\/\/kulturhusetkarelia.fi\/evenemang\/vi-ska-ju-bara-cykla-forbi-abo-svenska-teater\/#primaryimage","url":"https:\/\/kulturhusetkarelia.fi\/wp-content\/uploads\/2025\/12\/VSJBCF_main-1536x722-1.avif","contentUrl":"https:\/\/kulturhusetkarelia.fi\/wp-content\/uploads\/2025\/12\/VSJBCF_main-1536x722-1.avif","width":1536,"height":722,"caption":"Ett kollage med fyra selfieportr\u00e4tt av Daniela Franzell och Mathilda Kruse utomhus. \u00d6ver bilderna st\u00e5r texten: Vi ska ju bara cykla f\u00f6rbi."},{"@type":"BreadcrumbList","@id":"https:\/\/kulturhusetkarelia.fi\/evenemang\/vi-ska-ju-bara-cykla-forbi-abo-svenska-teater\/#breadcrumb","itemListElement":[{"@type":"ListItem","position":1,"name":"Home","item":"https:\/\/kulturhusetkarelia.fi\/"},{"@type":"ListItem","position":2,"name":"Events","item":"https:\/\/kulturhusetkarelia.fi\/evenemang\/"},{"@type":"ListItem","position":3,"name":"Vi ska ju bara cykla f\u00f6rbi &#8211; \u00c5bo Svenska Teater"}]},{"@type":"WebSite","@id":"https:\/\/kulturhusetkarelia.fi\/#website","url":"https:\/\/kulturhusetkarelia.fi\/","name":"Kulturhuset Karelia","description":"","publisher":{"@id":"https:\/\/kulturhusetkarelia.fi\/#organization"},"potentialAction":[{"@type":"SearchAction","target":{"@type":"EntryPoint","urlTemplate":"https:\/\/kulturhusetkarelia.fi\/?s={search_term_string}"},"query-input":{"@type":"PropertyValueSpecification","valueRequired":true,"valueName":"search_term_string"}}],"inLanguage":"fi"},{"@type":"Organization","@id":"https:\/\/kulturhusetkarelia.fi\/#organization","name":"Kulturhuset Karelia","url":"https:\/\/kulturhusetkarelia.fi\/","logo":{"@type":"ImageObject","inLanguage":"fi","@id":"https:\/\/kulturhusetkarelia.fi\/#\/schema\/logo\/image\/","url":"https:\/\/kulturhusetkarelia.fi\/wp-content\/uploads\/2023\/01\/Stor-logo-rod.svg","contentUrl":"https:\/\/kulturhusetkarelia.fi\/wp-content\/uploads\/2023\/01\/Stor-logo-rod.svg","width":1,"height":1,"caption":"Kulturhuset Karelia"},"image":{"@id":"https:\/\/kulturhusetkarelia.fi\/#\/schema\/logo\/image\/"},"sameAs":["https:\/\/www.facebook.com\/kulturhusetkarelia\/","https:\/\/www.instagram.com\/kulturhusetkarelia\/"]}]}},"jetpack_sharing_enabled":true,"_links":{"self":[{"href":"https:\/\/kulturhusetkarelia.fi\/fi\/wp-json\/wp\/v2\/ajde_events\/17820","targetHints":{"allow":["GET"]}}],"collection":[{"href":"https:\/\/kulturhusetkarelia.fi\/fi\/wp-json\/wp\/v2\/ajde_events"}],"about":[{"href":"https:\/\/kulturhusetkarelia.fi\/fi\/wp-json\/wp\/v2\/types\/ajde_events"}],"author":[{"embeddable":true,"href":"https:\/\/kulturhusetkarelia.fi\/fi\/wp-json\/wp\/v2\/users\/4"}],"replies":[{"embeddable":true,"href":"https:\/\/kulturhusetkarelia.fi\/fi\/wp-json\/wp\/v2\/comments?post=17820"}],"wp:featuredmedia":[{"embeddable":true,"href":"https:\/\/kulturhusetkarelia.fi\/fi\/wp-json\/wp\/v2\/media\/17823"}],"wp:attachment":[{"href":"https:\/\/kulturhusetkarelia.fi\/fi\/wp-json\/wp\/v2\/media?parent=17820"}],"wp:term":[{"taxonomy":"post_tag","embeddable":true,"href":"https:\/\/kulturhusetkarelia.fi\/fi\/wp-json\/wp\/v2\/tags?post=17820"},{"taxonomy":"event_type","embeddable":true,"href":"https:\/\/kulturhusetkarelia.fi\/fi\/wp-json\/wp\/v2\/event_type?post=17820"},{"taxonomy":"event_type_2","embeddable":true,"href":"https:\/\/kulturhusetkarelia.fi\/fi\/wp-json\/wp\/v2\/event_type_2?post=17820"}],"curies":[{"name":"wp","href":"https:\/\/api.w.org\/{rel}","templated":true}]}}