{"id":17797,"date":"2025-11-11T11:59:48","date_gmt":"2025-11-11T09:59:48","guid":{"rendered":"https:\/\/kulturhusetkarelia.fi\/?post_type=ajde_events&#038;p=17797"},"modified":"2025-11-11T11:59:49","modified_gmt":"2025-11-11T09:59:49","slug":"astrid-jag-och-dom-andra","status":"publish","type":"ajde_events","link":"https:\/\/kulturhusetkarelia.fi\/fi\/evenemang\/astrid-jag-och-dom-andra\/","title":{"rendered":"ASTRID, JAG OCH DOM ANDRA"},"content":{"rendered":"<p>Ett ber\u00e4ttarprogram med sk\u00e5despelerskan Inger Nilsson och Carina E Nilsson (piano)<\/p>\n\n\n\n<p>Hon var bara nio \u00e5r n\u00e4r hon blev Pippi L\u00e5ngstrump &#8211; och f\u00f6r m\u00e5nga \u00e4r hon det \u00e4n i dag.&nbsp;Men vem \u00e4r m\u00e4nniskan bakom fl\u00e4torna?<\/p>\n\n\n\n<p>I Astrid, jag och dom andra bjuder Inger Nilsson in till en personlig och levande stund fylld av minnen, ber\u00e4ttelser och musik.&nbsp;Hon ber\u00e4ttar om sin relation till Astrid Lindgren, om m\u00e4nniskan bakom ber\u00e4ttelserna &#8211; varm, klok och envis &#8211; och om hur det var att som barn st\u00e5 mitt i ett filmfenomen som aldrig tog slut.<\/p>\n\n\n\n<p>Med v\u00e4rme, humor och eftertanke delar Inger ocks\u00e5 med sig av hur det \u00e4r att leva \u201di skuggan\u201d av en av v\u00e4rldens mest \u00e4lskade karakt\u00e4rer, och hur hon med tiden funnit sin egen v\u00e4g som sk\u00e5despelare och m\u00e4nniska.<br><br>Fredag 30.1. kl. 19.00 <br>L\u00e4ngd 70 min.<\/p>\n\n\n\n<p>Biljett 25 \u20ac<br>Gruppbiljett 22 \u20ac, minimi 10 personer<\/p>\n\n\n\n<p>Programmet \u00e4r f\u00f6r vuxna.<br><br>Mellan ber\u00e4ttelserna f\u00e5r publiken njuta av s\u00e5nger med texter av Astrid Lindgren, vackert tolkade tillsammans med pianisten Carina E Nilsson som \u00e4r en av Sveriges mest m\u00e5ngsidiga och eftertraktade musiker \u2013 pianist, kapellm\u00e4stare, arrang\u00f6r och och producent. Hon har arbetat med en l\u00e5ng rad artister inom teater, visa och popul\u00e4rmusik, och \u00e4r k\u00e4nd f\u00f6r sitt lyh\u00f6rda och uttrycksfulla samspel.<\/p>\n\n\n\n<p>Tillsammans skapar Inger och Carina en varm, n\u00e4ra och underh\u00e5llande stund \u2013 en musikalisk ber\u00e4ttelse d\u00e4r nostalgi, humor och eftertanke m\u00f6ts.<br><\/p>","protected":false},"author":4,"featured_media":17798,"menu_order":0,"comment_status":"closed","ping_status":"closed","template":"","meta":{"_themeisle_gutenberg_block_has_review":false},"tags":[],"event_type":[],"event_type_2":[],"class_list":["post-17797","ajde_events","type-ajde_events","status-publish","has-post-thumbnail","hentry","event_location-kulturhuset-karelia","event_organizer-maxino-entertainment","entry"],"yoast_head":"<!-- This site is optimized with the Yoast SEO plugin v24.9 - https:\/\/yoast.com\/wordpress\/plugins\/seo\/ -->\n<title>ASTRID, JAG OCH DOM ANDRA - Kulturhuset Karelia<\/title>\n<meta name=\"robots\" content=\"index, follow, max-snippet:-1, max-image-preview:large, max-video-preview:-1\" \/>\n<link rel=\"canonical\" href=\"https:\/\/kulturhusetkarelia.fi\/fi\/evenemang\/astrid-jag-och-dom-andra\/\" \/>\n<meta property=\"og:locale\" content=\"fi_FI\" \/>\n<meta property=\"og:type\" content=\"article\" \/>\n<meta property=\"og:title\" content=\"ASTRID, JAG OCH DOM ANDRA - Kulturhuset Karelia\" \/>\n<meta property=\"og:description\" content=\"Ett ber\u00e4ttarprogram med sk\u00e5despelerskan Inger Nilsson och Carina E Nilsson (piano) Hon var bara nio \u00e5r n\u00e4r hon blev Pippi L\u00e5ngstrump &#8211; och f\u00f6r m\u00e5nga \u00e4r hon det \u00e4n i dag.&nbsp;Men vem \u00e4r m\u00e4nniskan bakom fl\u00e4torna? I Astrid, jag och dom andra bjuder Inger Nilsson in till en personlig och levande stund fylld av minnen,&hellip; Jatka lukemista ASTRID, JAG OCH DOM ANDRA\" \/>\n<meta property=\"og:url\" content=\"https:\/\/kulturhusetkarelia.fi\/fi\/evenemang\/astrid-jag-och-dom-andra\/\" \/>\n<meta property=\"og:site_name\" content=\"Kulturhuset Karelia\" \/>\n<meta property=\"article:publisher\" content=\"https:\/\/www.facebook.com\/kulturhusetkarelia\/\" \/>\n<meta property=\"article:modified_time\" content=\"2025-11-11T09:59:49+00:00\" \/>\n<meta property=\"og:image\" content=\"https:\/\/kulturhusetkarelia.fi\/wp-content\/uploads\/2025\/11\/Astridochjagbild2_19x25.avif\" \/>\n\t<meta property=\"og:image:width\" content=\"1793\" \/>\n\t<meta property=\"og:image:height\" content=\"1195\" \/>\n\t<meta property=\"og:image:type\" content=\"image\/jpeg\" \/>\n<meta name=\"twitter:card\" content=\"summary_large_image\" \/>\n<meta name=\"twitter:label1\" content=\"Arvioitu lukuaika\" \/>\n\t<meta name=\"twitter:data1\" content=\"2 minuuttia\" \/>\n<script type=\"application\/ld+json\" class=\"yoast-schema-graph\">{\"@context\":\"https:\/\/schema.org\",\"@graph\":[{\"@type\":\"WebPage\",\"@id\":\"https:\/\/kulturhusetkarelia.fi\/evenemang\/astrid-jag-och-dom-andra\/\",\"url\":\"https:\/\/kulturhusetkarelia.fi\/evenemang\/astrid-jag-och-dom-andra\/\",\"name\":\"ASTRID, JAG OCH DOM ANDRA - Kulturhuset Karelia\",\"isPartOf\":{\"@id\":\"https:\/\/kulturhusetkarelia.fi\/#website\"},\"primaryImageOfPage\":{\"@id\":\"https:\/\/kulturhusetkarelia.fi\/evenemang\/astrid-jag-och-dom-andra\/#primaryimage\"},\"image\":{\"@id\":\"https:\/\/kulturhusetkarelia.fi\/evenemang\/astrid-jag-och-dom-andra\/#primaryimage\"},\"thumbnailUrl\":\"https:\/\/kulturhusetkarelia.fi\/wp-content\/uploads\/2025\/11\/Astridochjagbild2_19x25.avif\",\"datePublished\":\"2025-11-11T09:59:48+00:00\",\"dateModified\":\"2025-11-11T09:59:49+00:00\",\"breadcrumb\":{\"@id\":\"https:\/\/kulturhusetkarelia.fi\/evenemang\/astrid-jag-och-dom-andra\/#breadcrumb\"},\"inLanguage\":\"fi\",\"potentialAction\":[{\"@type\":\"ReadAction\",\"target\":[\"https:\/\/kulturhusetkarelia.fi\/evenemang\/astrid-jag-och-dom-andra\/\"]}]},{\"@type\":\"ImageObject\",\"inLanguage\":\"fi\",\"@id\":\"https:\/\/kulturhusetkarelia.fi\/evenemang\/astrid-jag-och-dom-andra\/#primaryimage\",\"url\":\"https:\/\/kulturhusetkarelia.fi\/wp-content\/uploads\/2025\/11\/Astridochjagbild2_19x25.avif\",\"contentUrl\":\"https:\/\/kulturhusetkarelia.fi\/wp-content\/uploads\/2025\/11\/Astridochjagbild2_19x25.avif\",\"width\":1793,\"height\":1195},{\"@type\":\"BreadcrumbList\",\"@id\":\"https:\/\/kulturhusetkarelia.fi\/evenemang\/astrid-jag-och-dom-andra\/#breadcrumb\",\"itemListElement\":[{\"@type\":\"ListItem\",\"position\":1,\"name\":\"Home\",\"item\":\"https:\/\/kulturhusetkarelia.fi\/\"},{\"@type\":\"ListItem\",\"position\":2,\"name\":\"Events\",\"item\":\"https:\/\/kulturhusetkarelia.fi\/evenemang\/\"},{\"@type\":\"ListItem\",\"position\":3,\"name\":\"ASTRID, JAG OCH DOM ANDRA\"}]},{\"@type\":\"WebSite\",\"@id\":\"https:\/\/kulturhusetkarelia.fi\/#website\",\"url\":\"https:\/\/kulturhusetkarelia.fi\/\",\"name\":\"Kulturhuset Karelia\",\"description\":\"\",\"publisher\":{\"@id\":\"https:\/\/kulturhusetkarelia.fi\/#organization\"},\"potentialAction\":[{\"@type\":\"SearchAction\",\"target\":{\"@type\":\"EntryPoint\",\"urlTemplate\":\"https:\/\/kulturhusetkarelia.fi\/?s={search_term_string}\"},\"query-input\":{\"@type\":\"PropertyValueSpecification\",\"valueRequired\":true,\"valueName\":\"search_term_string\"}}],\"inLanguage\":\"fi\"},{\"@type\":\"Organization\",\"@id\":\"https:\/\/kulturhusetkarelia.fi\/#organization\",\"name\":\"Kulturhuset Karelia\",\"url\":\"https:\/\/kulturhusetkarelia.fi\/\",\"logo\":{\"@type\":\"ImageObject\",\"inLanguage\":\"fi\",\"@id\":\"https:\/\/kulturhusetkarelia.fi\/#\/schema\/logo\/image\/\",\"url\":\"https:\/\/kulturhusetkarelia.fi\/wp-content\/uploads\/2023\/01\/Stor-logo-rod.svg\",\"contentUrl\":\"https:\/\/kulturhusetkarelia.fi\/wp-content\/uploads\/2023\/01\/Stor-logo-rod.svg\",\"width\":1,\"height\":1,\"caption\":\"Kulturhuset Karelia\"},\"image\":{\"@id\":\"https:\/\/kulturhusetkarelia.fi\/#\/schema\/logo\/image\/\"},\"sameAs\":[\"https:\/\/www.facebook.com\/kulturhusetkarelia\/\",\"https:\/\/www.instagram.com\/kulturhusetkarelia\/\"]}]}<\/script>\n<!-- \/ Yoast SEO plugin. -->","yoast_head_json":{"title":"ASTRID, JAG OCH DOM ANDRA - Kulturhuset Karelia","robots":{"index":"index","follow":"follow","max-snippet":"max-snippet:-1","max-image-preview":"max-image-preview:large","max-video-preview":"max-video-preview:-1"},"canonical":"https:\/\/kulturhusetkarelia.fi\/fi\/evenemang\/astrid-jag-och-dom-andra\/","og_locale":"fi_FI","og_type":"article","og_title":"ASTRID, JAG OCH DOM ANDRA - Kulturhuset Karelia","og_description":"Ett ber\u00e4ttarprogram med sk\u00e5despelerskan Inger Nilsson och Carina E Nilsson (piano) Hon var bara nio \u00e5r n\u00e4r hon blev Pippi L\u00e5ngstrump &#8211; och f\u00f6r m\u00e5nga \u00e4r hon det \u00e4n i dag.&nbsp;Men vem \u00e4r m\u00e4nniskan bakom fl\u00e4torna? I Astrid, jag och dom andra bjuder Inger Nilsson in till en personlig och levande stund fylld av minnen,&hellip; Jatka lukemista ASTRID, JAG OCH DOM ANDRA","og_url":"https:\/\/kulturhusetkarelia.fi\/fi\/evenemang\/astrid-jag-och-dom-andra\/","og_site_name":"Kulturhuset Karelia","article_publisher":"https:\/\/www.facebook.com\/kulturhusetkarelia\/","article_modified_time":"2025-11-11T09:59:49+00:00","og_image":[{"width":1793,"height":1195,"url":"https:\/\/kulturhusetkarelia.fi\/wp-content\/uploads\/2025\/11\/Astridochjagbild2_19x25.avif","type":"image\/jpeg"}],"twitter_card":"summary_large_image","twitter_misc":{"Arvioitu lukuaika":"2 minuuttia"},"schema":{"@context":"https:\/\/schema.org","@graph":[{"@type":"WebPage","@id":"https:\/\/kulturhusetkarelia.fi\/evenemang\/astrid-jag-och-dom-andra\/","url":"https:\/\/kulturhusetkarelia.fi\/evenemang\/astrid-jag-och-dom-andra\/","name":"ASTRID, JAG OCH DOM ANDRA - Kulturhuset Karelia","isPartOf":{"@id":"https:\/\/kulturhusetkarelia.fi\/#website"},"primaryImageOfPage":{"@id":"https:\/\/kulturhusetkarelia.fi\/evenemang\/astrid-jag-och-dom-andra\/#primaryimage"},"image":{"@id":"https:\/\/kulturhusetkarelia.fi\/evenemang\/astrid-jag-och-dom-andra\/#primaryimage"},"thumbnailUrl":"https:\/\/kulturhusetkarelia.fi\/wp-content\/uploads\/2025\/11\/Astridochjagbild2_19x25.avif","datePublished":"2025-11-11T09:59:48+00:00","dateModified":"2025-11-11T09:59:49+00:00","breadcrumb":{"@id":"https:\/\/kulturhusetkarelia.fi\/evenemang\/astrid-jag-och-dom-andra\/#breadcrumb"},"inLanguage":"fi","potentialAction":[{"@type":"ReadAction","target":["https:\/\/kulturhusetkarelia.fi\/evenemang\/astrid-jag-och-dom-andra\/"]}]},{"@type":"ImageObject","inLanguage":"fi","@id":"https:\/\/kulturhusetkarelia.fi\/evenemang\/astrid-jag-och-dom-andra\/#primaryimage","url":"https:\/\/kulturhusetkarelia.fi\/wp-content\/uploads\/2025\/11\/Astridochjagbild2_19x25.avif","contentUrl":"https:\/\/kulturhusetkarelia.fi\/wp-content\/uploads\/2025\/11\/Astridochjagbild2_19x25.avif","width":1793,"height":1195},{"@type":"BreadcrumbList","@id":"https:\/\/kulturhusetkarelia.fi\/evenemang\/astrid-jag-och-dom-andra\/#breadcrumb","itemListElement":[{"@type":"ListItem","position":1,"name":"Home","item":"https:\/\/kulturhusetkarelia.fi\/"},{"@type":"ListItem","position":2,"name":"Events","item":"https:\/\/kulturhusetkarelia.fi\/evenemang\/"},{"@type":"ListItem","position":3,"name":"ASTRID, JAG OCH DOM ANDRA"}]},{"@type":"WebSite","@id":"https:\/\/kulturhusetkarelia.fi\/#website","url":"https:\/\/kulturhusetkarelia.fi\/","name":"Kulturhuset Karelia","description":"","publisher":{"@id":"https:\/\/kulturhusetkarelia.fi\/#organization"},"potentialAction":[{"@type":"SearchAction","target":{"@type":"EntryPoint","urlTemplate":"https:\/\/kulturhusetkarelia.fi\/?s={search_term_string}"},"query-input":{"@type":"PropertyValueSpecification","valueRequired":true,"valueName":"search_term_string"}}],"inLanguage":"fi"},{"@type":"Organization","@id":"https:\/\/kulturhusetkarelia.fi\/#organization","name":"Kulturhuset Karelia","url":"https:\/\/kulturhusetkarelia.fi\/","logo":{"@type":"ImageObject","inLanguage":"fi","@id":"https:\/\/kulturhusetkarelia.fi\/#\/schema\/logo\/image\/","url":"https:\/\/kulturhusetkarelia.fi\/wp-content\/uploads\/2023\/01\/Stor-logo-rod.svg","contentUrl":"https:\/\/kulturhusetkarelia.fi\/wp-content\/uploads\/2023\/01\/Stor-logo-rod.svg","width":1,"height":1,"caption":"Kulturhuset Karelia"},"image":{"@id":"https:\/\/kulturhusetkarelia.fi\/#\/schema\/logo\/image\/"},"sameAs":["https:\/\/www.facebook.com\/kulturhusetkarelia\/","https:\/\/www.instagram.com\/kulturhusetkarelia\/"]}]}},"jetpack_sharing_enabled":true,"_links":{"self":[{"href":"https:\/\/kulturhusetkarelia.fi\/fi\/wp-json\/wp\/v2\/ajde_events\/17797","targetHints":{"allow":["GET"]}}],"collection":[{"href":"https:\/\/kulturhusetkarelia.fi\/fi\/wp-json\/wp\/v2\/ajde_events"}],"about":[{"href":"https:\/\/kulturhusetkarelia.fi\/fi\/wp-json\/wp\/v2\/types\/ajde_events"}],"author":[{"embeddable":true,"href":"https:\/\/kulturhusetkarelia.fi\/fi\/wp-json\/wp\/v2\/users\/4"}],"replies":[{"embeddable":true,"href":"https:\/\/kulturhusetkarelia.fi\/fi\/wp-json\/wp\/v2\/comments?post=17797"}],"wp:featuredmedia":[{"embeddable":true,"href":"https:\/\/kulturhusetkarelia.fi\/fi\/wp-json\/wp\/v2\/media\/17798"}],"wp:attachment":[{"href":"https:\/\/kulturhusetkarelia.fi\/fi\/wp-json\/wp\/v2\/media?parent=17797"}],"wp:term":[{"taxonomy":"post_tag","embeddable":true,"href":"https:\/\/kulturhusetkarelia.fi\/fi\/wp-json\/wp\/v2\/tags?post=17797"},{"taxonomy":"event_type","embeddable":true,"href":"https:\/\/kulturhusetkarelia.fi\/fi\/wp-json\/wp\/v2\/event_type?post=17797"},{"taxonomy":"event_type_2","embeddable":true,"href":"https:\/\/kulturhusetkarelia.fi\/fi\/wp-json\/wp\/v2\/event_type_2?post=17797"}],"curies":[{"name":"wp","href":"https:\/\/api.w.org\/{rel}","templated":true}]}}