{"id":17624,"date":"2025-02-11T10:58:35","date_gmt":"2025-02-11T08:58:35","guid":{"rendered":"https:\/\/kulturhusetkarelia.fi\/?post_type=ajde_events&#038;p=17624"},"modified":"2025-02-11T10:58:37","modified_gmt":"2025-02-11T08:58:37","slug":"mia-hafren-trio","status":"publish","type":"ajde_events","link":"https:\/\/kulturhusetkarelia.fi\/fi\/evenemang\/mia-hafren-trio\/","title":{"rendered":"Mia Hafr\u00e9n trio"},"content":{"rendered":"<p>Artisti ja n\u00e4yttelij\u00e4 Mia Hafr\u00e9n saapuu Kareliaan yhdess\u00e4 muusikoiden Marja Ahlsvedin ja Margarita Eklundin kanssa esitt\u00e4\u00e4kseen kappaleita Hafr\u00e9nin debyyttialbumilta <strong>Ocks\u00e5 f\u00f6r dig <\/strong>(2022) ja seuraavalta albumilta <strong>For the Brave <\/strong>(2024).<\/p>\n\n\n\n<p>Konsertti koostuu niin groovaavista protestilauluista kuin herkist\u00e4 rakkauslauluista.<\/p>\n\n\n\n<p>Hafr\u00e9n, joka tunnetaan muun muassa a cappella-yhtye Forkista, on kiert\u00e4nyt Suomea musiikin kanssa ja esiintyi muun muassa Raaseporin festivaalilla elokuussa 2024.<\/p>\n\n\n\n<p>Hafr\u00e9n-Ahlsved-Eklundin trio on uusi kokoonpano, jonka \u00e4\u00e4nimaisema tulee vaihtelemaan minimalistisesta grandioosin. Triolla on lavalla piano, kosketinsoitin, s\u00e4hk\u00f6kitara, akustinen kitara, basso, ly\u00f6m\u00e4soittimet ja kolme mikrofonia.<\/p>\n\n\n\n<p>Konsertti kest\u00e4\u00e4 noin 1,5 tuntia sis\u00e4lt\u00e4en tauon. Konsertti on monikielinen.<\/p>\n\n\n\n<p>Sanottu Mia Hafr\u00e9nin musiikista:<\/p>\n\n\n\n<p><em>\u201dFor the Brave n\u00e4ytt\u00e4\u00e4, kuinka mutkattomaan poppiin voi kutoa kantaaottavia vivahteita.\u201d<\/em><br>Juha Seitz, Ilkka-Pohjalainen<\/p>\n\n\n\n<p>Mia Hafr\u00e9n, tunnettu a cappella-ryhm\u00e4 Forkista, julkaisi debyyttialbuminsa Ocks\u00e5 f\u00f6r dig vuonna 2022 ja on sittemmin toiminut sooloartistina. Seuraajaalbumi For the Brave julkaistiin maaliskuussa 2024. Yhtyeens\u00e4 kanssa h\u00e4n on kiert\u00e4nyt Suomea. Hafr\u00e9n on koulutukseltaan n\u00e4yttelij\u00e4 ja n\u00e4ytteli muun muassa p\u00e4\u00e4roolin Svenska teaternin Mamma Mia! -musikaalissa.<\/p>\n\n\n\n<p>Marja Ahlsved on monipuolinen muusikko, lauluntekij\u00e4, musiikkipedagogi ja tuottaja. Ahlsved luo omaa musiikkiaan artistinimell\u00e4 Mahls ja Arosa Ensemble. H\u00e4n on soittanut muun muassa Piia Viitasen, Anna Kokkosen ja Hevisauruksen kanssa. Ahlsvedin p\u00e4\u00e4instrumentit ovat piano, kosketinsoitin ja laulu.<\/p>\n\n\n\n<p>Margarita Eklund on luova voima, joka ty\u00f6skentelee muusikkona, laulajana, laulunopettajana ja lauluntekij\u00e4n\u00e4. H\u00e4n on laulaja ja kitaristi yhtyeess\u00e4 Mandys nyckel ja on kiert\u00e4nyt Mia Hafr\u00e9nin yhtyeess\u00e4 taustalaulajana. Eklund on laulaja, pianisti, kitaristi ja basisti.<\/p>\n\n\n\n<p>Lauantai 29.3 klo. 18:00 <\/p>\n\n\n\n<p><\/p>","protected":false},"author":4,"featured_media":17627,"menu_order":0,"comment_status":"closed","ping_status":"closed","template":"","meta":{"_themeisle_gutenberg_block_has_review":false},"tags":[],"event_type":[],"event_type_2":[],"class_list":["post-17624","ajde_events","type-ajde_events","status-publish","has-post-thumbnail","hentry","entry"],"yoast_head":"<!-- This site is optimized with the Yoast SEO plugin v24.9 - https:\/\/yoast.com\/wordpress\/plugins\/seo\/ -->\n<title>Mia Hafr\u00e9n trio - Kulturhuset Karelia<\/title>\n<meta name=\"robots\" content=\"index, follow, max-snippet:-1, max-image-preview:large, max-video-preview:-1\" \/>\n<link rel=\"canonical\" href=\"https:\/\/kulturhusetkarelia.fi\/fi\/evenemang\/mia-hafren-trio\/\" \/>\n<meta property=\"og:locale\" content=\"fi_FI\" \/>\n<meta property=\"og:type\" content=\"article\" \/>\n<meta property=\"og:title\" content=\"Mia Hafr\u00e9n trio - Kulturhuset Karelia\" \/>\n<meta property=\"og:description\" content=\"Artisten och sk\u00e5despelaren Mia Hafr\u00e9n kommer till Eken\u00e4s f\u00f6r att tillsammans med musikerna Marja Ahlsved och Margarita Eklund framf\u00f6ra l\u00e5tar fr\u00e5n Hafr\u00e9ns debutalbum Ocks\u00e5 f\u00f6r dig (2022) och efterf\u00f6ljaren For the Brave (2024). Konserten best\u00e5r av allt fr\u00e5n sv\u00e4ngiga protestl\u00e5tar till sk\u00f6ra k\u00e4rleksballader. Hafr\u00e9n, k\u00e4nd fr\u00e5n bla a capellagruppen Fork, har turnerat runt i Finland&hellip; Jatka lukemista Mia Hafr\u00e9n trio\" \/>\n<meta property=\"og:url\" content=\"https:\/\/kulturhusetkarelia.fi\/fi\/evenemang\/mia-hafren-trio\/\" \/>\n<meta property=\"og:site_name\" content=\"Kulturhuset Karelia\" \/>\n<meta property=\"article:publisher\" content=\"https:\/\/www.facebook.com\/kulturhusetkarelia\/\" \/>\n<meta property=\"article:modified_time\" content=\"2025-02-11T08:58:37+00:00\" \/>\n<meta property=\"og:image\" content=\"https:\/\/kulturhusetkarelia.fi\/wp-content\/uploads\/2025\/02\/Mia-Hafren-bild-Jonas-Lundqvist-scaled.avif\" \/>\n\t<meta property=\"og:image:width\" content=\"2560\" \/>\n\t<meta property=\"og:image:height\" content=\"1708\" \/>\n\t<meta property=\"og:image:type\" content=\"image\/jpeg\" \/>\n<meta name=\"twitter:card\" content=\"summary_large_image\" \/>\n<meta name=\"twitter:label1\" content=\"Arvioitu lukuaika\" \/>\n\t<meta name=\"twitter:data1\" content=\"2 minuuttia\" \/>\n<script type=\"application\/ld+json\" class=\"yoast-schema-graph\">{\"@context\":\"https:\/\/schema.org\",\"@graph\":[{\"@type\":\"WebPage\",\"@id\":\"https:\/\/kulturhusetkarelia.fi\/evenemang\/mia-hafren-trio\/\",\"url\":\"https:\/\/kulturhusetkarelia.fi\/evenemang\/mia-hafren-trio\/\",\"name\":\"Mia Hafr\u00e9n trio - Kulturhuset Karelia\",\"isPartOf\":{\"@id\":\"https:\/\/kulturhusetkarelia.fi\/#website\"},\"primaryImageOfPage\":{\"@id\":\"https:\/\/kulturhusetkarelia.fi\/evenemang\/mia-hafren-trio\/#primaryimage\"},\"image\":{\"@id\":\"https:\/\/kulturhusetkarelia.fi\/evenemang\/mia-hafren-trio\/#primaryimage\"},\"thumbnailUrl\":\"https:\/\/kulturhusetkarelia.fi\/wp-content\/uploads\/2025\/02\/Mia-Hafren-bild-Jonas-Lundqvist-scaled.avif\",\"datePublished\":\"2025-02-11T08:58:35+00:00\",\"dateModified\":\"2025-02-11T08:58:37+00:00\",\"breadcrumb\":{\"@id\":\"https:\/\/kulturhusetkarelia.fi\/evenemang\/mia-hafren-trio\/#breadcrumb\"},\"inLanguage\":\"fi\",\"potentialAction\":[{\"@type\":\"ReadAction\",\"target\":[\"https:\/\/kulturhusetkarelia.fi\/evenemang\/mia-hafren-trio\/\"]}]},{\"@type\":\"ImageObject\",\"inLanguage\":\"fi\",\"@id\":\"https:\/\/kulturhusetkarelia.fi\/evenemang\/mia-hafren-trio\/#primaryimage\",\"url\":\"https:\/\/kulturhusetkarelia.fi\/wp-content\/uploads\/2025\/02\/Mia-Hafren-bild-Jonas-Lundqvist-scaled.avif\",\"contentUrl\":\"https:\/\/kulturhusetkarelia.fi\/wp-content\/uploads\/2025\/02\/Mia-Hafren-bild-Jonas-Lundqvist-scaled.avif\",\"width\":2560,\"height\":1708},{\"@type\":\"BreadcrumbList\",\"@id\":\"https:\/\/kulturhusetkarelia.fi\/evenemang\/mia-hafren-trio\/#breadcrumb\",\"itemListElement\":[{\"@type\":\"ListItem\",\"position\":1,\"name\":\"Home\",\"item\":\"https:\/\/kulturhusetkarelia.fi\/\"},{\"@type\":\"ListItem\",\"position\":2,\"name\":\"Events\",\"item\":\"https:\/\/kulturhusetkarelia.fi\/evenemang\/\"},{\"@type\":\"ListItem\",\"position\":3,\"name\":\"Mia Hafr\u00e9n trio\"}]},{\"@type\":\"WebSite\",\"@id\":\"https:\/\/kulturhusetkarelia.fi\/#website\",\"url\":\"https:\/\/kulturhusetkarelia.fi\/\",\"name\":\"Kulturhuset Karelia\",\"description\":\"\",\"publisher\":{\"@id\":\"https:\/\/kulturhusetkarelia.fi\/#organization\"},\"potentialAction\":[{\"@type\":\"SearchAction\",\"target\":{\"@type\":\"EntryPoint\",\"urlTemplate\":\"https:\/\/kulturhusetkarelia.fi\/?s={search_term_string}\"},\"query-input\":{\"@type\":\"PropertyValueSpecification\",\"valueRequired\":true,\"valueName\":\"search_term_string\"}}],\"inLanguage\":\"fi\"},{\"@type\":\"Organization\",\"@id\":\"https:\/\/kulturhusetkarelia.fi\/#organization\",\"name\":\"Kulturhuset Karelia\",\"url\":\"https:\/\/kulturhusetkarelia.fi\/\",\"logo\":{\"@type\":\"ImageObject\",\"inLanguage\":\"fi\",\"@id\":\"https:\/\/kulturhusetkarelia.fi\/#\/schema\/logo\/image\/\",\"url\":\"https:\/\/kulturhusetkarelia.fi\/wp-content\/uploads\/2023\/01\/Stor-logo-rod.svg\",\"contentUrl\":\"https:\/\/kulturhusetkarelia.fi\/wp-content\/uploads\/2023\/01\/Stor-logo-rod.svg\",\"width\":1,\"height\":1,\"caption\":\"Kulturhuset Karelia\"},\"image\":{\"@id\":\"https:\/\/kulturhusetkarelia.fi\/#\/schema\/logo\/image\/\"},\"sameAs\":[\"https:\/\/www.facebook.com\/kulturhusetkarelia\/\",\"https:\/\/www.instagram.com\/kulturhusetkarelia\/\"]}]}<\/script>\n<!-- \/ Yoast SEO plugin. -->","yoast_head_json":{"title":"Mia Hafr\u00e9n trio - Kulturhuset Karelia","robots":{"index":"index","follow":"follow","max-snippet":"max-snippet:-1","max-image-preview":"max-image-preview:large","max-video-preview":"max-video-preview:-1"},"canonical":"https:\/\/kulturhusetkarelia.fi\/fi\/evenemang\/mia-hafren-trio\/","og_locale":"fi_FI","og_type":"article","og_title":"Mia Hafr\u00e9n trio - Kulturhuset Karelia","og_description":"Artisten och sk\u00e5despelaren Mia Hafr\u00e9n kommer till Eken\u00e4s f\u00f6r att tillsammans med musikerna Marja Ahlsved och Margarita Eklund framf\u00f6ra l\u00e5tar fr\u00e5n Hafr\u00e9ns debutalbum Ocks\u00e5 f\u00f6r dig (2022) och efterf\u00f6ljaren For the Brave (2024). Konserten best\u00e5r av allt fr\u00e5n sv\u00e4ngiga protestl\u00e5tar till sk\u00f6ra k\u00e4rleksballader. Hafr\u00e9n, k\u00e4nd fr\u00e5n bla a capellagruppen Fork, har turnerat runt i Finland&hellip; Jatka lukemista Mia Hafr\u00e9n trio","og_url":"https:\/\/kulturhusetkarelia.fi\/fi\/evenemang\/mia-hafren-trio\/","og_site_name":"Kulturhuset Karelia","article_publisher":"https:\/\/www.facebook.com\/kulturhusetkarelia\/","article_modified_time":"2025-02-11T08:58:37+00:00","og_image":[{"width":2560,"height":1708,"url":"https:\/\/kulturhusetkarelia.fi\/wp-content\/uploads\/2025\/02\/Mia-Hafren-bild-Jonas-Lundqvist-scaled.avif","type":"image\/jpeg"}],"twitter_card":"summary_large_image","twitter_misc":{"Arvioitu lukuaika":"2 minuuttia"},"schema":{"@context":"https:\/\/schema.org","@graph":[{"@type":"WebPage","@id":"https:\/\/kulturhusetkarelia.fi\/evenemang\/mia-hafren-trio\/","url":"https:\/\/kulturhusetkarelia.fi\/evenemang\/mia-hafren-trio\/","name":"Mia Hafr\u00e9n trio - Kulturhuset Karelia","isPartOf":{"@id":"https:\/\/kulturhusetkarelia.fi\/#website"},"primaryImageOfPage":{"@id":"https:\/\/kulturhusetkarelia.fi\/evenemang\/mia-hafren-trio\/#primaryimage"},"image":{"@id":"https:\/\/kulturhusetkarelia.fi\/evenemang\/mia-hafren-trio\/#primaryimage"},"thumbnailUrl":"https:\/\/kulturhusetkarelia.fi\/wp-content\/uploads\/2025\/02\/Mia-Hafren-bild-Jonas-Lundqvist-scaled.avif","datePublished":"2025-02-11T08:58:35+00:00","dateModified":"2025-02-11T08:58:37+00:00","breadcrumb":{"@id":"https:\/\/kulturhusetkarelia.fi\/evenemang\/mia-hafren-trio\/#breadcrumb"},"inLanguage":"fi","potentialAction":[{"@type":"ReadAction","target":["https:\/\/kulturhusetkarelia.fi\/evenemang\/mia-hafren-trio\/"]}]},{"@type":"ImageObject","inLanguage":"fi","@id":"https:\/\/kulturhusetkarelia.fi\/evenemang\/mia-hafren-trio\/#primaryimage","url":"https:\/\/kulturhusetkarelia.fi\/wp-content\/uploads\/2025\/02\/Mia-Hafren-bild-Jonas-Lundqvist-scaled.avif","contentUrl":"https:\/\/kulturhusetkarelia.fi\/wp-content\/uploads\/2025\/02\/Mia-Hafren-bild-Jonas-Lundqvist-scaled.avif","width":2560,"height":1708},{"@type":"BreadcrumbList","@id":"https:\/\/kulturhusetkarelia.fi\/evenemang\/mia-hafren-trio\/#breadcrumb","itemListElement":[{"@type":"ListItem","position":1,"name":"Home","item":"https:\/\/kulturhusetkarelia.fi\/"},{"@type":"ListItem","position":2,"name":"Events","item":"https:\/\/kulturhusetkarelia.fi\/evenemang\/"},{"@type":"ListItem","position":3,"name":"Mia Hafr\u00e9n trio"}]},{"@type":"WebSite","@id":"https:\/\/kulturhusetkarelia.fi\/#website","url":"https:\/\/kulturhusetkarelia.fi\/","name":"Kulturhuset Karelia","description":"","publisher":{"@id":"https:\/\/kulturhusetkarelia.fi\/#organization"},"potentialAction":[{"@type":"SearchAction","target":{"@type":"EntryPoint","urlTemplate":"https:\/\/kulturhusetkarelia.fi\/?s={search_term_string}"},"query-input":{"@type":"PropertyValueSpecification","valueRequired":true,"valueName":"search_term_string"}}],"inLanguage":"fi"},{"@type":"Organization","@id":"https:\/\/kulturhusetkarelia.fi\/#organization","name":"Kulturhuset Karelia","url":"https:\/\/kulturhusetkarelia.fi\/","logo":{"@type":"ImageObject","inLanguage":"fi","@id":"https:\/\/kulturhusetkarelia.fi\/#\/schema\/logo\/image\/","url":"https:\/\/kulturhusetkarelia.fi\/wp-content\/uploads\/2023\/01\/Stor-logo-rod.svg","contentUrl":"https:\/\/kulturhusetkarelia.fi\/wp-content\/uploads\/2023\/01\/Stor-logo-rod.svg","width":1,"height":1,"caption":"Kulturhuset Karelia"},"image":{"@id":"https:\/\/kulturhusetkarelia.fi\/#\/schema\/logo\/image\/"},"sameAs":["https:\/\/www.facebook.com\/kulturhusetkarelia\/","https:\/\/www.instagram.com\/kulturhusetkarelia\/"]}]}},"jetpack_sharing_enabled":true,"_links":{"self":[{"href":"https:\/\/kulturhusetkarelia.fi\/fi\/wp-json\/wp\/v2\/ajde_events\/17624","targetHints":{"allow":["GET"]}}],"collection":[{"href":"https:\/\/kulturhusetkarelia.fi\/fi\/wp-json\/wp\/v2\/ajde_events"}],"about":[{"href":"https:\/\/kulturhusetkarelia.fi\/fi\/wp-json\/wp\/v2\/types\/ajde_events"}],"author":[{"embeddable":true,"href":"https:\/\/kulturhusetkarelia.fi\/fi\/wp-json\/wp\/v2\/users\/4"}],"replies":[{"embeddable":true,"href":"https:\/\/kulturhusetkarelia.fi\/fi\/wp-json\/wp\/v2\/comments?post=17624"}],"wp:featuredmedia":[{"embeddable":true,"href":"https:\/\/kulturhusetkarelia.fi\/fi\/wp-json\/wp\/v2\/media\/17627"}],"wp:attachment":[{"href":"https:\/\/kulturhusetkarelia.fi\/fi\/wp-json\/wp\/v2\/media?parent=17624"}],"wp:term":[{"taxonomy":"post_tag","embeddable":true,"href":"https:\/\/kulturhusetkarelia.fi\/fi\/wp-json\/wp\/v2\/tags?post=17624"},{"taxonomy":"event_type","embeddable":true,"href":"https:\/\/kulturhusetkarelia.fi\/fi\/wp-json\/wp\/v2\/event_type?post=17624"},{"taxonomy":"event_type_2","embeddable":true,"href":"https:\/\/kulturhusetkarelia.fi\/fi\/wp-json\/wp\/v2\/event_type_2?post=17624"}],"curies":[{"name":"wp","href":"https:\/\/api.w.org\/{rel}","templated":true}]}}