{"id":17585,"date":"2025-01-24T11:06:56","date_gmt":"2025-01-24T09:06:56","guid":{"rendered":"https:\/\/kulturhusetkarelia.fi\/?post_type=ajde_events&#038;p=17585"},"modified":"2025-01-24T11:06:58","modified_gmt":"2025-01-24T09:06:58","slug":"vila-kan-man-gora-i-graven-wasa-teater","status":"publish","type":"ajde_events","link":"https:\/\/kulturhusetkarelia.fi\/fi\/evenemang\/vila-kan-man-gora-i-graven-wasa-teater\/","title":{"rendered":"Vila kan man g\u00f6ra i graven &#8211; Wasa Teater"},"content":{"rendered":"<p><em>Vila kan man g\u00f6ra i graven utforskar m\u00e4nniskans plats i en prestationsinriktad v\u00e4rld. F\u00f6rest\u00e4llningen behandlar teman som skam och otillr\u00e4cklighet, samtidigt som den p\u00e5minner oss om att vi inte \u00e4r ensamma i dessa k\u00e4nslor.<\/em><\/p>\n\n\n\n<p>Med en blandning av personliga erfarenheter och en l\u00e4ngtan efter att hitta en rimlig balans i livspusslet har Tove Qvickstr\u00f6m skrivit en monolog om perfektionism, utmattning, s\u00f6mnl\u00f6shet och en st\u00e4ndig k\u00e4nsla av att inte r\u00e4cka till. Det \u00e4r en f\u00f6rest\u00e4llning med m\u00e5nga igenk\u00e4nningsfaktorer men ocks\u00e5 med en stor dos humor och sj\u00e4lvironi.<\/p>\n\n\n\n<p>Genom att balansera mellan galenskap och sanning, erbjuder&nbsp;<em>Vila kan man g\u00f6ra i graven<\/em>&nbsp;en m\u00f6jlighet att skratta \u00e5t de absurda situationer m\u00e4nniskan kan hamna i och en m\u00f6jlighet att vila i igenk\u00e4nning. Upplev&nbsp;<em>Vila kan man g\u00f6ra i graven<\/em>&nbsp;och l\u00e5t det bli en katalysator f\u00f6r dialog och sj\u00e4lvinsikt. Det \u00e4r dags att stanna upp, skratta och kanske inte ta sig sj\u00e4lv p\u00e5 s\u00e5 stort allvar.<\/p>\n\n\n\n<p>100 % \u00e5terbrukad produktion<\/p>\n\n\n\n<p>Som en del i\u00a0<a href=\"https:\/\/www.wasateater.fi\/om-oss\/miljoarbete\/\">Wasa Teaters milj\u00f6arbete<\/a>\u00a0unders\u00f6ker den h\u00e4r produktionen m\u00f6jligheten att producera h\u00e5llbart. M\u00e5let \u00e4r att till 100 % anv\u00e4nda \u00e5tervunnet material eller s\u00e5nt som finns teaterns egna lager, utan att tumma p\u00e5 konstn\u00e4rlig kvalit\u00e9 eller publikens upplevelse.<\/p>\n\n\n\n<p>L\u00f6rdag 12.4 klockan 19:00<\/p>","protected":false},"author":4,"featured_media":17586,"menu_order":0,"comment_status":"closed","ping_status":"closed","template":"","meta":{"_themeisle_gutenberg_block_has_review":false},"tags":[],"event_type":[],"event_type_2":[],"class_list":["post-17585","ajde_events","type-ajde_events","status-publish","has-post-thumbnail","hentry","event_location-kulturhuset-karelia","event_organizer-wasa-teater","entry"],"yoast_head":"<!-- This site is optimized with the Yoast SEO plugin v24.9 - https:\/\/yoast.com\/wordpress\/plugins\/seo\/ -->\n<title>Vila kan man g\u00f6ra i graven - Wasa Teater - Kulturhuset Karelia<\/title>\n<meta name=\"robots\" content=\"index, follow, max-snippet:-1, max-image-preview:large, max-video-preview:-1\" \/>\n<link rel=\"canonical\" href=\"https:\/\/kulturhusetkarelia.fi\/fi\/evenemang\/vila-kan-man-gora-i-graven-wasa-teater\/\" \/>\n<meta property=\"og:locale\" content=\"fi_FI\" \/>\n<meta property=\"og:type\" content=\"article\" \/>\n<meta property=\"og:title\" content=\"Vila kan man g\u00f6ra i graven - Wasa Teater - Kulturhuset Karelia\" \/>\n<meta property=\"og:description\" content=\"Vila kan man g\u00f6ra i graven utforskar m\u00e4nniskans plats i en prestationsinriktad v\u00e4rld. F\u00f6rest\u00e4llningen behandlar teman som skam och otillr\u00e4cklighet, samtidigt som den p\u00e5minner oss om att vi inte \u00e4r ensamma i dessa k\u00e4nslor. Med en blandning av personliga erfarenheter och en l\u00e4ngtan efter att hitta en rimlig balans i livspusslet har Tove Qvickstr\u00f6m skrivit&hellip; Jatka lukemista Vila kan man g\u00f6ra i graven &#8211; Wasa Teater\" \/>\n<meta property=\"og:url\" content=\"https:\/\/kulturhusetkarelia.fi\/fi\/evenemang\/vila-kan-man-gora-i-graven-wasa-teater\/\" \/>\n<meta property=\"og:site_name\" content=\"Kulturhuset Karelia\" \/>\n<meta property=\"article:publisher\" content=\"https:\/\/www.facebook.com\/kulturhusetkarelia\/\" \/>\n<meta property=\"article:modified_time\" content=\"2025-01-24T09:06:58+00:00\" \/>\n<meta property=\"og:image\" content=\"https:\/\/kulturhusetkarelia.fi\/wp-content\/uploads\/2025\/01\/VILA-BOLL-png.avif\" \/>\n\t<meta property=\"og:image:width\" content=\"2480\" \/>\n\t<meta property=\"og:image:height\" content=\"3508\" \/>\n\t<meta property=\"og:image:type\" content=\"image\/png\" \/>\n<meta name=\"twitter:card\" content=\"summary_large_image\" \/>\n<meta name=\"twitter:label1\" content=\"Arvioitu lukuaika\" \/>\n\t<meta name=\"twitter:data1\" content=\"2 minuuttia\" \/>\n<script type=\"application\/ld+json\" class=\"yoast-schema-graph\">{\"@context\":\"https:\/\/schema.org\",\"@graph\":[{\"@type\":\"WebPage\",\"@id\":\"https:\/\/kulturhusetkarelia.fi\/evenemang\/vila-kan-man-gora-i-graven-wasa-teater\/\",\"url\":\"https:\/\/kulturhusetkarelia.fi\/evenemang\/vila-kan-man-gora-i-graven-wasa-teater\/\",\"name\":\"Vila kan man g\u00f6ra i graven - Wasa Teater - Kulturhuset Karelia\",\"isPartOf\":{\"@id\":\"https:\/\/kulturhusetkarelia.fi\/#website\"},\"primaryImageOfPage\":{\"@id\":\"https:\/\/kulturhusetkarelia.fi\/evenemang\/vila-kan-man-gora-i-graven-wasa-teater\/#primaryimage\"},\"image\":{\"@id\":\"https:\/\/kulturhusetkarelia.fi\/evenemang\/vila-kan-man-gora-i-graven-wasa-teater\/#primaryimage\"},\"thumbnailUrl\":\"https:\/\/kulturhusetkarelia.fi\/wp-content\/uploads\/2025\/01\/VILA-BOLL-png.avif\",\"datePublished\":\"2025-01-24T09:06:56+00:00\",\"dateModified\":\"2025-01-24T09:06:58+00:00\",\"breadcrumb\":{\"@id\":\"https:\/\/kulturhusetkarelia.fi\/evenemang\/vila-kan-man-gora-i-graven-wasa-teater\/#breadcrumb\"},\"inLanguage\":\"fi\",\"potentialAction\":[{\"@type\":\"ReadAction\",\"target\":[\"https:\/\/kulturhusetkarelia.fi\/evenemang\/vila-kan-man-gora-i-graven-wasa-teater\/\"]}]},{\"@type\":\"ImageObject\",\"inLanguage\":\"fi\",\"@id\":\"https:\/\/kulturhusetkarelia.fi\/evenemang\/vila-kan-man-gora-i-graven-wasa-teater\/#primaryimage\",\"url\":\"https:\/\/kulturhusetkarelia.fi\/wp-content\/uploads\/2025\/01\/VILA-BOLL-png.avif\",\"contentUrl\":\"https:\/\/kulturhusetkarelia.fi\/wp-content\/uploads\/2025\/01\/VILA-BOLL-png.avif\",\"width\":2480,\"height\":3508},{\"@type\":\"BreadcrumbList\",\"@id\":\"https:\/\/kulturhusetkarelia.fi\/evenemang\/vila-kan-man-gora-i-graven-wasa-teater\/#breadcrumb\",\"itemListElement\":[{\"@type\":\"ListItem\",\"position\":1,\"name\":\"Home\",\"item\":\"https:\/\/kulturhusetkarelia.fi\/\"},{\"@type\":\"ListItem\",\"position\":2,\"name\":\"Events\",\"item\":\"https:\/\/kulturhusetkarelia.fi\/evenemang\/\"},{\"@type\":\"ListItem\",\"position\":3,\"name\":\"Vila kan man g\u00f6ra i graven &#8211; Wasa Teater\"}]},{\"@type\":\"WebSite\",\"@id\":\"https:\/\/kulturhusetkarelia.fi\/#website\",\"url\":\"https:\/\/kulturhusetkarelia.fi\/\",\"name\":\"Kulturhuset Karelia\",\"description\":\"\",\"publisher\":{\"@id\":\"https:\/\/kulturhusetkarelia.fi\/#organization\"},\"potentialAction\":[{\"@type\":\"SearchAction\",\"target\":{\"@type\":\"EntryPoint\",\"urlTemplate\":\"https:\/\/kulturhusetkarelia.fi\/?s={search_term_string}\"},\"query-input\":{\"@type\":\"PropertyValueSpecification\",\"valueRequired\":true,\"valueName\":\"search_term_string\"}}],\"inLanguage\":\"fi\"},{\"@type\":\"Organization\",\"@id\":\"https:\/\/kulturhusetkarelia.fi\/#organization\",\"name\":\"Kulturhuset Karelia\",\"url\":\"https:\/\/kulturhusetkarelia.fi\/\",\"logo\":{\"@type\":\"ImageObject\",\"inLanguage\":\"fi\",\"@id\":\"https:\/\/kulturhusetkarelia.fi\/#\/schema\/logo\/image\/\",\"url\":\"https:\/\/kulturhusetkarelia.fi\/wp-content\/uploads\/2023\/01\/Stor-logo-rod.svg\",\"contentUrl\":\"https:\/\/kulturhusetkarelia.fi\/wp-content\/uploads\/2023\/01\/Stor-logo-rod.svg\",\"width\":1,\"height\":1,\"caption\":\"Kulturhuset Karelia\"},\"image\":{\"@id\":\"https:\/\/kulturhusetkarelia.fi\/#\/schema\/logo\/image\/\"},\"sameAs\":[\"https:\/\/www.facebook.com\/kulturhusetkarelia\/\",\"https:\/\/www.instagram.com\/kulturhusetkarelia\/\"]}]}<\/script>\n<!-- \/ Yoast SEO plugin. -->","yoast_head_json":{"title":"Vila kan man g\u00f6ra i graven - Wasa Teater - Kulturhuset Karelia","robots":{"index":"index","follow":"follow","max-snippet":"max-snippet:-1","max-image-preview":"max-image-preview:large","max-video-preview":"max-video-preview:-1"},"canonical":"https:\/\/kulturhusetkarelia.fi\/fi\/evenemang\/vila-kan-man-gora-i-graven-wasa-teater\/","og_locale":"fi_FI","og_type":"article","og_title":"Vila kan man g\u00f6ra i graven - Wasa Teater - Kulturhuset Karelia","og_description":"Vila kan man g\u00f6ra i graven utforskar m\u00e4nniskans plats i en prestationsinriktad v\u00e4rld. F\u00f6rest\u00e4llningen behandlar teman som skam och otillr\u00e4cklighet, samtidigt som den p\u00e5minner oss om att vi inte \u00e4r ensamma i dessa k\u00e4nslor. Med en blandning av personliga erfarenheter och en l\u00e4ngtan efter att hitta en rimlig balans i livspusslet har Tove Qvickstr\u00f6m skrivit&hellip; Jatka lukemista Vila kan man g\u00f6ra i graven &#8211; Wasa Teater","og_url":"https:\/\/kulturhusetkarelia.fi\/fi\/evenemang\/vila-kan-man-gora-i-graven-wasa-teater\/","og_site_name":"Kulturhuset Karelia","article_publisher":"https:\/\/www.facebook.com\/kulturhusetkarelia\/","article_modified_time":"2025-01-24T09:06:58+00:00","og_image":[{"width":2480,"height":3508,"url":"https:\/\/kulturhusetkarelia.fi\/wp-content\/uploads\/2025\/01\/VILA-BOLL-png.avif","type":"image\/png"}],"twitter_card":"summary_large_image","twitter_misc":{"Arvioitu lukuaika":"2 minuuttia"},"schema":{"@context":"https:\/\/schema.org","@graph":[{"@type":"WebPage","@id":"https:\/\/kulturhusetkarelia.fi\/evenemang\/vila-kan-man-gora-i-graven-wasa-teater\/","url":"https:\/\/kulturhusetkarelia.fi\/evenemang\/vila-kan-man-gora-i-graven-wasa-teater\/","name":"Vila kan man g\u00f6ra i graven - Wasa Teater - Kulturhuset Karelia","isPartOf":{"@id":"https:\/\/kulturhusetkarelia.fi\/#website"},"primaryImageOfPage":{"@id":"https:\/\/kulturhusetkarelia.fi\/evenemang\/vila-kan-man-gora-i-graven-wasa-teater\/#primaryimage"},"image":{"@id":"https:\/\/kulturhusetkarelia.fi\/evenemang\/vila-kan-man-gora-i-graven-wasa-teater\/#primaryimage"},"thumbnailUrl":"https:\/\/kulturhusetkarelia.fi\/wp-content\/uploads\/2025\/01\/VILA-BOLL-png.avif","datePublished":"2025-01-24T09:06:56+00:00","dateModified":"2025-01-24T09:06:58+00:00","breadcrumb":{"@id":"https:\/\/kulturhusetkarelia.fi\/evenemang\/vila-kan-man-gora-i-graven-wasa-teater\/#breadcrumb"},"inLanguage":"fi","potentialAction":[{"@type":"ReadAction","target":["https:\/\/kulturhusetkarelia.fi\/evenemang\/vila-kan-man-gora-i-graven-wasa-teater\/"]}]},{"@type":"ImageObject","inLanguage":"fi","@id":"https:\/\/kulturhusetkarelia.fi\/evenemang\/vila-kan-man-gora-i-graven-wasa-teater\/#primaryimage","url":"https:\/\/kulturhusetkarelia.fi\/wp-content\/uploads\/2025\/01\/VILA-BOLL-png.avif","contentUrl":"https:\/\/kulturhusetkarelia.fi\/wp-content\/uploads\/2025\/01\/VILA-BOLL-png.avif","width":2480,"height":3508},{"@type":"BreadcrumbList","@id":"https:\/\/kulturhusetkarelia.fi\/evenemang\/vila-kan-man-gora-i-graven-wasa-teater\/#breadcrumb","itemListElement":[{"@type":"ListItem","position":1,"name":"Home","item":"https:\/\/kulturhusetkarelia.fi\/"},{"@type":"ListItem","position":2,"name":"Events","item":"https:\/\/kulturhusetkarelia.fi\/evenemang\/"},{"@type":"ListItem","position":3,"name":"Vila kan man g\u00f6ra i graven &#8211; Wasa Teater"}]},{"@type":"WebSite","@id":"https:\/\/kulturhusetkarelia.fi\/#website","url":"https:\/\/kulturhusetkarelia.fi\/","name":"Kulturhuset Karelia","description":"","publisher":{"@id":"https:\/\/kulturhusetkarelia.fi\/#organization"},"potentialAction":[{"@type":"SearchAction","target":{"@type":"EntryPoint","urlTemplate":"https:\/\/kulturhusetkarelia.fi\/?s={search_term_string}"},"query-input":{"@type":"PropertyValueSpecification","valueRequired":true,"valueName":"search_term_string"}}],"inLanguage":"fi"},{"@type":"Organization","@id":"https:\/\/kulturhusetkarelia.fi\/#organization","name":"Kulturhuset Karelia","url":"https:\/\/kulturhusetkarelia.fi\/","logo":{"@type":"ImageObject","inLanguage":"fi","@id":"https:\/\/kulturhusetkarelia.fi\/#\/schema\/logo\/image\/","url":"https:\/\/kulturhusetkarelia.fi\/wp-content\/uploads\/2023\/01\/Stor-logo-rod.svg","contentUrl":"https:\/\/kulturhusetkarelia.fi\/wp-content\/uploads\/2023\/01\/Stor-logo-rod.svg","width":1,"height":1,"caption":"Kulturhuset Karelia"},"image":{"@id":"https:\/\/kulturhusetkarelia.fi\/#\/schema\/logo\/image\/"},"sameAs":["https:\/\/www.facebook.com\/kulturhusetkarelia\/","https:\/\/www.instagram.com\/kulturhusetkarelia\/"]}]}},"jetpack_sharing_enabled":true,"_links":{"self":[{"href":"https:\/\/kulturhusetkarelia.fi\/fi\/wp-json\/wp\/v2\/ajde_events\/17585","targetHints":{"allow":["GET"]}}],"collection":[{"href":"https:\/\/kulturhusetkarelia.fi\/fi\/wp-json\/wp\/v2\/ajde_events"}],"about":[{"href":"https:\/\/kulturhusetkarelia.fi\/fi\/wp-json\/wp\/v2\/types\/ajde_events"}],"author":[{"embeddable":true,"href":"https:\/\/kulturhusetkarelia.fi\/fi\/wp-json\/wp\/v2\/users\/4"}],"replies":[{"embeddable":true,"href":"https:\/\/kulturhusetkarelia.fi\/fi\/wp-json\/wp\/v2\/comments?post=17585"}],"wp:featuredmedia":[{"embeddable":true,"href":"https:\/\/kulturhusetkarelia.fi\/fi\/wp-json\/wp\/v2\/media\/17586"}],"wp:attachment":[{"href":"https:\/\/kulturhusetkarelia.fi\/fi\/wp-json\/wp\/v2\/media?parent=17585"}],"wp:term":[{"taxonomy":"post_tag","embeddable":true,"href":"https:\/\/kulturhusetkarelia.fi\/fi\/wp-json\/wp\/v2\/tags?post=17585"},{"taxonomy":"event_type","embeddable":true,"href":"https:\/\/kulturhusetkarelia.fi\/fi\/wp-json\/wp\/v2\/event_type?post=17585"},{"taxonomy":"event_type_2","embeddable":true,"href":"https:\/\/kulturhusetkarelia.fi\/fi\/wp-json\/wp\/v2\/event_type_2?post=17585"}],"curies":[{"name":"wp","href":"https:\/\/api.w.org\/{rel}","templated":true}]}}