{"id":17568,"date":"2024-12-17T12:20:23","date_gmt":"2024-12-17T10:20:23","guid":{"rendered":"https:\/\/kulturhusetkarelia.fi\/?post_type=ajde_events&#038;p=17568"},"modified":"2024-12-17T12:20:25","modified_gmt":"2024-12-17T10:20:25","slug":"mycket-skoj-alfons-aberg-barnens-estrad","status":"publish","type":"ajde_events","link":"https:\/\/kulturhusetkarelia.fi\/fi\/evenemang\/mycket-skoj-alfons-aberg-barnens-estrad\/","title":{"rendered":"Mycket skoj, Alfons \u00c5berg &#8211; Barnens Estrad"},"content":{"rendered":"<p>Den roliga och barnv\u00e4nliga pj\u00e4sen &#8221;Mycket Skoj, Alfons \u00c5berg&#8221; \u00e4r en nyskriven pj\u00e4s skriven utg\u00e5ende fr\u00e5n fyra Alfons&nbsp;b\u00f6cker.<\/p>\n\n\n\n<p>H\u00e4r f\u00e5r vi vara med om n\u00e4r Alfons vill leka med pappa som ofta har annat f\u00f6r sig, n\u00e4r han \u00e4r lite orolig f\u00f6r sp\u00f6ken &#8211; som naturligtvis inte finns &#8211; n\u00e4r han har sv\u00e5rt att somna och n\u00e4r det \u00e4r br\u00e5ttom p\u00e5 morgonen.<\/p>\n\n\n\n<p>En varm och rolig pj\u00e4s med den speciella Alfons-st\u00e4mning som gjort honom s\u00e5 popul\u00e4r.<\/p>\n\n\n\n<p>Fredag 14.3.2025 klockan 18:00<br><br>Rekommenderad \u00e5lder: 2-8 \u00e5r<\/p>\n\n\n\n<p>Alla i publiken beh\u00f6ver en biljett, \u00e4ven de som sitter i famnen och oavsett \u00e5lder.<br>F\u00f6rest\u00e4llningens l\u00e4ngd \u00e4r ca 35 min.<br>F\u00f6rest\u00e4llningen spelas p\u00e5 svenska<\/p>\n\n\n\n<p>L\u00e4mna barnvagnen hemma eller i bilen.<br>Ta g\u00e4rna med sittkudde f\u00f6r barnet att sitta p\u00e5.<\/p>\n\n\n\n<p>Av Jesper Fransson och Henrik Gr\u00f6nroos efter Gunilla Bergstr\u00f6ms b\u00f6cker.<br><strong>Regi:\u00a0<\/strong>Jesper Fransson<br><strong>Dr\u00e4kter:<\/strong>\u00a0Sonja Dragon<br><strong>Dekor &amp; foto:<\/strong>\u00a0Lasse Andersson<br><strong>Rekvisita:<\/strong>\u00a0Pia Lind\u00e9n-Lamoureux<br><strong>Musik:<\/strong>\u00a0Georg Riedel<br><strong>Musikarrangemang &amp; inspelning:<\/strong>\u00a0Stefan \u201dKilju\u201d Lindblom<br><strong>I rollerna:<\/strong>\u00a0Alexandra Gustafsson &amp; Jesper Fransson<br><strong>Tuottaja:<\/strong>\u00a0Anders Gr\u00f6nroos<br><strong>R\u00e4ttighetsbolag:<\/strong>\u00a0Bok-Makaren AB<\/p>","protected":false},"author":4,"featured_media":17569,"menu_order":0,"comment_status":"closed","ping_status":"closed","template":"","meta":{"_themeisle_gutenberg_block_has_review":false},"tags":[],"event_type":[],"event_type_2":[],"class_list":["post-17568","ajde_events","type-ajde_events","status-publish","has-post-thumbnail","hentry","event_organizer-barnens-estrad","entry"],"yoast_head":"<!-- This site is optimized with the Yoast SEO plugin v24.9 - https:\/\/yoast.com\/wordpress\/plugins\/seo\/ -->\n<title>Mycket skoj, Alfons \u00c5berg - Barnens Estrad - Kulturhuset Karelia<\/title>\n<meta name=\"robots\" content=\"index, follow, max-snippet:-1, max-image-preview:large, max-video-preview:-1\" \/>\n<link rel=\"canonical\" href=\"https:\/\/kulturhusetkarelia.fi\/fi\/evenemang\/mycket-skoj-alfons-aberg-barnens-estrad\/\" \/>\n<meta property=\"og:locale\" content=\"fi_FI\" \/>\n<meta property=\"og:type\" content=\"article\" \/>\n<meta property=\"og:title\" content=\"Mycket skoj, Alfons \u00c5berg - Barnens Estrad - Kulturhuset Karelia\" \/>\n<meta property=\"og:description\" content=\"Den roliga och barnv\u00e4nliga pj\u00e4sen &#8221;Mycket Skoj, Alfons \u00c5berg&#8221; \u00e4r en nyskriven pj\u00e4s skriven utg\u00e5ende fr\u00e5n fyra Alfons&nbsp;b\u00f6cker. H\u00e4r f\u00e5r vi vara med om n\u00e4r Alfons vill leka med pappa som ofta har annat f\u00f6r sig, n\u00e4r han \u00e4r lite orolig f\u00f6r sp\u00f6ken &#8211; som naturligtvis inte finns &#8211; n\u00e4r han har sv\u00e5rt att somna&hellip; Jatka lukemista Mycket skoj, Alfons \u00c5berg &#8211; Barnens Estrad\" \/>\n<meta property=\"og:url\" content=\"https:\/\/kulturhusetkarelia.fi\/fi\/evenemang\/mycket-skoj-alfons-aberg-barnens-estrad\/\" \/>\n<meta property=\"og:site_name\" content=\"Kulturhuset Karelia\" \/>\n<meta property=\"article:publisher\" content=\"https:\/\/www.facebook.com\/kulturhusetkarelia\/\" \/>\n<meta property=\"article:modified_time\" content=\"2024-12-17T10:20:25+00:00\" \/>\n<meta property=\"og:image\" content=\"https:\/\/kulturhusetkarelia.fi\/wp-content\/uploads\/2024\/12\/MycketSkoj_02_print-1536x1536-1-jpg.webp\" \/>\n\t<meta property=\"og:image:width\" content=\"1536\" \/>\n\t<meta property=\"og:image:height\" content=\"1536\" \/>\n\t<meta property=\"og:image:type\" content=\"image\/jpeg\" \/>\n<meta name=\"twitter:card\" content=\"summary_large_image\" \/>\n<meta name=\"twitter:label1\" content=\"Arvioitu lukuaika\" \/>\n\t<meta name=\"twitter:data1\" content=\"2 minuuttia\" \/>\n<script type=\"application\/ld+json\" class=\"yoast-schema-graph\">{\"@context\":\"https:\/\/schema.org\",\"@graph\":[{\"@type\":\"WebPage\",\"@id\":\"https:\/\/kulturhusetkarelia.fi\/evenemang\/mycket-skoj-alfons-aberg-barnens-estrad\/\",\"url\":\"https:\/\/kulturhusetkarelia.fi\/evenemang\/mycket-skoj-alfons-aberg-barnens-estrad\/\",\"name\":\"Mycket skoj, Alfons \u00c5berg - Barnens Estrad - Kulturhuset Karelia\",\"isPartOf\":{\"@id\":\"https:\/\/kulturhusetkarelia.fi\/#website\"},\"primaryImageOfPage\":{\"@id\":\"https:\/\/kulturhusetkarelia.fi\/evenemang\/mycket-skoj-alfons-aberg-barnens-estrad\/#primaryimage\"},\"image\":{\"@id\":\"https:\/\/kulturhusetkarelia.fi\/evenemang\/mycket-skoj-alfons-aberg-barnens-estrad\/#primaryimage\"},\"thumbnailUrl\":\"https:\/\/kulturhusetkarelia.fi\/wp-content\/uploads\/2024\/12\/MycketSkoj_02_print-1536x1536-1-jpg.webp\",\"datePublished\":\"2024-12-17T10:20:23+00:00\",\"dateModified\":\"2024-12-17T10:20:25+00:00\",\"breadcrumb\":{\"@id\":\"https:\/\/kulturhusetkarelia.fi\/evenemang\/mycket-skoj-alfons-aberg-barnens-estrad\/#breadcrumb\"},\"inLanguage\":\"fi\",\"potentialAction\":[{\"@type\":\"ReadAction\",\"target\":[\"https:\/\/kulturhusetkarelia.fi\/evenemang\/mycket-skoj-alfons-aberg-barnens-estrad\/\"]}]},{\"@type\":\"ImageObject\",\"inLanguage\":\"fi\",\"@id\":\"https:\/\/kulturhusetkarelia.fi\/evenemang\/mycket-skoj-alfons-aberg-barnens-estrad\/#primaryimage\",\"url\":\"https:\/\/kulturhusetkarelia.fi\/wp-content\/uploads\/2024\/12\/MycketSkoj_02_print-1536x1536-1-jpg.webp\",\"contentUrl\":\"https:\/\/kulturhusetkarelia.fi\/wp-content\/uploads\/2024\/12\/MycketSkoj_02_print-1536x1536-1-jpg.webp\",\"width\":1536,\"height\":1536},{\"@type\":\"BreadcrumbList\",\"@id\":\"https:\/\/kulturhusetkarelia.fi\/evenemang\/mycket-skoj-alfons-aberg-barnens-estrad\/#breadcrumb\",\"itemListElement\":[{\"@type\":\"ListItem\",\"position\":1,\"name\":\"Home\",\"item\":\"https:\/\/kulturhusetkarelia.fi\/\"},{\"@type\":\"ListItem\",\"position\":2,\"name\":\"Events\",\"item\":\"https:\/\/kulturhusetkarelia.fi\/evenemang\/\"},{\"@type\":\"ListItem\",\"position\":3,\"name\":\"Mycket skoj, Alfons \u00c5berg &#8211; Barnens Estrad\"}]},{\"@type\":\"WebSite\",\"@id\":\"https:\/\/kulturhusetkarelia.fi\/#website\",\"url\":\"https:\/\/kulturhusetkarelia.fi\/\",\"name\":\"Kulturhuset Karelia\",\"description\":\"\",\"publisher\":{\"@id\":\"https:\/\/kulturhusetkarelia.fi\/#organization\"},\"potentialAction\":[{\"@type\":\"SearchAction\",\"target\":{\"@type\":\"EntryPoint\",\"urlTemplate\":\"https:\/\/kulturhusetkarelia.fi\/?s={search_term_string}\"},\"query-input\":{\"@type\":\"PropertyValueSpecification\",\"valueRequired\":true,\"valueName\":\"search_term_string\"}}],\"inLanguage\":\"fi\"},{\"@type\":\"Organization\",\"@id\":\"https:\/\/kulturhusetkarelia.fi\/#organization\",\"name\":\"Kulturhuset Karelia\",\"url\":\"https:\/\/kulturhusetkarelia.fi\/\",\"logo\":{\"@type\":\"ImageObject\",\"inLanguage\":\"fi\",\"@id\":\"https:\/\/kulturhusetkarelia.fi\/#\/schema\/logo\/image\/\",\"url\":\"https:\/\/kulturhusetkarelia.fi\/wp-content\/uploads\/2023\/01\/Stor-logo-rod.svg\",\"contentUrl\":\"https:\/\/kulturhusetkarelia.fi\/wp-content\/uploads\/2023\/01\/Stor-logo-rod.svg\",\"width\":1,\"height\":1,\"caption\":\"Kulturhuset Karelia\"},\"image\":{\"@id\":\"https:\/\/kulturhusetkarelia.fi\/#\/schema\/logo\/image\/\"},\"sameAs\":[\"https:\/\/www.facebook.com\/kulturhusetkarelia\/\",\"https:\/\/www.instagram.com\/kulturhusetkarelia\/\"]}]}<\/script>\n<!-- \/ Yoast SEO plugin. -->","yoast_head_json":{"title":"Mycket skoj, Alfons \u00c5berg - Barnens Estrad - Kulturhuset Karelia","robots":{"index":"index","follow":"follow","max-snippet":"max-snippet:-1","max-image-preview":"max-image-preview:large","max-video-preview":"max-video-preview:-1"},"canonical":"https:\/\/kulturhusetkarelia.fi\/fi\/evenemang\/mycket-skoj-alfons-aberg-barnens-estrad\/","og_locale":"fi_FI","og_type":"article","og_title":"Mycket skoj, Alfons \u00c5berg - Barnens Estrad - Kulturhuset Karelia","og_description":"Den roliga och barnv\u00e4nliga pj\u00e4sen &#8221;Mycket Skoj, Alfons \u00c5berg&#8221; \u00e4r en nyskriven pj\u00e4s skriven utg\u00e5ende fr\u00e5n fyra Alfons&nbsp;b\u00f6cker. H\u00e4r f\u00e5r vi vara med om n\u00e4r Alfons vill leka med pappa som ofta har annat f\u00f6r sig, n\u00e4r han \u00e4r lite orolig f\u00f6r sp\u00f6ken &#8211; som naturligtvis inte finns &#8211; n\u00e4r han har sv\u00e5rt att somna&hellip; Jatka lukemista Mycket skoj, Alfons \u00c5berg &#8211; Barnens Estrad","og_url":"https:\/\/kulturhusetkarelia.fi\/fi\/evenemang\/mycket-skoj-alfons-aberg-barnens-estrad\/","og_site_name":"Kulturhuset Karelia","article_publisher":"https:\/\/www.facebook.com\/kulturhusetkarelia\/","article_modified_time":"2024-12-17T10:20:25+00:00","og_image":[{"width":1536,"height":1536,"url":"https:\/\/kulturhusetkarelia.fi\/wp-content\/uploads\/2024\/12\/MycketSkoj_02_print-1536x1536-1-jpg.webp","type":"image\/jpeg"}],"twitter_card":"summary_large_image","twitter_misc":{"Arvioitu lukuaika":"2 minuuttia"},"schema":{"@context":"https:\/\/schema.org","@graph":[{"@type":"WebPage","@id":"https:\/\/kulturhusetkarelia.fi\/evenemang\/mycket-skoj-alfons-aberg-barnens-estrad\/","url":"https:\/\/kulturhusetkarelia.fi\/evenemang\/mycket-skoj-alfons-aberg-barnens-estrad\/","name":"Mycket skoj, Alfons \u00c5berg - Barnens Estrad - Kulturhuset Karelia","isPartOf":{"@id":"https:\/\/kulturhusetkarelia.fi\/#website"},"primaryImageOfPage":{"@id":"https:\/\/kulturhusetkarelia.fi\/evenemang\/mycket-skoj-alfons-aberg-barnens-estrad\/#primaryimage"},"image":{"@id":"https:\/\/kulturhusetkarelia.fi\/evenemang\/mycket-skoj-alfons-aberg-barnens-estrad\/#primaryimage"},"thumbnailUrl":"https:\/\/kulturhusetkarelia.fi\/wp-content\/uploads\/2024\/12\/MycketSkoj_02_print-1536x1536-1-jpg.webp","datePublished":"2024-12-17T10:20:23+00:00","dateModified":"2024-12-17T10:20:25+00:00","breadcrumb":{"@id":"https:\/\/kulturhusetkarelia.fi\/evenemang\/mycket-skoj-alfons-aberg-barnens-estrad\/#breadcrumb"},"inLanguage":"fi","potentialAction":[{"@type":"ReadAction","target":["https:\/\/kulturhusetkarelia.fi\/evenemang\/mycket-skoj-alfons-aberg-barnens-estrad\/"]}]},{"@type":"ImageObject","inLanguage":"fi","@id":"https:\/\/kulturhusetkarelia.fi\/evenemang\/mycket-skoj-alfons-aberg-barnens-estrad\/#primaryimage","url":"https:\/\/kulturhusetkarelia.fi\/wp-content\/uploads\/2024\/12\/MycketSkoj_02_print-1536x1536-1-jpg.webp","contentUrl":"https:\/\/kulturhusetkarelia.fi\/wp-content\/uploads\/2024\/12\/MycketSkoj_02_print-1536x1536-1-jpg.webp","width":1536,"height":1536},{"@type":"BreadcrumbList","@id":"https:\/\/kulturhusetkarelia.fi\/evenemang\/mycket-skoj-alfons-aberg-barnens-estrad\/#breadcrumb","itemListElement":[{"@type":"ListItem","position":1,"name":"Home","item":"https:\/\/kulturhusetkarelia.fi\/"},{"@type":"ListItem","position":2,"name":"Events","item":"https:\/\/kulturhusetkarelia.fi\/evenemang\/"},{"@type":"ListItem","position":3,"name":"Mycket skoj, Alfons \u00c5berg &#8211; Barnens Estrad"}]},{"@type":"WebSite","@id":"https:\/\/kulturhusetkarelia.fi\/#website","url":"https:\/\/kulturhusetkarelia.fi\/","name":"Kulturhuset Karelia","description":"","publisher":{"@id":"https:\/\/kulturhusetkarelia.fi\/#organization"},"potentialAction":[{"@type":"SearchAction","target":{"@type":"EntryPoint","urlTemplate":"https:\/\/kulturhusetkarelia.fi\/?s={search_term_string}"},"query-input":{"@type":"PropertyValueSpecification","valueRequired":true,"valueName":"search_term_string"}}],"inLanguage":"fi"},{"@type":"Organization","@id":"https:\/\/kulturhusetkarelia.fi\/#organization","name":"Kulturhuset Karelia","url":"https:\/\/kulturhusetkarelia.fi\/","logo":{"@type":"ImageObject","inLanguage":"fi","@id":"https:\/\/kulturhusetkarelia.fi\/#\/schema\/logo\/image\/","url":"https:\/\/kulturhusetkarelia.fi\/wp-content\/uploads\/2023\/01\/Stor-logo-rod.svg","contentUrl":"https:\/\/kulturhusetkarelia.fi\/wp-content\/uploads\/2023\/01\/Stor-logo-rod.svg","width":1,"height":1,"caption":"Kulturhuset Karelia"},"image":{"@id":"https:\/\/kulturhusetkarelia.fi\/#\/schema\/logo\/image\/"},"sameAs":["https:\/\/www.facebook.com\/kulturhusetkarelia\/","https:\/\/www.instagram.com\/kulturhusetkarelia\/"]}]}},"jetpack_sharing_enabled":true,"_links":{"self":[{"href":"https:\/\/kulturhusetkarelia.fi\/fi\/wp-json\/wp\/v2\/ajde_events\/17568","targetHints":{"allow":["GET"]}}],"collection":[{"href":"https:\/\/kulturhusetkarelia.fi\/fi\/wp-json\/wp\/v2\/ajde_events"}],"about":[{"href":"https:\/\/kulturhusetkarelia.fi\/fi\/wp-json\/wp\/v2\/types\/ajde_events"}],"author":[{"embeddable":true,"href":"https:\/\/kulturhusetkarelia.fi\/fi\/wp-json\/wp\/v2\/users\/4"}],"replies":[{"embeddable":true,"href":"https:\/\/kulturhusetkarelia.fi\/fi\/wp-json\/wp\/v2\/comments?post=17568"}],"wp:featuredmedia":[{"embeddable":true,"href":"https:\/\/kulturhusetkarelia.fi\/fi\/wp-json\/wp\/v2\/media\/17569"}],"wp:attachment":[{"href":"https:\/\/kulturhusetkarelia.fi\/fi\/wp-json\/wp\/v2\/media?parent=17568"}],"wp:term":[{"taxonomy":"post_tag","embeddable":true,"href":"https:\/\/kulturhusetkarelia.fi\/fi\/wp-json\/wp\/v2\/tags?post=17568"},{"taxonomy":"event_type","embeddable":true,"href":"https:\/\/kulturhusetkarelia.fi\/fi\/wp-json\/wp\/v2\/event_type?post=17568"},{"taxonomy":"event_type_2","embeddable":true,"href":"https:\/\/kulturhusetkarelia.fi\/fi\/wp-json\/wp\/v2\/event_type_2?post=17568"}],"curies":[{"name":"wp","href":"https:\/\/api.w.org\/{rel}","templated":true}]}}