{"id":17353,"date":"2024-04-26T11:49:04","date_gmt":"2024-04-26T08:49:04","guid":{"rendered":"https:\/\/kulturhusetkarelia.fi\/?post_type=ajde_events&#038;p=17353"},"modified":"2024-04-26T11:49:06","modified_gmt":"2024-04-26T08:49:06","slug":"stage-night","status":"publish","type":"ajde_events","link":"https:\/\/kulturhusetkarelia.fi\/fi\/evenemang\/stage-night\/","title":{"rendered":"STAGE NIGHT"},"content":{"rendered":"<p>Bandklubben Rockin&#8217; Karelia, L\u00e4rkkulla Pop&amp;Rock&nbsp;<img loading=\"lazy\" decoding=\"async\" height=\"16\" width=\"16\" alt=\"\ud83c\udfb8\" src=\"https:\/\/static.xx.fbcdn.net\/images\/emoji.php\/v9\/tc0\/2\/16\/1f3b8.png\">&nbsp;och Musikinstitutet&nbsp;<img loading=\"lazy\" decoding=\"async\" height=\"16\" width=\"16\" alt=\"\ud83c\udfb6\" src=\"https:\/\/static.xx.fbcdn.net\/images\/emoji.php\/v9\/tbe\/2\/16\/1f3b6.png\">&nbsp;tar \u00f6ver Karelias scen med en sprakande kv\u00e4ll av rock, pop och firande av vappen&nbsp;<img loading=\"lazy\" decoding=\"async\" height=\"16\" width=\"16\" alt=\"\ud83c\udf88\" src=\"https:\/\/static.xx.fbcdn.net\/images\/emoji.php\/v9\/taa\/2\/16\/1f388.png\"><\/p>\n\n\n\n<p>Bandklubben Rockin&#8217; Karelia avslutar sin v\u00e5rtermin p\u00e5 Karelias scen tillsammans med studeranden fr\u00e5n Musikinstitutet och L\u00e4rkkulla Music. Bandklubben med deltagare i \u00e5rskurs 5-9 tr\u00e4ffas p\u00e5 Ungdomsg\u00e5rden i Eken\u00e4s varje vecka f\u00f6r att musicera tillsammans.<\/p>\n\n\n\n<p>L\u00e4rkkulla Pop&amp;Rock \u00e4r en av utbildningarna under L\u00e4rkkulla Music, ett samlingsnamn f\u00f6r de olika musikutbildningar som L\u00e4rkkulla folkakademi erbjuder. P\u00e5 Karelia bjuder studerandena p\u00e5 l\u00e5tar som de sj\u00e4lva valt och \u00f6vat in under det g\u00e5gna \u00e5ret. L\u00e4s mer om L\u00e4rkkulla Music p\u00e5&nbsp;<a href=\"https:\/\/l.facebook.com\/l.php?u=http%3A%2F%2Flarkkulla.net%2Fmusic%3Ffbclid%3DIwZXh0bgNhZW0CMTAAAR2IqWJJnsm8basAdoKsFGZqKaZQdBhKT7AyADsMEJPTZDSmW3Qud60Wv5Y_aem_AdPMrArDb0tWYE1n9ybosesltSE_5MUJ_rxp8zd_GebnW7VcQMomOXN_Mj6qr8pnXTfFVAhTs4EApuwhV1N4TUSt&amp;h=AT0zzhigOe2ZRZyqJDMqGOQj5OQ0pwYTzglFGgeRBNVkkmaoTOgssY3-OMkiTP_YOgnDBzPqAY4ya-Rc4xBOrlycP05UbkBt3IZQJXpFb0MF33Q-M5_yQ3PWKiaUo-L63pSYd3YM5igvyxeeShJYVjk&amp;__tn__=q&amp;c[0]=AT034EWoQalxgNBrlqLUAvRbsvQndjuvK7p2nxYfQplt4BCY_T1rH5kDZR5qk_Piouo7ykUSS_hkXXy5JsQvUD_dhVnnV3hWb0Tp6L3Wy4Q6qVg-fcM6b4-bZsRwnZW9ekqz0jDmmpgGXnRdHT3XEYjEVnu0htWtkjWv90ssGPuO42Z2Z1UP\" rel=\"noreferrer noopener\" target=\"_blank\">larkkulla.net\/music<\/a>&nbsp;<img loading=\"lazy\" decoding=\"async\" height=\"16\" width=\"16\" alt=\"\ud83c\udfb6\" src=\"https:\/\/static.xx.fbcdn.net\/images\/emoji.php\/v9\/tbe\/2\/16\/1f3b6.png\"><\/p>\n\n\n\n<p>__<\/p>\n\n\n\n<p><img loading=\"lazy\" decoding=\"async\" height=\"16\" width=\"16\" src=\"https:\/\/static.xx.fbcdn.net\/images\/emoji.php\/v9\/t1d\/2\/16\/1f4c5.png\" alt=\"\ud83d\udcc5\">\u00a029 april kl. 18:00, l\u00e4ngd 2 timmar inklusive paus.<br><img loading=\"lazy\" decoding=\"async\" height=\"16\" width=\"16\" src=\"https:\/\/static.xx.fbcdn.net\/images\/emoji.php\/v9\/t4b\/2\/16\/1f3ab.png\" alt=\"\ud83c\udfab\">\u00a0Biljetter: 5\u20ac vid d\u00f6rren, barn under skol\u00e5ldern gratis.<br><br>__<\/p>\n\n\n\n<p>Rockin&#8217; Karelia -b\u00e4ndikerho, L\u00e4rkkullan Pop&amp;Rock-linja&nbsp;<img loading=\"lazy\" decoding=\"async\" height=\"16\" width=\"16\" alt=\"\ud83c\udfb8\" src=\"https:\/\/static.xx.fbcdn.net\/images\/emoji.php\/v9\/tc0\/2\/16\/1f3b8.png\">&nbsp;ja Musiikkiopisto&nbsp;<img loading=\"lazy\" decoding=\"async\" height=\"16\" width=\"16\" alt=\"\ud83c\udfb6\" src=\"https:\/\/static.xx.fbcdn.net\/images\/emoji.php\/v9\/tbe\/2\/16\/1f3b6.png\">&nbsp;valtaavat Karelian lavan r\u00e4iskyv\u00e4ll\u00e4 illalla t\u00e4ynn\u00e4 rockia, poppia ja vappujuhlintaa&nbsp;<img loading=\"lazy\" decoding=\"async\" height=\"16\" width=\"16\" alt=\"\ud83c\udf88\" src=\"https:\/\/static.xx.fbcdn.net\/images\/emoji.php\/v9\/taa\/2\/16\/1f388.png\"><\/p>\n\n\n\n<p>Rockin&#8217; Karelia -b\u00e4ndikerho p\u00e4\u00e4tt\u00e4\u00e4 kev\u00e4tkauden Karelian lavalla yhdess\u00e4 Musiikkiopiston ja L\u00e4rkkullan Pop&amp;Rock-linjan opiskelijoiden kanssa. B\u00e4ndikerho, johon osallistuu 5.-9. luokkien oppilaita, kokoontuu joka viikko Tammisaaren Nuorisotalolle soittamaan yhdess\u00e4.<\/p>\n\n\n\n<p>L\u00e4rkkullan Pop&amp;Rock on yksi L\u00e4rkkullan Musiikin tarjoamista koulutusohjelmista, joka kattaa erilaiset musiikkikoulutukset, joita L\u00e4rkkullan kansanopisto tarjoaa. Kareliassa opiskelijat esitt\u00e4v\u00e4t itse valitsemiaan ja harjoittelemiaan kappaleita kuluneen vuoden ajalta. Lue lis\u00e4\u00e4 L\u00e4rkkullan Musiikista osoitteessa&nbsp;<a href=\"http:\/\/larkkulla.net\/music?fbclid=IwZXh0bgNhZW0CMTAAAR3jkaQSEr7kV4s6IMXiUE0KtAjsivjRrvqpjSeZ8t_jZ6310hCB9Pbio5Q_aem_AdMJlBxFHFzkTdF4VinBDo1gkn4wRdcaQFcdxASQEQDGbY9QtRuE7hAwodFW0JwQSYuS46V0ux6cosncH0OsHwNP\" rel=\"noreferrer noopener\" target=\"_blank\">larkkulla.net\/music<\/a>&nbsp;<img loading=\"lazy\" decoding=\"async\" height=\"16\" width=\"16\" alt=\"\ud83c\udfb6\" src=\"https:\/\/static.xx.fbcdn.net\/images\/emoji.php\/v9\/tbe\/2\/16\/1f3b6.png\"><\/p>","protected":false},"author":3,"featured_media":17354,"menu_order":0,"comment_status":"closed","ping_status":"closed","template":"","meta":{"_themeisle_gutenberg_block_has_review":false},"tags":[],"event_type":[],"event_type_2":[],"class_list":["post-17353","ajde_events","type-ajde_events","status-publish","has-post-thumbnail","hentry","entry"],"yoast_head":"<!-- This site is optimized with the Yoast SEO plugin v24.9 - https:\/\/yoast.com\/wordpress\/plugins\/seo\/ -->\n<title>STAGE NIGHT - Kulturhuset Karelia<\/title>\n<meta name=\"robots\" content=\"index, follow, max-snippet:-1, max-image-preview:large, max-video-preview:-1\" \/>\n<link rel=\"canonical\" href=\"https:\/\/kulturhusetkarelia.fi\/fi\/evenemang\/stage-night\/\" \/>\n<meta property=\"og:locale\" content=\"fi_FI\" \/>\n<meta property=\"og:type\" content=\"article\" \/>\n<meta property=\"og:title\" content=\"STAGE NIGHT - Kulturhuset Karelia\" \/>\n<meta property=\"og:description\" content=\"Bandklubben Rockin&#8217; Karelia, L\u00e4rkkulla Pop&amp;Rock&nbsp;&nbsp;och Musikinstitutet&nbsp;&nbsp;tar \u00f6ver Karelias scen med en sprakande kv\u00e4ll av rock, pop och firande av vappen&nbsp; Bandklubben Rockin&#8217; Karelia avslutar sin v\u00e5rtermin p\u00e5 Karelias scen tillsammans med studeranden fr\u00e5n Musikinstitutet och L\u00e4rkkulla Music. Bandklubben med deltagare i \u00e5rskurs 5-9 tr\u00e4ffas p\u00e5 Ungdomsg\u00e5rden i Eken\u00e4s varje vecka f\u00f6r att musicera tillsammans. L\u00e4rkkulla&hellip; Jatka lukemista STAGE NIGHT\" \/>\n<meta property=\"og:url\" content=\"https:\/\/kulturhusetkarelia.fi\/fi\/evenemang\/stage-night\/\" \/>\n<meta property=\"og:site_name\" content=\"Kulturhuset Karelia\" \/>\n<meta property=\"article:publisher\" content=\"https:\/\/www.facebook.com\/kulturhusetkarelia\/\" \/>\n<meta property=\"article:modified_time\" content=\"2024-04-26T08:49:06+00:00\" \/>\n<meta property=\"og:image\" content=\"https:\/\/kulturhusetkarelia.fi\/wp-content\/uploads\/2024\/04\/Namnlos-design-jpg.webp\" \/>\n\t<meta property=\"og:image:width\" content=\"1920\" \/>\n\t<meta property=\"og:image:height\" content=\"1080\" \/>\n\t<meta property=\"og:image:type\" content=\"image\/jpeg\" \/>\n<meta name=\"twitter:card\" content=\"summary_large_image\" \/>\n<meta name=\"twitter:label1\" content=\"Arvioitu lukuaika\" \/>\n\t<meta name=\"twitter:data1\" content=\"4 minuuttia\" \/>\n<script type=\"application\/ld+json\" class=\"yoast-schema-graph\">{\"@context\":\"https:\/\/schema.org\",\"@graph\":[{\"@type\":\"WebPage\",\"@id\":\"https:\/\/kulturhusetkarelia.fi\/evenemang\/stage-night\/\",\"url\":\"https:\/\/kulturhusetkarelia.fi\/evenemang\/stage-night\/\",\"name\":\"STAGE NIGHT - Kulturhuset Karelia\",\"isPartOf\":{\"@id\":\"https:\/\/kulturhusetkarelia.fi\/#website\"},\"primaryImageOfPage\":{\"@id\":\"https:\/\/kulturhusetkarelia.fi\/evenemang\/stage-night\/#primaryimage\"},\"image\":{\"@id\":\"https:\/\/kulturhusetkarelia.fi\/evenemang\/stage-night\/#primaryimage\"},\"thumbnailUrl\":\"https:\/\/kulturhusetkarelia.fi\/wp-content\/uploads\/2024\/04\/Namnlos-design-jpg.webp\",\"datePublished\":\"2024-04-26T08:49:04+00:00\",\"dateModified\":\"2024-04-26T08:49:06+00:00\",\"breadcrumb\":{\"@id\":\"https:\/\/kulturhusetkarelia.fi\/evenemang\/stage-night\/#breadcrumb\"},\"inLanguage\":\"fi\",\"potentialAction\":[{\"@type\":\"ReadAction\",\"target\":[\"https:\/\/kulturhusetkarelia.fi\/evenemang\/stage-night\/\"]}]},{\"@type\":\"ImageObject\",\"inLanguage\":\"fi\",\"@id\":\"https:\/\/kulturhusetkarelia.fi\/evenemang\/stage-night\/#primaryimage\",\"url\":\"https:\/\/kulturhusetkarelia.fi\/wp-content\/uploads\/2024\/04\/Namnlos-design-jpg.webp\",\"contentUrl\":\"https:\/\/kulturhusetkarelia.fi\/wp-content\/uploads\/2024\/04\/Namnlos-design-jpg.webp\",\"width\":1920,\"height\":1080},{\"@type\":\"BreadcrumbList\",\"@id\":\"https:\/\/kulturhusetkarelia.fi\/evenemang\/stage-night\/#breadcrumb\",\"itemListElement\":[{\"@type\":\"ListItem\",\"position\":1,\"name\":\"Home\",\"item\":\"https:\/\/kulturhusetkarelia.fi\/\"},{\"@type\":\"ListItem\",\"position\":2,\"name\":\"Events\",\"item\":\"https:\/\/kulturhusetkarelia.fi\/evenemang\/\"},{\"@type\":\"ListItem\",\"position\":3,\"name\":\"STAGE NIGHT\"}]},{\"@type\":\"WebSite\",\"@id\":\"https:\/\/kulturhusetkarelia.fi\/#website\",\"url\":\"https:\/\/kulturhusetkarelia.fi\/\",\"name\":\"Kulturhuset Karelia\",\"description\":\"\",\"publisher\":{\"@id\":\"https:\/\/kulturhusetkarelia.fi\/#organization\"},\"potentialAction\":[{\"@type\":\"SearchAction\",\"target\":{\"@type\":\"EntryPoint\",\"urlTemplate\":\"https:\/\/kulturhusetkarelia.fi\/?s={search_term_string}\"},\"query-input\":{\"@type\":\"PropertyValueSpecification\",\"valueRequired\":true,\"valueName\":\"search_term_string\"}}],\"inLanguage\":\"fi\"},{\"@type\":\"Organization\",\"@id\":\"https:\/\/kulturhusetkarelia.fi\/#organization\",\"name\":\"Kulturhuset Karelia\",\"url\":\"https:\/\/kulturhusetkarelia.fi\/\",\"logo\":{\"@type\":\"ImageObject\",\"inLanguage\":\"fi\",\"@id\":\"https:\/\/kulturhusetkarelia.fi\/#\/schema\/logo\/image\/\",\"url\":\"https:\/\/kulturhusetkarelia.fi\/wp-content\/uploads\/2023\/01\/Stor-logo-rod.svg\",\"contentUrl\":\"https:\/\/kulturhusetkarelia.fi\/wp-content\/uploads\/2023\/01\/Stor-logo-rod.svg\",\"width\":1,\"height\":1,\"caption\":\"Kulturhuset Karelia\"},\"image\":{\"@id\":\"https:\/\/kulturhusetkarelia.fi\/#\/schema\/logo\/image\/\"},\"sameAs\":[\"https:\/\/www.facebook.com\/kulturhusetkarelia\/\",\"https:\/\/www.instagram.com\/kulturhusetkarelia\/\"]}]}<\/script>\n<!-- \/ Yoast SEO plugin. -->","yoast_head_json":{"title":"STAGE NIGHT - Kulturhuset Karelia","robots":{"index":"index","follow":"follow","max-snippet":"max-snippet:-1","max-image-preview":"max-image-preview:large","max-video-preview":"max-video-preview:-1"},"canonical":"https:\/\/kulturhusetkarelia.fi\/fi\/evenemang\/stage-night\/","og_locale":"fi_FI","og_type":"article","og_title":"STAGE NIGHT - Kulturhuset Karelia","og_description":"Bandklubben Rockin&#8217; Karelia, L\u00e4rkkulla Pop&amp;Rock&nbsp;&nbsp;och Musikinstitutet&nbsp;&nbsp;tar \u00f6ver Karelias scen med en sprakande kv\u00e4ll av rock, pop och firande av vappen&nbsp; Bandklubben Rockin&#8217; Karelia avslutar sin v\u00e5rtermin p\u00e5 Karelias scen tillsammans med studeranden fr\u00e5n Musikinstitutet och L\u00e4rkkulla Music. Bandklubben med deltagare i \u00e5rskurs 5-9 tr\u00e4ffas p\u00e5 Ungdomsg\u00e5rden i Eken\u00e4s varje vecka f\u00f6r att musicera tillsammans. L\u00e4rkkulla&hellip; Jatka lukemista STAGE NIGHT","og_url":"https:\/\/kulturhusetkarelia.fi\/fi\/evenemang\/stage-night\/","og_site_name":"Kulturhuset Karelia","article_publisher":"https:\/\/www.facebook.com\/kulturhusetkarelia\/","article_modified_time":"2024-04-26T08:49:06+00:00","og_image":[{"width":1920,"height":1080,"url":"https:\/\/kulturhusetkarelia.fi\/wp-content\/uploads\/2024\/04\/Namnlos-design-jpg.webp","type":"image\/jpeg"}],"twitter_card":"summary_large_image","twitter_misc":{"Arvioitu lukuaika":"4 minuuttia"},"schema":{"@context":"https:\/\/schema.org","@graph":[{"@type":"WebPage","@id":"https:\/\/kulturhusetkarelia.fi\/evenemang\/stage-night\/","url":"https:\/\/kulturhusetkarelia.fi\/evenemang\/stage-night\/","name":"STAGE NIGHT - Kulturhuset Karelia","isPartOf":{"@id":"https:\/\/kulturhusetkarelia.fi\/#website"},"primaryImageOfPage":{"@id":"https:\/\/kulturhusetkarelia.fi\/evenemang\/stage-night\/#primaryimage"},"image":{"@id":"https:\/\/kulturhusetkarelia.fi\/evenemang\/stage-night\/#primaryimage"},"thumbnailUrl":"https:\/\/kulturhusetkarelia.fi\/wp-content\/uploads\/2024\/04\/Namnlos-design-jpg.webp","datePublished":"2024-04-26T08:49:04+00:00","dateModified":"2024-04-26T08:49:06+00:00","breadcrumb":{"@id":"https:\/\/kulturhusetkarelia.fi\/evenemang\/stage-night\/#breadcrumb"},"inLanguage":"fi","potentialAction":[{"@type":"ReadAction","target":["https:\/\/kulturhusetkarelia.fi\/evenemang\/stage-night\/"]}]},{"@type":"ImageObject","inLanguage":"fi","@id":"https:\/\/kulturhusetkarelia.fi\/evenemang\/stage-night\/#primaryimage","url":"https:\/\/kulturhusetkarelia.fi\/wp-content\/uploads\/2024\/04\/Namnlos-design-jpg.webp","contentUrl":"https:\/\/kulturhusetkarelia.fi\/wp-content\/uploads\/2024\/04\/Namnlos-design-jpg.webp","width":1920,"height":1080},{"@type":"BreadcrumbList","@id":"https:\/\/kulturhusetkarelia.fi\/evenemang\/stage-night\/#breadcrumb","itemListElement":[{"@type":"ListItem","position":1,"name":"Home","item":"https:\/\/kulturhusetkarelia.fi\/"},{"@type":"ListItem","position":2,"name":"Events","item":"https:\/\/kulturhusetkarelia.fi\/evenemang\/"},{"@type":"ListItem","position":3,"name":"STAGE NIGHT"}]},{"@type":"WebSite","@id":"https:\/\/kulturhusetkarelia.fi\/#website","url":"https:\/\/kulturhusetkarelia.fi\/","name":"Kulturhuset Karelia","description":"","publisher":{"@id":"https:\/\/kulturhusetkarelia.fi\/#organization"},"potentialAction":[{"@type":"SearchAction","target":{"@type":"EntryPoint","urlTemplate":"https:\/\/kulturhusetkarelia.fi\/?s={search_term_string}"},"query-input":{"@type":"PropertyValueSpecification","valueRequired":true,"valueName":"search_term_string"}}],"inLanguage":"fi"},{"@type":"Organization","@id":"https:\/\/kulturhusetkarelia.fi\/#organization","name":"Kulturhuset Karelia","url":"https:\/\/kulturhusetkarelia.fi\/","logo":{"@type":"ImageObject","inLanguage":"fi","@id":"https:\/\/kulturhusetkarelia.fi\/#\/schema\/logo\/image\/","url":"https:\/\/kulturhusetkarelia.fi\/wp-content\/uploads\/2023\/01\/Stor-logo-rod.svg","contentUrl":"https:\/\/kulturhusetkarelia.fi\/wp-content\/uploads\/2023\/01\/Stor-logo-rod.svg","width":1,"height":1,"caption":"Kulturhuset Karelia"},"image":{"@id":"https:\/\/kulturhusetkarelia.fi\/#\/schema\/logo\/image\/"},"sameAs":["https:\/\/www.facebook.com\/kulturhusetkarelia\/","https:\/\/www.instagram.com\/kulturhusetkarelia\/"]}]}},"jetpack_sharing_enabled":true,"_links":{"self":[{"href":"https:\/\/kulturhusetkarelia.fi\/fi\/wp-json\/wp\/v2\/ajde_events\/17353","targetHints":{"allow":["GET"]}}],"collection":[{"href":"https:\/\/kulturhusetkarelia.fi\/fi\/wp-json\/wp\/v2\/ajde_events"}],"about":[{"href":"https:\/\/kulturhusetkarelia.fi\/fi\/wp-json\/wp\/v2\/types\/ajde_events"}],"author":[{"embeddable":true,"href":"https:\/\/kulturhusetkarelia.fi\/fi\/wp-json\/wp\/v2\/users\/3"}],"replies":[{"embeddable":true,"href":"https:\/\/kulturhusetkarelia.fi\/fi\/wp-json\/wp\/v2\/comments?post=17353"}],"wp:featuredmedia":[{"embeddable":true,"href":"https:\/\/kulturhusetkarelia.fi\/fi\/wp-json\/wp\/v2\/media\/17354"}],"wp:attachment":[{"href":"https:\/\/kulturhusetkarelia.fi\/fi\/wp-json\/wp\/v2\/media?parent=17353"}],"wp:term":[{"taxonomy":"post_tag","embeddable":true,"href":"https:\/\/kulturhusetkarelia.fi\/fi\/wp-json\/wp\/v2\/tags?post=17353"},{"taxonomy":"event_type","embeddable":true,"href":"https:\/\/kulturhusetkarelia.fi\/fi\/wp-json\/wp\/v2\/event_type?post=17353"},{"taxonomy":"event_type_2","embeddable":true,"href":"https:\/\/kulturhusetkarelia.fi\/fi\/wp-json\/wp\/v2\/event_type_2?post=17353"}],"curies":[{"name":"wp","href":"https:\/\/api.w.org\/{rel}","templated":true}]}}