{"id":13759,"date":"2024-02-12T21:52:31","date_gmt":"2024-02-12T19:52:31","guid":{"rendered":"https:\/\/kulturhusetkarelia.nfsite.com\/?post_type=ajde_events&#038;p=13759"},"modified":"2024-02-13T12:13:59","modified_gmt":"2024-02-13T10:13:59","slug":"vanfest-ystavajuhla","status":"publish","type":"ajde_events","link":"https:\/\/kulturhusetkarelia.fi\/fi\/evenemang\/vanfest-ystavajuhla\/","title":{"rendered":"V\u00c4NFEST | YST\u00c4V\u00c4JUHLA"},"content":{"rendered":"<figure class=\"wp-block-image size-large\"><img data-dominant-color=\"d14069\" data-has-transparency=\"false\" style=\"--dominant-color: #d14069;\" loading=\"lazy\" decoding=\"async\" width=\"1024\" height=\"536\" src=\"https:\/\/kulturhusetkarelia.fi\/wp-content\/uploads\/2024\/02\/Vanfest-1024x536.webp\" alt=\"\" class=\"wp-image-13760 not-transparent\" srcset=\"https:\/\/kulturhusetkarelia.fi\/wp-content\/uploads\/2024\/02\/Vanfest-1024x536.webp 1024w, https:\/\/kulturhusetkarelia.fi\/wp-content\/uploads\/2024\/02\/Vanfest-300x157.webp 300w, https:\/\/kulturhusetkarelia.fi\/wp-content\/uploads\/2024\/02\/Vanfest-768x402.webp 768w, https:\/\/kulturhusetkarelia.fi\/wp-content\/uploads\/2024\/02\/Vanfest-1536x804.webp 1536w, https:\/\/kulturhusetkarelia.fi\/wp-content\/uploads\/2024\/02\/Vanfest-18x9.webp 18w, https:\/\/kulturhusetkarelia.fi\/wp-content\/uploads\/2024\/02\/Vanfest-1568x821.webp 1568w, https:\/\/kulturhusetkarelia.fi\/wp-content\/uploads\/2024\/02\/Vanfest-jpeg.webp 1920w\" sizes=\"auto, (max-width: 1024px) 100vw, 1024px\" \/><\/figure>\n\n\n\n<p><strong>P\u00c5 SVENSKA <\/strong><br><br>P\u00e5 alla hj\u00e4rtans dag, v\u00e4ndagen, ordnar Eken\u00e4s socialdemokrater en V\u00e4nfest p\u00e5 Karelia i Eken\u00e4s. Den tv\u00e5spr\u00e5kiga V\u00e4lg\u00f6renhetsfestens tema \u00e4r Gemenskap och upptr\u00e4der g\u00f6r bland andra Rosanna Fellman och musiker fr\u00e5n pj\u00e4sen Skuggor fr\u00e5n Ek\u00e5sen. D\u00e4rtill blir det samtal p\u00e5 scen med Lasse \u201cRedrama\u201d Mellberg.<\/p>\n\n\n\n<p>Arrang\u00f6rens tanke \u00e4r att fjol\u00e5rets V\u00e4nfest som h\u00f6lls p\u00e5 Fokus i Karis ska bli en ny tradition i Raseborg. Platsen \u00e4r denna g\u00e5ng kulturhuset Karelia i Eken\u00e4s d\u00e4r festen g\u00e5r av stapeln den 14 februari fr\u00e5n klockan 18 till cirka klockan 20.<\/p>\n\n\n\n<p>&#8211; Temat gemenskap \u00e4r viktigt i dessa tider. F\u00f6r att fr\u00e4mja gemenskap m\u00e5ste vi ocks\u00e5 v\u00e5ga tala om dess motsats, allts\u00e5 utanf\u00f6rskap. Vi hoppas att det h\u00e4r ska bli en inspirerande fest, med b\u00e5de underh\u00e5llning och tankev\u00e4ckande inneh\u00e5ll som k\u00e4nns bra f\u00f6r alla, s\u00e4ger riksdagsledamot Johan Kvarnstr\u00f6m fr\u00e5n arbetsgruppen f\u00f6r festen.<\/p>\n\n\n\n<p>Precis som ifjol blir det ett m\u00e5ngsidigt program med musik, dikter och samtal. Det utlovas bland annat Toner fr\u00e5n Ek\u00e5sen med smakprov fr\u00e5n den aktuella pj\u00e4sen om mentalsjukhuset. Det blir ocks\u00e5 upptr\u00e4dande av estradpoeten Rosanna Fellman och musik av bland andra Simon \u201cCstar\u201d Andersson. Andersson \u00e4r ocks\u00e5 den som intervjuar Lasse \u201dRedrama\u201d Mellberg i ett unikt live-samtal p\u00e5 Karelias scen.<\/p>\n\n\n\n<p>Mellberg \u00e4r en av v\u00e5r tids st\u00f6rsta artister i Finland. Han \u00e4r en m\u00e5ngsidig musiker som \u00e4r eller har varit med i flera grupper och projekt. Mest k\u00e4nd \u00e4r han som rapartisten Redrama och f\u00f6r m\u00e5nga \u00e4r han k\u00e4nd fr\u00e5n tv-programmet Voice of Finland. Han \u00e4r en framg\u00e5ngshistoria, men har ocks\u00e5 varit \u00f6ppen med de sv\u00e5ra sidorna av sitt liv och talat om bland annat sin kamp mot missbruk.<\/p>\n\n\n\n<p>&#8211; Vi anser att det beh\u00f6vs extra mycket v\u00e4nskap, \u00f6ppenhet och gemenskap i det h\u00e4r v\u00e4rldsl\u00e4get. Vad vore en l\u00e4mpligare dag att fira dessa teman \u00e4n v\u00e4ndagen? Vi hoppas att s\u00e5 m\u00e5nga som m\u00f6jligt hittar till festen och f\u00e5r en trevlig och inneh\u00e5llsrik kv\u00e4ll tillsammans, s\u00e4ger festens arbetsgrupp.<\/p>\n\n\n\n<p>Alla \u00e4r varmt v\u00e4lkomna till festen som p\u00e5g\u00e5r cirka tv\u00e5 timmar inklusive paus med kaffeservering. Det \u00e4r fritt intr\u00e4de, men programblad s\u00e4ljs till f\u00f6rm\u00e5n f\u00f6r Mieli Psykisk H\u00e4lsa Finland rf och arbetet med att st\u00f6dja barn och ungas psykiska h\u00e4lsa.<\/p>\n\n\n\n<p>Ingen \u00e5ldersgr\u00e4ns, men programmet passar b\u00e4st f\u00f6r vuxna och ungdomar.Yst\u00e4v\u00e4juhla t\u00e4ynn\u00e4 kulttuuria ja t\u00e4rkeit\u00e4 teemoja &#8211; mukana muun muassa Redrama<\/p>\n\n\n\n<p><br>***<br><br><strong>SUOMEKSI<\/strong><\/p>\n\n\n\n<p>Sosialidemokraatit j\u00e4rjest\u00e4v\u00e4t yst\u00e4v\u00e4np\u00e4iv\u00e4n\u00e4 kaksikielisen Yst\u00e4v\u00e4juhlan Tammisaaren Kareliassa. Hyv\u00e4ntekev\u00e4isyysjuhlan teema on yhteis\u00f6llisyys-gemenskap ja luvassa on mm. erilaista musiikkia, runoja ja live-haastattelu Lasse \u201cRedrama\u201d Mellbergin kanssa.<\/p>\n\n\n\n<p>Tilaisuuden j\u00e4rjest\u00e4j\u00e4 on Eken\u00e4s Socialdemokrater &#8211; Tammisaaren Sosialidemokraatit ry. Ajatus on, ett\u00e4 viime vuoden Yst\u00e4v\u00e4juhlasta Karjaan Fokuksella tulisi perinne Raaseporissa. T\u00e4m\u00e4n vuoden juhlapaikka on Tammisaaren kulttuuritalo Karelia, miss\u00e4 juhla alkaa klo.18, helmikuun 14. p\u00e4iv\u00e4.<\/p>\n\n\n\n<p>-Teema yhteis\u00f6llisyys on t\u00e4rke\u00e4 n\u00e4in\u00e4 aikoina. Yhteis\u00f6llisyyden edist\u00e4miseksi meid\u00e4n on my\u00f6s uskallettava puhua sen vastakohdasta, eli ulkopuolisuudesta. Toivomme t\u00e4st\u00e4 tulevan inspiroivan juhlan, jossa on sek\u00e4 viihdytt\u00e4v\u00e4\u00e4 ett\u00e4 ajatuksia her\u00e4tt\u00e4v\u00e4\u00e4 sis\u00e4lt\u00f6\u00e4, joka tuntuu hyv\u00e4lt\u00e4, toteaa juhlan puuhamiehiin kuuluva kansanedustaja Johan Kvarnstr\u00f6m.<\/p>\n\n\n\n<p>Tapahtumassa tulee olemaan viime vuoden tapaan monipuolista ohjelmaa eri kulttuuritoimijoilta. Luvassa on ainakin \u201cToner fr\u00e5n Ek\u00e5sen\u201d; sikerm\u00e4 musiikkia ja kohtauksia juuri ensi-iltansa saaneesta n\u00e4ytelm\u00e4st\u00e4 Skuggor fr\u00e5n Ek\u00e5sen, joka kertoo Tammiharjun psykiatrisesta sairaalasta.<\/p>\n\n\n\n<p>Sen lis\u00e4ksi kuullaan runoja Rosanna Fellmanilta ja musiikkia mm. Simon \u201cCstar\u201d Anderssonilta. Andersson toimii my\u00f6s Lasse \u201dRedrama\u201d Mellbergin haastattelijana keskustelussa. Mellberg on yksi t\u00e4m\u00e4n p\u00e4iv\u00e4n suurimmista artisteista Suomessa. H\u00e4n on monipuolinen muusikko, joka on ollut mukana useissa yhtyeiss\u00e4 ja projekteissa. Tunnetuin h\u00e4nen rapartistinimens\u00e4 on Redrama, ja monille h\u00e4n on tuttu my\u00f6s televisio-ohjelmasta Voice of Finland. H\u00e4n on menestystarina, mutta h\u00e4n on my\u00f6s avoimesti k\u00e4sitellyt el\u00e4m\u00e4ns\u00e4 vaikeampia puolia ja puhunut muun muassa kamppailustaan p\u00e4ihderiippuvuutta vastaan.<\/p>\n\n\n\n<p>-Mielest\u00e4mme t\u00e4ss\u00e4 maailmantilanteessa tarvitaan erityisen paljon yst\u00e4vyytt\u00e4, avoimuutta ja yhteis\u00f6llisyytt\u00e4. Mik\u00e4 olisikaan sopivampi p\u00e4iv\u00e4 juhlistaa n\u00e4it\u00e4 teemoja kuin yst\u00e4v\u00e4np\u00e4iv\u00e4. Toivomme ett\u00e4 mahdollisimman moni l\u00f6yt\u00e4isi t\u00e4h\u00e4n juhlaan ja tulisi viett\u00e4m\u00e4\u00e4n mukavan ja rennon illan upeiden esiintyjien seurassa, sanoo tapahtuman j\u00e4rjest\u00e4nyt ty\u00f6ryhm\u00e4.<\/p>\n\n\n\n<p>Tilaisuuteen on ilmainen sis\u00e4\u00e4np\u00e4\u00e4sy ja kaikki ovat l\u00e4mpim\u00e4sti tervetulleita. Tilaisuudessa on myynniss\u00e4 ohjelmalehtinen ja siit\u00e4 saadut tuotot lahjoitetaan lyhent\u00e4m\u00e4tt\u00f6min\u00e4 Mieli ry:lle lasten ja nuorten mielenterveysty\u00f6n tukemiseen. Juhlan kesto tauon kanssa on noin kaksi tuntia ja tauolla on kahvitarjoilu. Tapahtumaan ei ole ik\u00e4rajaa, mutta ohjelma sopii parhaiten aikuisille ja nuorille.<\/p>","protected":false},"author":3,"featured_media":0,"menu_order":0,"comment_status":"closed","ping_status":"closed","template":"","meta":{"_themeisle_gutenberg_block_has_review":false},"tags":[],"event_type":[],"event_type_2":[],"class_list":["post-13759","ajde_events","type-ajde_events","status-publish","hentry","entry"],"yoast_head":"<!-- This site is optimized with the Yoast SEO plugin v24.9 - https:\/\/yoast.com\/wordpress\/plugins\/seo\/ -->\n<title>V\u00c4NFEST | YST\u00c4V\u00c4JUHLA - Kulturhuset Karelia<\/title>\n<meta name=\"robots\" content=\"index, follow, max-snippet:-1, max-image-preview:large, max-video-preview:-1\" \/>\n<link rel=\"canonical\" href=\"https:\/\/kulturhusetkarelia.fi\/fi\/evenemang\/vanfest-ystavajuhla\/\" \/>\n<meta property=\"og:locale\" content=\"fi_FI\" \/>\n<meta property=\"og:type\" content=\"article\" \/>\n<meta property=\"og:title\" content=\"V\u00c4NFEST | YST\u00c4V\u00c4JUHLA - Kulturhuset Karelia\" \/>\n<meta property=\"og:description\" content=\"P\u00c5 SVENSKA P\u00e5 alla hj\u00e4rtans dag, v\u00e4ndagen, ordnar Eken\u00e4s socialdemokrater en V\u00e4nfest p\u00e5 Karelia i Eken\u00e4s. Den tv\u00e5spr\u00e5kiga V\u00e4lg\u00f6renhetsfestens tema \u00e4r Gemenskap och upptr\u00e4der g\u00f6r bland andra Rosanna Fellman och musiker fr\u00e5n pj\u00e4sen Skuggor fr\u00e5n Ek\u00e5sen. D\u00e4rtill blir det samtal p\u00e5 scen med Lasse \u201cRedrama\u201d Mellberg. Arrang\u00f6rens tanke \u00e4r att fjol\u00e5rets V\u00e4nfest som h\u00f6lls p\u00e5&hellip; Jatka lukemista V\u00c4NFEST | YST\u00c4V\u00c4JUHLA\" \/>\n<meta property=\"og:url\" content=\"https:\/\/kulturhusetkarelia.fi\/fi\/evenemang\/vanfest-ystavajuhla\/\" \/>\n<meta property=\"og:site_name\" content=\"Kulturhuset Karelia\" \/>\n<meta property=\"article:publisher\" content=\"https:\/\/www.facebook.com\/kulturhusetkarelia\/\" \/>\n<meta property=\"article:modified_time\" content=\"2024-02-13T10:13:59+00:00\" \/>\n<meta property=\"og:image\" content=\"https:\/\/kulturhusetkarelia.fi\/wp-content\/uploads\/2024\/02\/Vanfest-1024x536.webp\" \/>\n<meta name=\"twitter:card\" content=\"summary_large_image\" \/>\n<meta name=\"twitter:label1\" content=\"Arvioitu lukuaika\" \/>\n\t<meta name=\"twitter:data1\" content=\"4 minuuttia\" \/>\n<script type=\"application\/ld+json\" class=\"yoast-schema-graph\">{\"@context\":\"https:\/\/schema.org\",\"@graph\":[{\"@type\":\"WebPage\",\"@id\":\"https:\/\/kulturhusetkarelia.fi\/evenemang\/vanfest-ystavajuhla\/\",\"url\":\"https:\/\/kulturhusetkarelia.fi\/evenemang\/vanfest-ystavajuhla\/\",\"name\":\"V\u00c4NFEST | YST\u00c4V\u00c4JUHLA - Kulturhuset Karelia\",\"isPartOf\":{\"@id\":\"https:\/\/kulturhusetkarelia.fi\/#website\"},\"primaryImageOfPage\":{\"@id\":\"https:\/\/kulturhusetkarelia.fi\/evenemang\/vanfest-ystavajuhla\/#primaryimage\"},\"image\":{\"@id\":\"https:\/\/kulturhusetkarelia.fi\/evenemang\/vanfest-ystavajuhla\/#primaryimage\"},\"thumbnailUrl\":\"https:\/\/kulturhusetkarelia.fi\/wp-content\/uploads\/2024\/02\/Vanfest-1024x536.webp\",\"datePublished\":\"2024-02-12T19:52:31+00:00\",\"dateModified\":\"2024-02-13T10:13:59+00:00\",\"breadcrumb\":{\"@id\":\"https:\/\/kulturhusetkarelia.fi\/evenemang\/vanfest-ystavajuhla\/#breadcrumb\"},\"inLanguage\":\"fi\",\"potentialAction\":[{\"@type\":\"ReadAction\",\"target\":[\"https:\/\/kulturhusetkarelia.fi\/evenemang\/vanfest-ystavajuhla\/\"]}]},{\"@type\":\"ImageObject\",\"inLanguage\":\"fi\",\"@id\":\"https:\/\/kulturhusetkarelia.fi\/evenemang\/vanfest-ystavajuhla\/#primaryimage\",\"url\":\"https:\/\/kulturhusetkarelia.fi\/wp-content\/uploads\/2024\/02\/Vanfest-1024x536.webp\",\"contentUrl\":\"https:\/\/kulturhusetkarelia.fi\/wp-content\/uploads\/2024\/02\/Vanfest-1024x536.webp\"},{\"@type\":\"BreadcrumbList\",\"@id\":\"https:\/\/kulturhusetkarelia.fi\/evenemang\/vanfest-ystavajuhla\/#breadcrumb\",\"itemListElement\":[{\"@type\":\"ListItem\",\"position\":1,\"name\":\"Home\",\"item\":\"https:\/\/kulturhusetkarelia.fi\/\"},{\"@type\":\"ListItem\",\"position\":2,\"name\":\"Events\",\"item\":\"https:\/\/kulturhusetkarelia.fi\/evenemang\/\"},{\"@type\":\"ListItem\",\"position\":3,\"name\":\"V\u00c4NFEST | YST\u00c4V\u00c4JUHLA\"}]},{\"@type\":\"WebSite\",\"@id\":\"https:\/\/kulturhusetkarelia.fi\/#website\",\"url\":\"https:\/\/kulturhusetkarelia.fi\/\",\"name\":\"Kulturhuset Karelia\",\"description\":\"\",\"publisher\":{\"@id\":\"https:\/\/kulturhusetkarelia.fi\/#organization\"},\"potentialAction\":[{\"@type\":\"SearchAction\",\"target\":{\"@type\":\"EntryPoint\",\"urlTemplate\":\"https:\/\/kulturhusetkarelia.fi\/?s={search_term_string}\"},\"query-input\":{\"@type\":\"PropertyValueSpecification\",\"valueRequired\":true,\"valueName\":\"search_term_string\"}}],\"inLanguage\":\"fi\"},{\"@type\":\"Organization\",\"@id\":\"https:\/\/kulturhusetkarelia.fi\/#organization\",\"name\":\"Kulturhuset Karelia\",\"url\":\"https:\/\/kulturhusetkarelia.fi\/\",\"logo\":{\"@type\":\"ImageObject\",\"inLanguage\":\"fi\",\"@id\":\"https:\/\/kulturhusetkarelia.fi\/#\/schema\/logo\/image\/\",\"url\":\"https:\/\/kulturhusetkarelia.fi\/wp-content\/uploads\/2023\/01\/Stor-logo-rod.svg\",\"contentUrl\":\"https:\/\/kulturhusetkarelia.fi\/wp-content\/uploads\/2023\/01\/Stor-logo-rod.svg\",\"width\":1,\"height\":1,\"caption\":\"Kulturhuset Karelia\"},\"image\":{\"@id\":\"https:\/\/kulturhusetkarelia.fi\/#\/schema\/logo\/image\/\"},\"sameAs\":[\"https:\/\/www.facebook.com\/kulturhusetkarelia\/\",\"https:\/\/www.instagram.com\/kulturhusetkarelia\/\"]}]}<\/script>\n<!-- \/ Yoast SEO plugin. -->","yoast_head_json":{"title":"V\u00c4NFEST | YST\u00c4V\u00c4JUHLA - Kulturhuset Karelia","robots":{"index":"index","follow":"follow","max-snippet":"max-snippet:-1","max-image-preview":"max-image-preview:large","max-video-preview":"max-video-preview:-1"},"canonical":"https:\/\/kulturhusetkarelia.fi\/fi\/evenemang\/vanfest-ystavajuhla\/","og_locale":"fi_FI","og_type":"article","og_title":"V\u00c4NFEST | YST\u00c4V\u00c4JUHLA - Kulturhuset Karelia","og_description":"P\u00c5 SVENSKA P\u00e5 alla hj\u00e4rtans dag, v\u00e4ndagen, ordnar Eken\u00e4s socialdemokrater en V\u00e4nfest p\u00e5 Karelia i Eken\u00e4s. Den tv\u00e5spr\u00e5kiga V\u00e4lg\u00f6renhetsfestens tema \u00e4r Gemenskap och upptr\u00e4der g\u00f6r bland andra Rosanna Fellman och musiker fr\u00e5n pj\u00e4sen Skuggor fr\u00e5n Ek\u00e5sen. D\u00e4rtill blir det samtal p\u00e5 scen med Lasse \u201cRedrama\u201d Mellberg. Arrang\u00f6rens tanke \u00e4r att fjol\u00e5rets V\u00e4nfest som h\u00f6lls p\u00e5&hellip; Jatka lukemista V\u00c4NFEST | YST\u00c4V\u00c4JUHLA","og_url":"https:\/\/kulturhusetkarelia.fi\/fi\/evenemang\/vanfest-ystavajuhla\/","og_site_name":"Kulturhuset Karelia","article_publisher":"https:\/\/www.facebook.com\/kulturhusetkarelia\/","article_modified_time":"2024-02-13T10:13:59+00:00","og_image":[{"url":"https:\/\/kulturhusetkarelia.fi\/wp-content\/uploads\/2024\/02\/Vanfest-1024x536.webp","type":"","width":"","height":""}],"twitter_card":"summary_large_image","twitter_misc":{"Arvioitu lukuaika":"4 minuuttia"},"schema":{"@context":"https:\/\/schema.org","@graph":[{"@type":"WebPage","@id":"https:\/\/kulturhusetkarelia.fi\/evenemang\/vanfest-ystavajuhla\/","url":"https:\/\/kulturhusetkarelia.fi\/evenemang\/vanfest-ystavajuhla\/","name":"V\u00c4NFEST | YST\u00c4V\u00c4JUHLA - Kulturhuset Karelia","isPartOf":{"@id":"https:\/\/kulturhusetkarelia.fi\/#website"},"primaryImageOfPage":{"@id":"https:\/\/kulturhusetkarelia.fi\/evenemang\/vanfest-ystavajuhla\/#primaryimage"},"image":{"@id":"https:\/\/kulturhusetkarelia.fi\/evenemang\/vanfest-ystavajuhla\/#primaryimage"},"thumbnailUrl":"https:\/\/kulturhusetkarelia.fi\/wp-content\/uploads\/2024\/02\/Vanfest-1024x536.webp","datePublished":"2024-02-12T19:52:31+00:00","dateModified":"2024-02-13T10:13:59+00:00","breadcrumb":{"@id":"https:\/\/kulturhusetkarelia.fi\/evenemang\/vanfest-ystavajuhla\/#breadcrumb"},"inLanguage":"fi","potentialAction":[{"@type":"ReadAction","target":["https:\/\/kulturhusetkarelia.fi\/evenemang\/vanfest-ystavajuhla\/"]}]},{"@type":"ImageObject","inLanguage":"fi","@id":"https:\/\/kulturhusetkarelia.fi\/evenemang\/vanfest-ystavajuhla\/#primaryimage","url":"https:\/\/kulturhusetkarelia.fi\/wp-content\/uploads\/2024\/02\/Vanfest-1024x536.webp","contentUrl":"https:\/\/kulturhusetkarelia.fi\/wp-content\/uploads\/2024\/02\/Vanfest-1024x536.webp"},{"@type":"BreadcrumbList","@id":"https:\/\/kulturhusetkarelia.fi\/evenemang\/vanfest-ystavajuhla\/#breadcrumb","itemListElement":[{"@type":"ListItem","position":1,"name":"Home","item":"https:\/\/kulturhusetkarelia.fi\/"},{"@type":"ListItem","position":2,"name":"Events","item":"https:\/\/kulturhusetkarelia.fi\/evenemang\/"},{"@type":"ListItem","position":3,"name":"V\u00c4NFEST | YST\u00c4V\u00c4JUHLA"}]},{"@type":"WebSite","@id":"https:\/\/kulturhusetkarelia.fi\/#website","url":"https:\/\/kulturhusetkarelia.fi\/","name":"Kulturhuset Karelia","description":"","publisher":{"@id":"https:\/\/kulturhusetkarelia.fi\/#organization"},"potentialAction":[{"@type":"SearchAction","target":{"@type":"EntryPoint","urlTemplate":"https:\/\/kulturhusetkarelia.fi\/?s={search_term_string}"},"query-input":{"@type":"PropertyValueSpecification","valueRequired":true,"valueName":"search_term_string"}}],"inLanguage":"fi"},{"@type":"Organization","@id":"https:\/\/kulturhusetkarelia.fi\/#organization","name":"Kulturhuset Karelia","url":"https:\/\/kulturhusetkarelia.fi\/","logo":{"@type":"ImageObject","inLanguage":"fi","@id":"https:\/\/kulturhusetkarelia.fi\/#\/schema\/logo\/image\/","url":"https:\/\/kulturhusetkarelia.fi\/wp-content\/uploads\/2023\/01\/Stor-logo-rod.svg","contentUrl":"https:\/\/kulturhusetkarelia.fi\/wp-content\/uploads\/2023\/01\/Stor-logo-rod.svg","width":1,"height":1,"caption":"Kulturhuset Karelia"},"image":{"@id":"https:\/\/kulturhusetkarelia.fi\/#\/schema\/logo\/image\/"},"sameAs":["https:\/\/www.facebook.com\/kulturhusetkarelia\/","https:\/\/www.instagram.com\/kulturhusetkarelia\/"]}]}},"jetpack_sharing_enabled":true,"_links":{"self":[{"href":"https:\/\/kulturhusetkarelia.fi\/fi\/wp-json\/wp\/v2\/ajde_events\/13759","targetHints":{"allow":["GET"]}}],"collection":[{"href":"https:\/\/kulturhusetkarelia.fi\/fi\/wp-json\/wp\/v2\/ajde_events"}],"about":[{"href":"https:\/\/kulturhusetkarelia.fi\/fi\/wp-json\/wp\/v2\/types\/ajde_events"}],"author":[{"embeddable":true,"href":"https:\/\/kulturhusetkarelia.fi\/fi\/wp-json\/wp\/v2\/users\/3"}],"replies":[{"embeddable":true,"href":"https:\/\/kulturhusetkarelia.fi\/fi\/wp-json\/wp\/v2\/comments?post=13759"}],"wp:attachment":[{"href":"https:\/\/kulturhusetkarelia.fi\/fi\/wp-json\/wp\/v2\/media?parent=13759"}],"wp:term":[{"taxonomy":"post_tag","embeddable":true,"href":"https:\/\/kulturhusetkarelia.fi\/fi\/wp-json\/wp\/v2\/tags?post=13759"},{"taxonomy":"event_type","embeddable":true,"href":"https:\/\/kulturhusetkarelia.fi\/fi\/wp-json\/wp\/v2\/event_type?post=13759"},{"taxonomy":"event_type_2","embeddable":true,"href":"https:\/\/kulturhusetkarelia.fi\/fi\/wp-json\/wp\/v2\/event_type_2?post=13759"}],"curies":[{"name":"wp","href":"https:\/\/api.w.org\/{rel}","templated":true}]}}