{"version":"1.0","provider_name":"Kulttuuritalo Karelia","provider_url":"https:\/\/kulturhusetkarelia.fi\/fi","title":"V\u00c4NFEST | YST\u00c4V\u00c4JUHLA - Kulturhuset Karelia","type":"rich","width":600,"height":338,"html":"<blockquote class=\"wp-embedded-content\" data-secret=\"lQQ8wwYGKz\"><a href=\"https:\/\/kulturhusetkarelia.fi\/fi\/evenemang\/vanfest-ystavajuhla\/\">V\u00c4NFEST | YST\u00c4V\u00c4JUHLA<\/a><\/blockquote><iframe sandbox=\"allow-scripts\" security=\"restricted\" src=\"https:\/\/kulturhusetkarelia.fi\/fi\/evenemang\/vanfest-ystavajuhla\/embed\/#?secret=lQQ8wwYGKz\" width=\"600\" height=\"338\" title=\"&#8221;V\u00c4NFEST | YST\u00c4V\u00c4JUHLA&#8221; &#8212; Kulturhuset Karelia\" data-secret=\"lQQ8wwYGKz\" frameborder=\"0\" marginwidth=\"0\" marginheight=\"0\" scrolling=\"no\" class=\"wp-embedded-content\"><\/iframe><script>\n\/*! This file is auto-generated *\/\n!function(d,l){\"use strict\";l.querySelector&&d.addEventListener&&\"undefined\"!=typeof URL&&(d.wp=d.wp||{},d.wp.receiveEmbedMessage||(d.wp.receiveEmbedMessage=function(e){var t=e.data;if((t||t.secret||t.message||t.value)&&!\/[^a-zA-Z0-9]\/.test(t.secret)){for(var s,r,n,a=l.querySelectorAll('iframe[data-secret=\"'+t.secret+'\"]'),o=l.querySelectorAll('blockquote[data-secret=\"'+t.secret+'\"]'),c=new RegExp(\"^https?:$\",\"i\"),i=0;i<o.length;i++)o[i].style.display=\"none\";for(i=0;i<a.length;i++)s=a[i],e.source===s.contentWindow&&(s.removeAttribute(\"style\"),\"height\"===t.message?(1e3<(r=parseInt(t.value,10))?r=1e3:~~r<200&&(r=200),s.height=r):\"link\"===t.message&&(r=new URL(s.getAttribute(\"src\")),n=new URL(t.value),c.test(n.protocol))&&n.host===r.host&&l.activeElement===s&&(d.top.location.href=t.value))}},d.addEventListener(\"message\",d.wp.receiveEmbedMessage,!1),l.addEventListener(\"DOMContentLoaded\",function(){for(var e,t,s=l.querySelectorAll(\"iframe.wp-embedded-content\"),r=0;r<s.length;r++)(t=(e=s[r]).getAttribute(\"data-secret\"))||(t=Math.random().toString(36).substring(2,12),e.src+=\"#?secret=\"+t,e.setAttribute(\"data-secret\",t)),e.contentWindow.postMessage({message:\"ready\",secret:t},\"*\")},!1)))}(window,document);\n<\/script>","description":"P\u00c5 SVENSKA P\u00e5 alla hj\u00e4rtans dag, v\u00e4ndagen, ordnar Eken\u00e4s socialdemokrater en V\u00e4nfest p\u00e5 Karelia i Eken\u00e4s. Den tv\u00e5spr\u00e5kiga V\u00e4lg\u00f6renhetsfestens tema \u00e4r Gemenskap och upptr\u00e4der g\u00f6r bland andra Rosanna Fellman och musiker fr\u00e5n pj\u00e4sen Skuggor fr\u00e5n Ek\u00e5sen. D\u00e4rtill blir det samtal p\u00e5 scen med Lasse \u201cRedrama\u201d Mellberg. Arrang\u00f6rens tanke \u00e4r att fjol\u00e5rets V\u00e4nfest som h\u00f6lls p\u00e5&hellip; Jatka lukemista Ei otsikkoa","thumbnail_url":"https:\/\/kulturhusetkarelia.fi\/wp-content\/uploads\/2024\/02\/Vanfest-1024x536.webp"}