{"version":"1.0","provider_name":"Kulttuuritalo Karelia","provider_url":"https:\/\/kulturhusetkarelia.fi\/fi","title":"Tv\u00e5 g\u00e5nger till med Uffe Enberg och v\u00e4nner - Kulturhuset Karelia","type":"rich","width":600,"height":338,"html":"<blockquote class=\"wp-embedded-content\" data-secret=\"AmF6eiM6x3\"><a href=\"https:\/\/kulturhusetkarelia.fi\/fi\/evenemang\/tva-ganger-till-med-uffe-enberg-och-vanner\/\">Tv\u00e5 g\u00e5nger till med Uffe Enberg och v\u00e4nner<\/a><\/blockquote><iframe sandbox=\"allow-scripts\" security=\"restricted\" src=\"https:\/\/kulturhusetkarelia.fi\/fi\/evenemang\/tva-ganger-till-med-uffe-enberg-och-vanner\/embed\/#?secret=AmF6eiM6x3\" width=\"600\" height=\"338\" title=\"&#8221;Tv\u00e5 g\u00e5nger till med Uffe Enberg och v\u00e4nner&#8221; &#8212; Kulturhuset Karelia\" data-secret=\"AmF6eiM6x3\" frameborder=\"0\" marginwidth=\"0\" marginheight=\"0\" scrolling=\"no\" class=\"wp-embedded-content\"><\/iframe><script>\n\/*! This file is auto-generated *\/\n!function(d,l){\"use strict\";l.querySelector&&d.addEventListener&&\"undefined\"!=typeof URL&&(d.wp=d.wp||{},d.wp.receiveEmbedMessage||(d.wp.receiveEmbedMessage=function(e){var t=e.data;if((t||t.secret||t.message||t.value)&&!\/[^a-zA-Z0-9]\/.test(t.secret)){for(var s,r,n,a=l.querySelectorAll('iframe[data-secret=\"'+t.secret+'\"]'),o=l.querySelectorAll('blockquote[data-secret=\"'+t.secret+'\"]'),c=new RegExp(\"^https?:$\",\"i\"),i=0;i<o.length;i++)o[i].style.display=\"none\";for(i=0;i<a.length;i++)s=a[i],e.source===s.contentWindow&&(s.removeAttribute(\"style\"),\"height\"===t.message?(1e3<(r=parseInt(t.value,10))?r=1e3:~~r<200&&(r=200),s.height=r):\"link\"===t.message&&(r=new URL(s.getAttribute(\"src\")),n=new URL(t.value),c.test(n.protocol))&&n.host===r.host&&l.activeElement===s&&(d.top.location.href=t.value))}},d.addEventListener(\"message\",d.wp.receiveEmbedMessage,!1),l.addEventListener(\"DOMContentLoaded\",function(){for(var e,t,s=l.querySelectorAll(\"iframe.wp-embedded-content\"),r=0;r<s.length;r++)(t=(e=s[r]).getAttribute(\"data-secret\"))||(t=Math.random().toString(36).substring(2,12),e.src+=\"#?secret=\"+t,e.setAttribute(\"data-secret\",t)),e.contentWindow.postMessage({message:\"ready\",secret:t},\"*\")},!1)))}(window,document);\n<\/script>","thumbnail_url":"https:\/\/kulturhusetkarelia.fi\/wp-content\/uploads\/2023\/09\/uffe2ny-1024x836.png","thumbnail_width":1024,"thumbnail_height":836,"description":"28.10 kl. 19 | Kulturhuset Karelia29.10 kl. 15 | Kulturhuset Karelia Gitarren och Uffe har varit oskiljaktliga allt sedan han b\u00f6rjade karri\u00e4ren med att sjunga visor d\u00e5 han var 10 \u00e5r gammal. Och under de \u00e5r som g\u00e5tt har har hunnit medverka i ett otal v\u00e4stnyl\u00e4ndska band. Han har spelat det mesta fr\u00e5n punk till&hellip; Jatka lukemista Ei otsikkoa"}